{"id":29144,"date":"2025-11-25T09:05:15","date_gmt":"2025-11-25T09:05:15","guid":{"rendered":""},"modified":"2025-11-25T09:05:15","modified_gmt":"2025-11-25T09:05:15","slug":"finale-aktion-pasado-y-presente-cuadernos-de-la-carcel-29144","status":"publish","type":"product","link":"https:\/\/www.casadelectores.com\/index.php\/producto\/finale-aktion-pasado-y-presente-cuadernos-de-la-carcel-29144\/","title":{"rendered":"Finale Aktion PASADO Y PRESENTE. CUADERNOS DE LA C\u00c1RCEL"},"content":{"rendered":"<p>Con Pasado y presente concluye la serie de  escritos que Antonio Gramsci, en dificil\u00edsimas  condiciones personales, nos leg\u00f3  en sus Cuadernos de c\u00e1rcel. El encarcelado  pensador sardo vierte aqu\u00ed fragmentos de  su vast\u00edsima experiencia pol\u00edtica, critica \u00ab,<\/p>\n","protected":false},"excerpt":{"rendered":"<p>Con Pasado y presente concluye la serie de escritos que Antonio Gramsci, en dificil\u00edsimas condiciones personales, nos leg\u00f3 en sus Cuadernos de c\u00e1rcel. El encarcelado pensador sardo vierte aqu\u00ed fragmentos de su vast\u00edsima experiencia pol\u00edtica, critica \u00ab,<\/p>\n","protected":false},"featured_media":29244,"template":"","meta":{"neve_meta_sidebar":"","neve_meta_container":"","neve_meta_enable_content_width":"","neve_meta_content_width":0,"neve_meta_title_alignment":"","neve_meta_author_avatar":"","neve_post_elements_order":"","neve_meta_disable_header":"","neve_meta_disable_footer":"","neve_meta_disable_title":"","_themeisle_gutenberg_block_has_review":false},"product_brand":[],"product_cat":[26],"product_tag":[],"class_list":["post-29144","product","type-product","status-publish","has-post-thumbnail","product_cat-publicaciones-de-libros","first","instock","sale","shipping-taxable","purchasable","product-type-simple"],"yoast_head":"<!-- This site is optimized with the Yoast SEO plugin v26.3 - https:\/\/yoast.com\/wordpress\/plugins\/seo\/ -->\n<title>Finale Aktion PASADO Y PRESENTE. CUADERNOS DE LA C\u00c1RCEL - casadelectores<\/title>\n<meta name=\"robots\" content=\"index, follow, max-snippet:-1, max-image-preview:large, max-video-preview:-1\" \/>\n<link rel=\"canonical\" href=\"https:\/\/www.casadelectores.com\/index.php\/producto\/finale-aktion-pasado-y-presente-cuadernos-de-la-carcel-29144\/\" \/>\n<meta property=\"og:locale\" content=\"es_ES\" \/>\n<meta property=\"og:type\" content=\"article\" \/>\n<meta property=\"og:title\" content=\"Finale Aktion PASADO Y PRESENTE. CUADERNOS DE LA C\u00c1RCEL - casadelectores\" \/>\n<meta property=\"og:description\" content=\"Con Pasado y presente concluye la serie de escritos que Antonio Gramsci, en dificil\u00edsimas condiciones personales, nos leg\u00f3 en sus Cuadernos de c\u00e1rcel. El encarcelado pensador sardo vierte aqu\u00ed fragmentos de su vast\u00edsima experiencia pol\u00edtica, critica \u00ab,\" \/>\n<meta property=\"og:url\" content=\"https:\/\/www.casadelectores.com\/index.php\/producto\/finale-aktion-pasado-y-presente-cuadernos-de-la-carcel-29144\/\" \/>\n<meta property=\"og:site_name\" content=\"casadelectores\" \/>\n<meta property=\"og:image\" content=\"https:\/\/www.casadelectores.com\/wp-content\/uploads\/2025\/SK0191187-DE20251119-101116-0-1763518286-978841734112.webp\" \/>\n\t<meta property=\"og:image:width\" content=\"300\" \/>\n\t<meta property=\"og:image:height\" content=\"440\" \/>\n\t<meta property=\"og:image:type\" content=\"image\/webp\" \/>\n<meta name=\"twitter:card\" content=\"summary_large_image\" \/>\n<script type=\"application\/ld+json\" class=\"yoast-schema-graph\">{\"@context\":\"https:\/\/schema.org\",\"@graph\":[{\"@type\":\"WebPage\",\"@id\":\"https:\/\/www.casadelectores.com\/index.php\/producto\/finale-aktion-pasado-y-presente-cuadernos-de-la-carcel-29144\/\",\"url\":\"https:\/\/www.casadelectores.com\/index.php\/producto\/finale-aktion-pasado-y-presente-cuadernos-de-la-carcel-29144\/\",\"name\":\"Finale Aktion PASADO Y PRESENTE. CUADERNOS DE LA C\u00c1RCEL - casadelectores\",\"isPartOf\":{\"@id\":\"https:\/\/www.casadelectores.com\/#website\"},\"primaryImageOfPage\":{\"@id\":\"https:\/\/www.casadelectores.com\/index.php\/producto\/finale-aktion-pasado-y-presente-cuadernos-de-la-carcel-29144\/#primaryimage\"},\"image\":{\"@id\":\"https:\/\/www.casadelectores.com\/index.php\/producto\/finale-aktion-pasado-y-presente-cuadernos-de-la-carcel-29144\/#primaryimage\"},\"thumbnailUrl\":\"https:\/\/www.casadelectores.com\/wp-content\/uploads\/2025\/SK0191187-DE20251119-101116-0-1763518286-978841734112.webp\",\"datePublished\":\"2025-11-25T09:05:15+00:00\",\"breadcrumb\":{\"@id\":\"https:\/\/www.casadelectores.com\/index.php\/producto\/finale-aktion-pasado-y-presente-cuadernos-de-la-carcel-29144\/#breadcrumb\"},\"inLanguage\":\"es\",\"potentialAction\":[{\"@type\":\"ReadAction\",\"target\":[\"https:\/\/www.casadelectores.com\/index.php\/producto\/finale-aktion-pasado-y-presente-cuadernos-de-la-carcel-29144\/\"]}]},{\"@type\":\"ImageObject\",\"inLanguage\":\"es\",\"@id\":\"https:\/\/www.casadelectores.com\/index.php\/producto\/finale-aktion-pasado-y-presente-cuadernos-de-la-carcel-29144\/#primaryimage\",\"url\":\"https:\/\/www.casadelectores.com\/wp-content\/uploads\/2025\/SK0191187-DE20251119-101116-0-1763518286-978841734112.webp\",\"contentUrl\":\"https:\/\/www.casadelectores.com\/wp-content\/uploads\/2025\/SK0191187-DE20251119-101116-0-1763518286-978841734112.webp\",\"width\":300,\"height\":440},{\"@type\":\"BreadcrumbList\",\"@id\":\"https:\/\/www.casadelectores.com\/index.php\/producto\/finale-aktion-pasado-y-presente-cuadernos-de-la-carcel-29144\/#breadcrumb\",\"itemListElement\":[{\"@type\":\"ListItem\",\"position\":1,\"name\":\"Portada\",\"item\":\"https:\/\/www.casadelectores.com\/\"},{\"@type\":\"ListItem\",\"position\":2,\"name\":\"Shop\",\"item\":\"https:\/\/www.casadelectores.com\/index.php\/shop\/\"},{\"@type\":\"ListItem\",\"position\":3,\"name\":\"Finale Aktion PASADO Y PRESENTE. CUADERNOS DE LA C\u00c1RCEL\"}]},{\"@type\":\"WebSite\",\"@id\":\"https:\/\/www.casadelectores.com\/#website\",\"url\":\"https:\/\/www.casadelectores.com\/\",\"name\":\"Enam\u00f3rate de las compras\",\"description\":\"\",\"publisher\":{\"@id\":\"https:\/\/www.casadelectores.com\/#organization\"},\"potentialAction\":[{\"@type\":\"SearchAction\",\"target\":{\"@type\":\"EntryPoint\",\"urlTemplate\":\"https:\/\/www.casadelectores.com\/?s={search_term_string}\"},\"query-input\":{\"@type\":\"PropertyValueSpecification\",\"valueRequired\":true,\"valueName\":\"search_term_string\"}}],\"inLanguage\":\"es\"},{\"@type\":\"Organization\",\"@id\":\"https:\/\/www.casadelectores.com\/#organization\",\"name\":\"Enam\u00f3rate de las compras\",\"url\":\"https:\/\/www.casadelectores.com\/\",\"logo\":{\"@type\":\"ImageObject\",\"inLanguage\":\"es\",\"@id\":\"https:\/\/www.casadelectores.com\/#\/schema\/logo\/image\/\",\"url\":\"https:\/\/www.casadelectores.com\/wp-content\/uploads\/2020\/10\/shop-icon.png\",\"contentUrl\":\"https:\/\/www.casadelectores.com\/wp-content\/uploads\/2020\/10\/shop-icon.png\",\"width\":512,\"height\":512,\"caption\":\"Enam\u00f3rate de las compras\"},\"image\":{\"@id\":\"https:\/\/www.casadelectores.com\/#\/schema\/logo\/image\/\"}}]}<\/script>\n<!-- \/ Yoast SEO plugin. -->","yoast_head_json":{"title":"Finale Aktion PASADO Y PRESENTE. CUADERNOS DE LA C\u00c1RCEL - casadelectores","robots":{"index":"index","follow":"follow","max-snippet":"max-snippet:-1","max-image-preview":"max-image-preview:large","max-video-preview":"max-video-preview:-1"},"canonical":"https:\/\/www.casadelectores.com\/index.php\/producto\/finale-aktion-pasado-y-presente-cuadernos-de-la-carcel-29144\/","og_locale":"es_ES","og_type":"article","og_title":"Finale Aktion PASADO Y PRESENTE. CUADERNOS DE LA C\u00c1RCEL - casadelectores","og_description":"Con Pasado y presente concluye la serie de escritos que Antonio Gramsci, en dificil\u00edsimas condiciones personales, nos leg\u00f3 en sus Cuadernos de c\u00e1rcel. El encarcelado pensador sardo vierte aqu\u00ed fragmentos de su vast\u00edsima experiencia pol\u00edtica, critica \u00ab,","og_url":"https:\/\/www.casadelectores.com\/index.php\/producto\/finale-aktion-pasado-y-presente-cuadernos-de-la-carcel-29144\/","og_site_name":"casadelectores","og_image":[{"width":300,"height":440,"url":"https:\/\/www.casadelectores.com\/wp-content\/uploads\/2025\/SK0191187-DE20251119-101116-0-1763518286-978841734112.webp","type":"image\/webp"}],"twitter_card":"summary_large_image","schema":{"@context":"https:\/\/schema.org","@graph":[{"@type":"WebPage","@id":"https:\/\/www.casadelectores.com\/index.php\/producto\/finale-aktion-pasado-y-presente-cuadernos-de-la-carcel-29144\/","url":"https:\/\/www.casadelectores.com\/index.php\/producto\/finale-aktion-pasado-y-presente-cuadernos-de-la-carcel-29144\/","name":"Finale Aktion PASADO Y PRESENTE. CUADERNOS DE LA C\u00c1RCEL - casadelectores","isPartOf":{"@id":"https:\/\/www.casadelectores.com\/#website"},"primaryImageOfPage":{"@id":"https:\/\/www.casadelectores.com\/index.php\/producto\/finale-aktion-pasado-y-presente-cuadernos-de-la-carcel-29144\/#primaryimage"},"image":{"@id":"https:\/\/www.casadelectores.com\/index.php\/producto\/finale-aktion-pasado-y-presente-cuadernos-de-la-carcel-29144\/#primaryimage"},"thumbnailUrl":"https:\/\/www.casadelectores.com\/wp-content\/uploads\/2025\/SK0191187-DE20251119-101116-0-1763518286-978841734112.webp","datePublished":"2025-11-25T09:05:15+00:00","breadcrumb":{"@id":"https:\/\/www.casadelectores.com\/index.php\/producto\/finale-aktion-pasado-y-presente-cuadernos-de-la-carcel-29144\/#breadcrumb"},"inLanguage":"es","potentialAction":[{"@type":"ReadAction","target":["https:\/\/www.casadelectores.com\/index.php\/producto\/finale-aktion-pasado-y-presente-cuadernos-de-la-carcel-29144\/"]}]},{"@type":"ImageObject","inLanguage":"es","@id":"https:\/\/www.casadelectores.com\/index.php\/producto\/finale-aktion-pasado-y-presente-cuadernos-de-la-carcel-29144\/#primaryimage","url":"https:\/\/www.casadelectores.com\/wp-content\/uploads\/2025\/SK0191187-DE20251119-101116-0-1763518286-978841734112.webp","contentUrl":"https:\/\/www.casadelectores.com\/wp-content\/uploads\/2025\/SK0191187-DE20251119-101116-0-1763518286-978841734112.webp","width":300,"height":440},{"@type":"BreadcrumbList","@id":"https:\/\/www.casadelectores.com\/index.php\/producto\/finale-aktion-pasado-y-presente-cuadernos-de-la-carcel-29144\/#breadcrumb","itemListElement":[{"@type":"ListItem","position":1,"name":"Portada","item":"https:\/\/www.casadelectores.com\/"},{"@type":"ListItem","position":2,"name":"Shop","item":"https:\/\/www.casadelectores.com\/index.php\/shop\/"},{"@type":"ListItem","position":3,"name":"Finale Aktion PASADO Y PRESENTE. CUADERNOS DE LA C\u00c1RCEL"}]},{"@type":"WebSite","@id":"https:\/\/www.casadelectores.com\/#website","url":"https:\/\/www.casadelectores.com\/","name":"Enam\u00f3rate de las compras","description":"","publisher":{"@id":"https:\/\/www.casadelectores.com\/#organization"},"potentialAction":[{"@type":"SearchAction","target":{"@type":"EntryPoint","urlTemplate":"https:\/\/www.casadelectores.com\/?s={search_term_string}"},"query-input":{"@type":"PropertyValueSpecification","valueRequired":true,"valueName":"search_term_string"}}],"inLanguage":"es"},{"@type":"Organization","@id":"https:\/\/www.casadelectores.com\/#organization","name":"Enam\u00f3rate de las compras","url":"https:\/\/www.casadelectores.com\/","logo":{"@type":"ImageObject","inLanguage":"es","@id":"https:\/\/www.casadelectores.com\/#\/schema\/logo\/image\/","url":"https:\/\/www.casadelectores.com\/wp-content\/uploads\/2020\/10\/shop-icon.png","contentUrl":"https:\/\/www.casadelectores.com\/wp-content\/uploads\/2020\/10\/shop-icon.png","width":512,"height":512,"caption":"Enam\u00f3rate de las compras"},"image":{"@id":"https:\/\/www.casadelectores.com\/#\/schema\/logo\/image\/"}}]}},"_links":{"self":[{"href":"https:\/\/www.casadelectores.com\/index.php\/wp-json\/wp\/v2\/product\/29144","targetHints":{"allow":["GET"]}}],"collection":[{"href":"https:\/\/www.casadelectores.com\/index.php\/wp-json\/wp\/v2\/product"}],"about":[{"href":"https:\/\/www.casadelectores.com\/index.php\/wp-json\/wp\/v2\/types\/product"}],"wp:featuredmedia":[{"embeddable":true,"href":"https:\/\/www.casadelectores.com\/index.php\/wp-json\/wp\/v2\/media\/29244"}],"wp:attachment":[{"href":"https:\/\/www.casadelectores.com\/index.php\/wp-json\/wp\/v2\/media?parent=29144"}],"wp:term":[{"taxonomy":"product_brand","embeddable":true,"href":"https:\/\/www.casadelectores.com\/index.php\/wp-json\/wp\/v2\/product_brand?post=29144"},{"taxonomy":"product_cat","embeddable":true,"href":"https:\/\/www.casadelectores.com\/index.php\/wp-json\/wp\/v2\/product_cat?post=29144"},{"taxonomy":"product_tag","embeddable":true,"href":"https:\/\/www.casadelectores.com\/index.php\/wp-json\/wp\/v2\/product_tag?post=29144"}],"curies":[{"name":"wp","href":"https:\/\/api.w.org\/{rel}","templated":true}]}}