{"id":26533,"date":"2025-11-25T09:05:07","date_gmt":"2025-11-25T09:05:07","guid":{"rendered":""},"modified":"2025-11-25T09:05:07","modified_gmt":"2025-11-25T09:05:07","slug":"finale-aktion-el-colapso-economico-final-26533","status":"publish","type":"product","link":"https:\/\/www.casadelectores.com\/index.php\/producto\/finale-aktion-el-colapso-economico-final-26533\/","title":{"rendered":"Finale Aktion EL COLAPSO ECON\u00d3MICO FINAL"},"content":{"rendered":"<p>El mundo est\u00e1 atravesando una etapa de cambio, un s\u00edntoma que se percibe en todos los \u00e1mbitos. No hay d\u00eda en que los medios de comunicaci\u00f3n no hablen de ello y tampoco los gobiernos se dan tregua manteniendo intensos debates para elaborar planes que les permitan enfrentar el caos desatado.  En esta obra, el rabino Shlezinger expone los or\u00edgenes de este caos a partir de in\u00e9ditas revelaciones de la C\u00e1bala. El autor menciona profec\u00edas b\u00edblicas originales que describen con exactitud todo lo que est\u00e1 sucediendo en nuestra era y desvela los enigmas del cambio clim\u00e1tico, la globalizaci\u00f3n, la crisis econ\u00f3mica mundial, la industrializaci\u00f3n y la falta de empleo. \u00ab,<\/p>\n","protected":false},"excerpt":{"rendered":"<p>El mundo est\u00e1 atravesando una etapa de cambio, un s\u00edntoma que se percibe en todos los \u00e1mbitos. No hay d\u00eda en que los medios de comunicaci\u00f3n no hablen de ello y tampoco los gobiernos se dan tregua manteniendo intensos debates para elaborar planes que les permitan enfrentar el caos desatado. En esta obra, el rabino&hellip;&nbsp;<a href=\"https:\/\/www.casadelectores.com\/index.php\/producto\/finale-aktion-el-colapso-economico-final-26533\/\" rel=\"bookmark\"><span class=\"screen-reader-text\">Finale Aktion EL COLAPSO ECON\u00d3MICO FINAL<\/span><\/a><\/p>\n","protected":false},"featured_media":26633,"template":"","meta":{"neve_meta_sidebar":"","neve_meta_container":"","neve_meta_enable_content_width":"","neve_meta_content_width":0,"neve_meta_title_alignment":"","neve_meta_author_avatar":"","neve_post_elements_order":"","neve_meta_disable_header":"","neve_meta_disable_footer":"","neve_meta_disable_title":"","_themeisle_gutenberg_block_has_review":false},"product_brand":[],"product_cat":[26],"product_tag":[],"class_list":["post-26533","product","type-product","status-publish","has-post-thumbnail","product_cat-publicaciones-de-libros","first","instock","sale","shipping-taxable","purchasable","product-type-simple"],"yoast_head":"<!-- This site is optimized with the Yoast SEO plugin v26.3 - https:\/\/yoast.com\/wordpress\/plugins\/seo\/ -->\n<title>Finale Aktion EL COLAPSO ECON\u00d3MICO FINAL - casadelectores<\/title>\n<meta name=\"robots\" content=\"index, follow, max-snippet:-1, max-image-preview:large, max-video-preview:-1\" \/>\n<link rel=\"canonical\" href=\"https:\/\/www.casadelectores.com\/index.php\/producto\/finale-aktion-el-colapso-economico-final-26533\/\" \/>\n<meta property=\"og:locale\" content=\"es_ES\" \/>\n<meta property=\"og:type\" content=\"article\" \/>\n<meta property=\"og:title\" content=\"Finale Aktion EL COLAPSO ECON\u00d3MICO FINAL - casadelectores\" \/>\n<meta property=\"og:description\" content=\"El mundo est\u00e1 atravesando una etapa de cambio, un s\u00edntoma que se percibe en todos los \u00e1mbitos. No hay d\u00eda en que los medios de comunicaci\u00f3n no hablen de ello y tampoco los gobiernos se dan tregua manteniendo intensos debates para elaborar planes que les permitan enfrentar el caos desatado. En esta obra, el rabino&hellip;&nbsp;Finale Aktion EL COLAPSO ECON\u00d3MICO FINAL\" \/>\n<meta property=\"og:url\" content=\"https:\/\/www.casadelectores.com\/index.php\/producto\/finale-aktion-el-colapso-economico-final-26533\/\" \/>\n<meta property=\"og:site_name\" content=\"casadelectores\" \/>\n<meta property=\"og:image\" content=\"https:\/\/www.casadelectores.com\/wp-content\/uploads\/2025\/SK0189846-DE20251119-101116-0-1763518286-978841596812.webp\" \/>\n\t<meta property=\"og:image:width\" content=\"300\" \/>\n\t<meta property=\"og:image:height\" content=\"451\" \/>\n\t<meta property=\"og:image:type\" content=\"image\/webp\" \/>\n<meta name=\"twitter:card\" content=\"summary_large_image\" \/>\n<meta name=\"twitter:label1\" content=\"Tiempo de lectura\" \/>\n\t<meta name=\"twitter:data1\" content=\"1 minuto\" \/>\n<script type=\"application\/ld+json\" class=\"yoast-schema-graph\">{\"@context\":\"https:\/\/schema.org\",\"@graph\":[{\"@type\":\"WebPage\",\"@id\":\"https:\/\/www.casadelectores.com\/index.php\/producto\/finale-aktion-el-colapso-economico-final-26533\/\",\"url\":\"https:\/\/www.casadelectores.com\/index.php\/producto\/finale-aktion-el-colapso-economico-final-26533\/\",\"name\":\"Finale Aktion EL COLAPSO ECON\u00d3MICO FINAL - casadelectores\",\"isPartOf\":{\"@id\":\"https:\/\/www.casadelectores.com\/#website\"},\"primaryImageOfPage\":{\"@id\":\"https:\/\/www.casadelectores.com\/index.php\/producto\/finale-aktion-el-colapso-economico-final-26533\/#primaryimage\"},\"image\":{\"@id\":\"https:\/\/www.casadelectores.com\/index.php\/producto\/finale-aktion-el-colapso-economico-final-26533\/#primaryimage\"},\"thumbnailUrl\":\"https:\/\/www.casadelectores.com\/wp-content\/uploads\/2025\/SK0189846-DE20251119-101116-0-1763518286-978841596812.webp\",\"datePublished\":\"2025-11-25T09:05:07+00:00\",\"breadcrumb\":{\"@id\":\"https:\/\/www.casadelectores.com\/index.php\/producto\/finale-aktion-el-colapso-economico-final-26533\/#breadcrumb\"},\"inLanguage\":\"es\",\"potentialAction\":[{\"@type\":\"ReadAction\",\"target\":[\"https:\/\/www.casadelectores.com\/index.php\/producto\/finale-aktion-el-colapso-economico-final-26533\/\"]}]},{\"@type\":\"ImageObject\",\"inLanguage\":\"es\",\"@id\":\"https:\/\/www.casadelectores.com\/index.php\/producto\/finale-aktion-el-colapso-economico-final-26533\/#primaryimage\",\"url\":\"https:\/\/www.casadelectores.com\/wp-content\/uploads\/2025\/SK0189846-DE20251119-101116-0-1763518286-978841596812.webp\",\"contentUrl\":\"https:\/\/www.casadelectores.com\/wp-content\/uploads\/2025\/SK0189846-DE20251119-101116-0-1763518286-978841596812.webp\",\"width\":300,\"height\":451},{\"@type\":\"BreadcrumbList\",\"@id\":\"https:\/\/www.casadelectores.com\/index.php\/producto\/finale-aktion-el-colapso-economico-final-26533\/#breadcrumb\",\"itemListElement\":[{\"@type\":\"ListItem\",\"position\":1,\"name\":\"Portada\",\"item\":\"https:\/\/www.casadelectores.com\/\"},{\"@type\":\"ListItem\",\"position\":2,\"name\":\"Shop\",\"item\":\"https:\/\/www.casadelectores.com\/index.php\/shop\/\"},{\"@type\":\"ListItem\",\"position\":3,\"name\":\"Finale Aktion EL COLAPSO ECON\u00d3MICO FINAL\"}]},{\"@type\":\"WebSite\",\"@id\":\"https:\/\/www.casadelectores.com\/#website\",\"url\":\"https:\/\/www.casadelectores.com\/\",\"name\":\"Enam\u00f3rate de las compras\",\"description\":\"\",\"publisher\":{\"@id\":\"https:\/\/www.casadelectores.com\/#organization\"},\"potentialAction\":[{\"@type\":\"SearchAction\",\"target\":{\"@type\":\"EntryPoint\",\"urlTemplate\":\"https:\/\/www.casadelectores.com\/?s={search_term_string}\"},\"query-input\":{\"@type\":\"PropertyValueSpecification\",\"valueRequired\":true,\"valueName\":\"search_term_string\"}}],\"inLanguage\":\"es\"},{\"@type\":\"Organization\",\"@id\":\"https:\/\/www.casadelectores.com\/#organization\",\"name\":\"Enam\u00f3rate de las compras\",\"url\":\"https:\/\/www.casadelectores.com\/\",\"logo\":{\"@type\":\"ImageObject\",\"inLanguage\":\"es\",\"@id\":\"https:\/\/www.casadelectores.com\/#\/schema\/logo\/image\/\",\"url\":\"https:\/\/www.casadelectores.com\/wp-content\/uploads\/2020\/10\/shop-icon.png\",\"contentUrl\":\"https:\/\/www.casadelectores.com\/wp-content\/uploads\/2020\/10\/shop-icon.png\",\"width\":512,\"height\":512,\"caption\":\"Enam\u00f3rate de las compras\"},\"image\":{\"@id\":\"https:\/\/www.casadelectores.com\/#\/schema\/logo\/image\/\"}}]}<\/script>\n<!-- \/ Yoast SEO plugin. -->","yoast_head_json":{"title":"Finale Aktion EL COLAPSO ECON\u00d3MICO FINAL - casadelectores","robots":{"index":"index","follow":"follow","max-snippet":"max-snippet:-1","max-image-preview":"max-image-preview:large","max-video-preview":"max-video-preview:-1"},"canonical":"https:\/\/www.casadelectores.com\/index.php\/producto\/finale-aktion-el-colapso-economico-final-26533\/","og_locale":"es_ES","og_type":"article","og_title":"Finale Aktion EL COLAPSO ECON\u00d3MICO FINAL - casadelectores","og_description":"El mundo est\u00e1 atravesando una etapa de cambio, un s\u00edntoma que se percibe en todos los \u00e1mbitos. No hay d\u00eda en que los medios de comunicaci\u00f3n no hablen de ello y tampoco los gobiernos se dan tregua manteniendo intensos debates para elaborar planes que les permitan enfrentar el caos desatado. En esta obra, el rabino&hellip;&nbsp;Finale Aktion EL COLAPSO ECON\u00d3MICO FINAL","og_url":"https:\/\/www.casadelectores.com\/index.php\/producto\/finale-aktion-el-colapso-economico-final-26533\/","og_site_name":"casadelectores","og_image":[{"width":300,"height":451,"url":"https:\/\/www.casadelectores.com\/wp-content\/uploads\/2025\/SK0189846-DE20251119-101116-0-1763518286-978841596812.webp","type":"image\/webp"}],"twitter_card":"summary_large_image","twitter_misc":{"Tiempo de lectura":"1 minuto"},"schema":{"@context":"https:\/\/schema.org","@graph":[{"@type":"WebPage","@id":"https:\/\/www.casadelectores.com\/index.php\/producto\/finale-aktion-el-colapso-economico-final-26533\/","url":"https:\/\/www.casadelectores.com\/index.php\/producto\/finale-aktion-el-colapso-economico-final-26533\/","name":"Finale Aktion EL COLAPSO ECON\u00d3MICO FINAL - casadelectores","isPartOf":{"@id":"https:\/\/www.casadelectores.com\/#website"},"primaryImageOfPage":{"@id":"https:\/\/www.casadelectores.com\/index.php\/producto\/finale-aktion-el-colapso-economico-final-26533\/#primaryimage"},"image":{"@id":"https:\/\/www.casadelectores.com\/index.php\/producto\/finale-aktion-el-colapso-economico-final-26533\/#primaryimage"},"thumbnailUrl":"https:\/\/www.casadelectores.com\/wp-content\/uploads\/2025\/SK0189846-DE20251119-101116-0-1763518286-978841596812.webp","datePublished":"2025-11-25T09:05:07+00:00","breadcrumb":{"@id":"https:\/\/www.casadelectores.com\/index.php\/producto\/finale-aktion-el-colapso-economico-final-26533\/#breadcrumb"},"inLanguage":"es","potentialAction":[{"@type":"ReadAction","target":["https:\/\/www.casadelectores.com\/index.php\/producto\/finale-aktion-el-colapso-economico-final-26533\/"]}]},{"@type":"ImageObject","inLanguage":"es","@id":"https:\/\/www.casadelectores.com\/index.php\/producto\/finale-aktion-el-colapso-economico-final-26533\/#primaryimage","url":"https:\/\/www.casadelectores.com\/wp-content\/uploads\/2025\/SK0189846-DE20251119-101116-0-1763518286-978841596812.webp","contentUrl":"https:\/\/www.casadelectores.com\/wp-content\/uploads\/2025\/SK0189846-DE20251119-101116-0-1763518286-978841596812.webp","width":300,"height":451},{"@type":"BreadcrumbList","@id":"https:\/\/www.casadelectores.com\/index.php\/producto\/finale-aktion-el-colapso-economico-final-26533\/#breadcrumb","itemListElement":[{"@type":"ListItem","position":1,"name":"Portada","item":"https:\/\/www.casadelectores.com\/"},{"@type":"ListItem","position":2,"name":"Shop","item":"https:\/\/www.casadelectores.com\/index.php\/shop\/"},{"@type":"ListItem","position":3,"name":"Finale Aktion EL COLAPSO ECON\u00d3MICO FINAL"}]},{"@type":"WebSite","@id":"https:\/\/www.casadelectores.com\/#website","url":"https:\/\/www.casadelectores.com\/","name":"Enam\u00f3rate de las compras","description":"","publisher":{"@id":"https:\/\/www.casadelectores.com\/#organization"},"potentialAction":[{"@type":"SearchAction","target":{"@type":"EntryPoint","urlTemplate":"https:\/\/www.casadelectores.com\/?s={search_term_string}"},"query-input":{"@type":"PropertyValueSpecification","valueRequired":true,"valueName":"search_term_string"}}],"inLanguage":"es"},{"@type":"Organization","@id":"https:\/\/www.casadelectores.com\/#organization","name":"Enam\u00f3rate de las compras","url":"https:\/\/www.casadelectores.com\/","logo":{"@type":"ImageObject","inLanguage":"es","@id":"https:\/\/www.casadelectores.com\/#\/schema\/logo\/image\/","url":"https:\/\/www.casadelectores.com\/wp-content\/uploads\/2020\/10\/shop-icon.png","contentUrl":"https:\/\/www.casadelectores.com\/wp-content\/uploads\/2020\/10\/shop-icon.png","width":512,"height":512,"caption":"Enam\u00f3rate de las compras"},"image":{"@id":"https:\/\/www.casadelectores.com\/#\/schema\/logo\/image\/"}}]}},"_links":{"self":[{"href":"https:\/\/www.casadelectores.com\/index.php\/wp-json\/wp\/v2\/product\/26533","targetHints":{"allow":["GET"]}}],"collection":[{"href":"https:\/\/www.casadelectores.com\/index.php\/wp-json\/wp\/v2\/product"}],"about":[{"href":"https:\/\/www.casadelectores.com\/index.php\/wp-json\/wp\/v2\/types\/product"}],"wp:featuredmedia":[{"embeddable":true,"href":"https:\/\/www.casadelectores.com\/index.php\/wp-json\/wp\/v2\/media\/26633"}],"wp:attachment":[{"href":"https:\/\/www.casadelectores.com\/index.php\/wp-json\/wp\/v2\/media?parent=26533"}],"wp:term":[{"taxonomy":"product_brand","embeddable":true,"href":"https:\/\/www.casadelectores.com\/index.php\/wp-json\/wp\/v2\/product_brand?post=26533"},{"taxonomy":"product_cat","embeddable":true,"href":"https:\/\/www.casadelectores.com\/index.php\/wp-json\/wp\/v2\/product_cat?post=26533"},{"taxonomy":"product_tag","embeddable":true,"href":"https:\/\/www.casadelectores.com\/index.php\/wp-json\/wp\/v2\/product_tag?post=26533"}],"curies":[{"name":"wp","href":"https:\/\/api.w.org\/{rel}","templated":true}]}}