{"id":25317,"date":"2025-11-25T09:05:05","date_gmt":"2025-11-25T09:05:05","guid":{"rendered":""},"modified":"2025-11-25T09:05:05","modified_gmt":"2025-11-25T09:05:05","slug":"expressversand-biografia-canalla-de-emilia-pardo-bazan-25317","status":"publish","type":"product","link":"https:\/\/www.casadelectores.com\/index.php\/producto\/expressversand-biografia-canalla-de-emilia-pardo-bazan-25317\/","title":{"rendered":"Expressversand BIOGRAF\u00cdA CANALLA DE EMILIA PARDO BAZ\u00c1N"},"content":{"rendered":"<p>Esta es la historia de Emilia Pardo Baz\u00e1n, una escritora del XIX que vivi\u00f3 no solo su propia vida, sino su propia novela, en una \u00e9poca en la que las mujeres no ten\u00edan vida propia y viv\u00edan la vida de sus padres, m\u00e1s tarde la de sus maridos y, finalmente, la de sus hijos. De familia aristocr\u00e1tica y adinerada, Emilia nunca quiso renunciar a su identidad en aras del amor o de las demandas de su siglo, sino que realiz\u00f3 un escandaloso ejercicio constante de autoafirmaci\u00f3n y entreg\u00f3 su vida, sus haberes y sus energ\u00edas a revolucionar la literatura, al estudio, al feminismo y a la excelencia.Crey\u00f3 firmemente en la igualdad entre los sexos, en un tiempo en el que la sociedad hab\u00eda emancipado al hombre pero hab\u00eda olvidado emancipar a la mujer. Utiliz\u00f3 todos los recursos a su alcance para demostrar, con hechos, que la inteligencia no tiene sexo, que los paradigmas de masculinidad y feminidad, tan arraigados en la sociedad decimon\u00f3nica, no eran m\u00e1s que una falacia.Fue la primera atene\u00edsta y la primera periodista de Espa\u00f1a, cuando la ciencia, las instituciones y la sociedad relegaban a la mujer al hogar y a la familia. En resumen, vivi\u00f3, a caballo entre los siglos XIX y XX como hubiera vivido en el siglo XXI. Libre, due\u00f1a de su propio destino y dedicada a lo que siempre am\u00f3. \u00ab,<\/p>\n","protected":false},"excerpt":{"rendered":"<p>Esta es la historia de Emilia Pardo Baz\u00e1n, una escritora del XIX que vivi\u00f3 no solo su propia vida, sino su propia novela, en una \u00e9poca en la que las mujeres no ten\u00edan vida propia y viv\u00edan la vida de sus padres, m\u00e1s tarde la de sus maridos y, finalmente, la de sus hijos. De&hellip;&nbsp;<a href=\"https:\/\/www.casadelectores.com\/index.php\/producto\/expressversand-biografia-canalla-de-emilia-pardo-bazan-25317\/\" rel=\"bookmark\"><span class=\"screen-reader-text\">Expressversand BIOGRAF\u00cdA CANALLA DE EMILIA PARDO BAZ\u00c1N<\/span><\/a><\/p>\n","protected":false},"featured_media":25417,"template":"","meta":{"neve_meta_sidebar":"","neve_meta_container":"","neve_meta_enable_content_width":"","neve_meta_content_width":0,"neve_meta_title_alignment":"","neve_meta_author_avatar":"","neve_post_elements_order":"","neve_meta_disable_header":"","neve_meta_disable_footer":"","neve_meta_disable_title":"","_themeisle_gutenberg_block_has_review":false},"product_brand":[],"product_cat":[26],"product_tag":[],"class_list":["post-25317","product","type-product","status-publish","has-post-thumbnail","product_cat-publicaciones-de-libros","first","instock","sale","shipping-taxable","purchasable","product-type-simple"],"yoast_head":"<!-- This site is optimized with the Yoast SEO plugin v26.3 - https:\/\/yoast.com\/wordpress\/plugins\/seo\/ -->\n<title>Expressversand BIOGRAF\u00cdA CANALLA DE EMILIA PARDO BAZ\u00c1N - casadelectores<\/title>\n<meta name=\"robots\" content=\"index, follow, max-snippet:-1, max-image-preview:large, max-video-preview:-1\" \/>\n<link rel=\"canonical\" href=\"https:\/\/www.casadelectores.com\/index.php\/producto\/expressversand-biografia-canalla-de-emilia-pardo-bazan-25317\/\" \/>\n<meta property=\"og:locale\" content=\"es_ES\" \/>\n<meta property=\"og:type\" content=\"article\" \/>\n<meta property=\"og:title\" content=\"Expressversand BIOGRAF\u00cdA CANALLA DE EMILIA PARDO BAZ\u00c1N - casadelectores\" \/>\n<meta property=\"og:description\" content=\"Esta es la historia de Emilia Pardo Baz\u00e1n, una escritora del XIX que vivi\u00f3 no solo su propia vida, sino su propia novela, en una \u00e9poca en la que las mujeres no ten\u00edan vida propia y viv\u00edan la vida de sus padres, m\u00e1s tarde la de sus maridos y, finalmente, la de sus hijos. De&hellip;&nbsp;Expressversand BIOGRAF\u00cdA CANALLA DE EMILIA PARDO BAZ\u00c1N\" \/>\n<meta property=\"og:url\" content=\"https:\/\/www.casadelectores.com\/index.php\/producto\/expressversand-biografia-canalla-de-emilia-pardo-bazan-25317\/\" \/>\n<meta property=\"og:site_name\" content=\"casadelectores\" \/>\n<meta property=\"og:image\" content=\"https:\/\/www.casadelectores.com\/wp-content\/uploads\/2025\/SK0189200-DE20251119-101116-0-1763518286-978844153840.webp\" \/>\n\t<meta property=\"og:image:width\" content=\"300\" \/>\n\t<meta property=\"og:image:height\" content=\"437\" \/>\n\t<meta property=\"og:image:type\" content=\"image\/webp\" \/>\n<meta name=\"twitter:card\" content=\"summary_large_image\" \/>\n<meta name=\"twitter:label1\" content=\"Tiempo de lectura\" \/>\n\t<meta name=\"twitter:data1\" content=\"1 minuto\" \/>\n<script type=\"application\/ld+json\" class=\"yoast-schema-graph\">{\"@context\":\"https:\/\/schema.org\",\"@graph\":[{\"@type\":\"WebPage\",\"@id\":\"https:\/\/www.casadelectores.com\/index.php\/producto\/expressversand-biografia-canalla-de-emilia-pardo-bazan-25317\/\",\"url\":\"https:\/\/www.casadelectores.com\/index.php\/producto\/expressversand-biografia-canalla-de-emilia-pardo-bazan-25317\/\",\"name\":\"Expressversand BIOGRAF\u00cdA CANALLA DE EMILIA PARDO BAZ\u00c1N - casadelectores\",\"isPartOf\":{\"@id\":\"https:\/\/www.casadelectores.com\/#website\"},\"primaryImageOfPage\":{\"@id\":\"https:\/\/www.casadelectores.com\/index.php\/producto\/expressversand-biografia-canalla-de-emilia-pardo-bazan-25317\/#primaryimage\"},\"image\":{\"@id\":\"https:\/\/www.casadelectores.com\/index.php\/producto\/expressversand-biografia-canalla-de-emilia-pardo-bazan-25317\/#primaryimage\"},\"thumbnailUrl\":\"https:\/\/www.casadelectores.com\/wp-content\/uploads\/2025\/SK0189200-DE20251119-101116-0-1763518286-978844153840.webp\",\"datePublished\":\"2025-11-25T09:05:05+00:00\",\"breadcrumb\":{\"@id\":\"https:\/\/www.casadelectores.com\/index.php\/producto\/expressversand-biografia-canalla-de-emilia-pardo-bazan-25317\/#breadcrumb\"},\"inLanguage\":\"es\",\"potentialAction\":[{\"@type\":\"ReadAction\",\"target\":[\"https:\/\/www.casadelectores.com\/index.php\/producto\/expressversand-biografia-canalla-de-emilia-pardo-bazan-25317\/\"]}]},{\"@type\":\"ImageObject\",\"inLanguage\":\"es\",\"@id\":\"https:\/\/www.casadelectores.com\/index.php\/producto\/expressversand-biografia-canalla-de-emilia-pardo-bazan-25317\/#primaryimage\",\"url\":\"https:\/\/www.casadelectores.com\/wp-content\/uploads\/2025\/SK0189200-DE20251119-101116-0-1763518286-978844153840.webp\",\"contentUrl\":\"https:\/\/www.casadelectores.com\/wp-content\/uploads\/2025\/SK0189200-DE20251119-101116-0-1763518286-978844153840.webp\",\"width\":300,\"height\":437},{\"@type\":\"BreadcrumbList\",\"@id\":\"https:\/\/www.casadelectores.com\/index.php\/producto\/expressversand-biografia-canalla-de-emilia-pardo-bazan-25317\/#breadcrumb\",\"itemListElement\":[{\"@type\":\"ListItem\",\"position\":1,\"name\":\"Portada\",\"item\":\"https:\/\/www.casadelectores.com\/\"},{\"@type\":\"ListItem\",\"position\":2,\"name\":\"Shop\",\"item\":\"https:\/\/www.casadelectores.com\/index.php\/shop\/\"},{\"@type\":\"ListItem\",\"position\":3,\"name\":\"Expressversand BIOGRAF\u00cdA CANALLA DE EMILIA PARDO BAZ\u00c1N\"}]},{\"@type\":\"WebSite\",\"@id\":\"https:\/\/www.casadelectores.com\/#website\",\"url\":\"https:\/\/www.casadelectores.com\/\",\"name\":\"Enam\u00f3rate de las compras\",\"description\":\"\",\"publisher\":{\"@id\":\"https:\/\/www.casadelectores.com\/#organization\"},\"potentialAction\":[{\"@type\":\"SearchAction\",\"target\":{\"@type\":\"EntryPoint\",\"urlTemplate\":\"https:\/\/www.casadelectores.com\/?s={search_term_string}\"},\"query-input\":{\"@type\":\"PropertyValueSpecification\",\"valueRequired\":true,\"valueName\":\"search_term_string\"}}],\"inLanguage\":\"es\"},{\"@type\":\"Organization\",\"@id\":\"https:\/\/www.casadelectores.com\/#organization\",\"name\":\"Enam\u00f3rate de las compras\",\"url\":\"https:\/\/www.casadelectores.com\/\",\"logo\":{\"@type\":\"ImageObject\",\"inLanguage\":\"es\",\"@id\":\"https:\/\/www.casadelectores.com\/#\/schema\/logo\/image\/\",\"url\":\"https:\/\/www.casadelectores.com\/wp-content\/uploads\/2020\/10\/shop-icon.png\",\"contentUrl\":\"https:\/\/www.casadelectores.com\/wp-content\/uploads\/2020\/10\/shop-icon.png\",\"width\":512,\"height\":512,\"caption\":\"Enam\u00f3rate de las compras\"},\"image\":{\"@id\":\"https:\/\/www.casadelectores.com\/#\/schema\/logo\/image\/\"}}]}<\/script>\n<!-- \/ Yoast SEO plugin. -->","yoast_head_json":{"title":"Expressversand BIOGRAF\u00cdA CANALLA DE EMILIA PARDO BAZ\u00c1N - casadelectores","robots":{"index":"index","follow":"follow","max-snippet":"max-snippet:-1","max-image-preview":"max-image-preview:large","max-video-preview":"max-video-preview:-1"},"canonical":"https:\/\/www.casadelectores.com\/index.php\/producto\/expressversand-biografia-canalla-de-emilia-pardo-bazan-25317\/","og_locale":"es_ES","og_type":"article","og_title":"Expressversand BIOGRAF\u00cdA CANALLA DE EMILIA PARDO BAZ\u00c1N - casadelectores","og_description":"Esta es la historia de Emilia Pardo Baz\u00e1n, una escritora del XIX que vivi\u00f3 no solo su propia vida, sino su propia novela, en una \u00e9poca en la que las mujeres no ten\u00edan vida propia y viv\u00edan la vida de sus padres, m\u00e1s tarde la de sus maridos y, finalmente, la de sus hijos. De&hellip;&nbsp;Expressversand BIOGRAF\u00cdA CANALLA DE EMILIA PARDO BAZ\u00c1N","og_url":"https:\/\/www.casadelectores.com\/index.php\/producto\/expressversand-biografia-canalla-de-emilia-pardo-bazan-25317\/","og_site_name":"casadelectores","og_image":[{"width":300,"height":437,"url":"https:\/\/www.casadelectores.com\/wp-content\/uploads\/2025\/SK0189200-DE20251119-101116-0-1763518286-978844153840.webp","type":"image\/webp"}],"twitter_card":"summary_large_image","twitter_misc":{"Tiempo de lectura":"1 minuto"},"schema":{"@context":"https:\/\/schema.org","@graph":[{"@type":"WebPage","@id":"https:\/\/www.casadelectores.com\/index.php\/producto\/expressversand-biografia-canalla-de-emilia-pardo-bazan-25317\/","url":"https:\/\/www.casadelectores.com\/index.php\/producto\/expressversand-biografia-canalla-de-emilia-pardo-bazan-25317\/","name":"Expressversand BIOGRAF\u00cdA CANALLA DE EMILIA PARDO BAZ\u00c1N - casadelectores","isPartOf":{"@id":"https:\/\/www.casadelectores.com\/#website"},"primaryImageOfPage":{"@id":"https:\/\/www.casadelectores.com\/index.php\/producto\/expressversand-biografia-canalla-de-emilia-pardo-bazan-25317\/#primaryimage"},"image":{"@id":"https:\/\/www.casadelectores.com\/index.php\/producto\/expressversand-biografia-canalla-de-emilia-pardo-bazan-25317\/#primaryimage"},"thumbnailUrl":"https:\/\/www.casadelectores.com\/wp-content\/uploads\/2025\/SK0189200-DE20251119-101116-0-1763518286-978844153840.webp","datePublished":"2025-11-25T09:05:05+00:00","breadcrumb":{"@id":"https:\/\/www.casadelectores.com\/index.php\/producto\/expressversand-biografia-canalla-de-emilia-pardo-bazan-25317\/#breadcrumb"},"inLanguage":"es","potentialAction":[{"@type":"ReadAction","target":["https:\/\/www.casadelectores.com\/index.php\/producto\/expressversand-biografia-canalla-de-emilia-pardo-bazan-25317\/"]}]},{"@type":"ImageObject","inLanguage":"es","@id":"https:\/\/www.casadelectores.com\/index.php\/producto\/expressversand-biografia-canalla-de-emilia-pardo-bazan-25317\/#primaryimage","url":"https:\/\/www.casadelectores.com\/wp-content\/uploads\/2025\/SK0189200-DE20251119-101116-0-1763518286-978844153840.webp","contentUrl":"https:\/\/www.casadelectores.com\/wp-content\/uploads\/2025\/SK0189200-DE20251119-101116-0-1763518286-978844153840.webp","width":300,"height":437},{"@type":"BreadcrumbList","@id":"https:\/\/www.casadelectores.com\/index.php\/producto\/expressversand-biografia-canalla-de-emilia-pardo-bazan-25317\/#breadcrumb","itemListElement":[{"@type":"ListItem","position":1,"name":"Portada","item":"https:\/\/www.casadelectores.com\/"},{"@type":"ListItem","position":2,"name":"Shop","item":"https:\/\/www.casadelectores.com\/index.php\/shop\/"},{"@type":"ListItem","position":3,"name":"Expressversand BIOGRAF\u00cdA CANALLA DE EMILIA PARDO BAZ\u00c1N"}]},{"@type":"WebSite","@id":"https:\/\/www.casadelectores.com\/#website","url":"https:\/\/www.casadelectores.com\/","name":"Enam\u00f3rate de las compras","description":"","publisher":{"@id":"https:\/\/www.casadelectores.com\/#organization"},"potentialAction":[{"@type":"SearchAction","target":{"@type":"EntryPoint","urlTemplate":"https:\/\/www.casadelectores.com\/?s={search_term_string}"},"query-input":{"@type":"PropertyValueSpecification","valueRequired":true,"valueName":"search_term_string"}}],"inLanguage":"es"},{"@type":"Organization","@id":"https:\/\/www.casadelectores.com\/#organization","name":"Enam\u00f3rate de las compras","url":"https:\/\/www.casadelectores.com\/","logo":{"@type":"ImageObject","inLanguage":"es","@id":"https:\/\/www.casadelectores.com\/#\/schema\/logo\/image\/","url":"https:\/\/www.casadelectores.com\/wp-content\/uploads\/2020\/10\/shop-icon.png","contentUrl":"https:\/\/www.casadelectores.com\/wp-content\/uploads\/2020\/10\/shop-icon.png","width":512,"height":512,"caption":"Enam\u00f3rate de las compras"},"image":{"@id":"https:\/\/www.casadelectores.com\/#\/schema\/logo\/image\/"}}]}},"_links":{"self":[{"href":"https:\/\/www.casadelectores.com\/index.php\/wp-json\/wp\/v2\/product\/25317","targetHints":{"allow":["GET"]}}],"collection":[{"href":"https:\/\/www.casadelectores.com\/index.php\/wp-json\/wp\/v2\/product"}],"about":[{"href":"https:\/\/www.casadelectores.com\/index.php\/wp-json\/wp\/v2\/types\/product"}],"wp:featuredmedia":[{"embeddable":true,"href":"https:\/\/www.casadelectores.com\/index.php\/wp-json\/wp\/v2\/media\/25417"}],"wp:attachment":[{"href":"https:\/\/www.casadelectores.com\/index.php\/wp-json\/wp\/v2\/media?parent=25317"}],"wp:term":[{"taxonomy":"product_brand","embeddable":true,"href":"https:\/\/www.casadelectores.com\/index.php\/wp-json\/wp\/v2\/product_brand?post=25317"},{"taxonomy":"product_cat","embeddable":true,"href":"https:\/\/www.casadelectores.com\/index.php\/wp-json\/wp\/v2\/product_cat?post=25317"},{"taxonomy":"product_tag","embeddable":true,"href":"https:\/\/www.casadelectores.com\/index.php\/wp-json\/wp\/v2\/product_tag?post=25317"}],"curies":[{"name":"wp","href":"https:\/\/api.w.org\/{rel}","templated":true}]}}