{"id":24294,"date":"2025-11-25T09:05:03","date_gmt":"2025-11-25T09:05:03","guid":{"rendered":""},"modified":"2025-11-25T09:05:03","modified_gmt":"2025-11-25T09:05:03","slug":"espais-reals-art-vs-1-ab-werk-24294","status":"publish","type":"product","link":"https:\/\/www.casadelectores.com\/index.php\/producto\/espais-reals-art-vs-1-ab-werk-24294\/","title":{"rendered":"ESPAIS REALS <ART-VS> 1 Ab Werk"},"content":{"rendered":"<p>Espais Reals,  primer n\u00famero (d?art-vs), es dedica a explorar l?inter\u00e8s evident que l?art contemporani ha manifestat en aquests darrers anys per retratar i documentar situacions reals, enlloc de la tradicional funci\u00f3 de construcci\u00f3 canals per a fer-hi circular la imaginaci\u00f3 i el fantasieg. Coordinat per Mart\u00ed Peran, s?hi apleguen les an\u00e1lisis del tema des de perspectives diverses com ara la teoria de l?art (Pilar Bonet), les noves modalitats d?art p\u00fablic (Montse Roman\u00ed) la importancia del rebrot dels postulats Stuacionistes (Claudio Zuli\u00e1n) , l?arquitectura i l?urbanisme (Francesc Mu\u00f1oz) o els nous formats expositius (Teresa Blanch). Al costat d?aquestes aportacions tamb\u00e9 s?aborda el tema per mitj\u00e0 de la visi\u00f3 que en donen diferents creadors (Erich Weiss, Fabio Mari, Javier Pe\u00f1afiel i Carles Guerra). El volum es tanca amb la secci\u00f3 Notanda que recull diverses notes critiques sobre pubicacions, exposicions o altres esdeveniments desenvolupats durant el periode en que es gest\u00e0 la publicaci\u00f3. \u00ab,<\/p>\n","protected":false},"excerpt":{"rendered":"<p>Espais Reals, primer n\u00famero (d?art-vs), es dedica a explorar l?inter\u00e8s evident que l?art contemporani ha manifestat en aquests darrers anys per retratar i documentar situacions reals, enlloc de la tradicional funci\u00f3 de construcci\u00f3 canals per a fer-hi circular la imaginaci\u00f3 i el fantasieg. Coordinat per Mart\u00ed Peran, s?hi apleguen les an\u00e1lisis del tema des de&hellip;&nbsp;<a href=\"https:\/\/www.casadelectores.com\/index.php\/producto\/espais-reals-art-vs-1-ab-werk-24294\/\" rel=\"bookmark\"><span class=\"screen-reader-text\">ESPAIS REALS <ART-VS> 1 Ab Werk<\/span><\/a><\/p>\n","protected":false},"featured_media":24394,"template":"","meta":{"neve_meta_sidebar":"","neve_meta_container":"","neve_meta_enable_content_width":"","neve_meta_content_width":0,"neve_meta_title_alignment":"","neve_meta_author_avatar":"","neve_post_elements_order":"","neve_meta_disable_header":"","neve_meta_disable_footer":"","neve_meta_disable_title":"","_themeisle_gutenberg_block_has_review":false},"product_brand":[],"product_cat":[26],"product_tag":[],"class_list":["post-24294","product","type-product","status-publish","has-post-thumbnail","product_cat-publicaciones-de-libros","first","instock","sale","shipping-taxable","purchasable","product-type-simple"],"yoast_head":"<!-- This site is optimized with the Yoast SEO plugin v26.3 - https:\/\/yoast.com\/wordpress\/plugins\/seo\/ -->\n<title>ESPAIS REALS  1 Ab Werk - casadelectores<\/title>\n<meta name=\"robots\" content=\"index, follow, max-snippet:-1, max-image-preview:large, max-video-preview:-1\" \/>\n<link rel=\"canonical\" href=\"https:\/\/www.casadelectores.com\/index.php\/producto\/espais-reals-art-vs-1-ab-werk-24294\/\" \/>\n<meta property=\"og:locale\" content=\"es_ES\" \/>\n<meta property=\"og:type\" content=\"article\" \/>\n<meta property=\"og:title\" content=\"ESPAIS REALS  1 Ab Werk - casadelectores\" \/>\n<meta property=\"og:description\" content=\"Espais Reals, primer n\u00famero (d?art-vs), es dedica a explorar l?inter\u00e8s evident que l?art contemporani ha manifestat en aquests darrers anys per retratar i documentar situacions reals, enlloc de la tradicional funci\u00f3 de construcci\u00f3 canals per a fer-hi circular la imaginaci\u00f3 i el fantasieg. Coordinat per Mart\u00ed Peran, s?hi apleguen les an\u00e1lisis del tema des de&hellip;&nbsp;ESPAIS REALS 1 Ab Werk\" \/>\n<meta property=\"og:url\" content=\"https:\/\/www.casadelectores.com\/index.php\/producto\/espais-reals-art-vs-1-ab-werk-24294\/\" \/>\n<meta property=\"og:site_name\" content=\"casadelectores\" \/>\n<meta property=\"og:image\" content=\"https:\/\/www.casadelectores.com\/wp-content\/uploads\/2025\/SK0188647-DE20251119-101116-0-1763518286-978848338349.webp\" \/>\n\t<meta property=\"og:image:width\" content=\"300\" \/>\n\t<meta property=\"og:image:height\" content=\"383\" \/>\n\t<meta property=\"og:image:type\" content=\"image\/webp\" \/>\n<meta name=\"twitter:card\" content=\"summary_large_image\" \/>\n<meta name=\"twitter:label1\" content=\"Tiempo de lectura\" \/>\n\t<meta name=\"twitter:data1\" content=\"1 minuto\" \/>\n<script type=\"application\/ld+json\" class=\"yoast-schema-graph\">{\"@context\":\"https:\/\/schema.org\",\"@graph\":[{\"@type\":\"WebPage\",\"@id\":\"https:\/\/www.casadelectores.com\/index.php\/producto\/espais-reals-art-vs-1-ab-werk-24294\/\",\"url\":\"https:\/\/www.casadelectores.com\/index.php\/producto\/espais-reals-art-vs-1-ab-werk-24294\/\",\"name\":\"ESPAIS REALS 1 Ab Werk - casadelectores\",\"isPartOf\":{\"@id\":\"https:\/\/www.casadelectores.com\/#website\"},\"primaryImageOfPage\":{\"@id\":\"https:\/\/www.casadelectores.com\/index.php\/producto\/espais-reals-art-vs-1-ab-werk-24294\/#primaryimage\"},\"image\":{\"@id\":\"https:\/\/www.casadelectores.com\/index.php\/producto\/espais-reals-art-vs-1-ab-werk-24294\/#primaryimage\"},\"thumbnailUrl\":\"https:\/\/www.casadelectores.com\/wp-content\/uploads\/2025\/SK0188647-DE20251119-101116-0-1763518286-978848338349.webp\",\"datePublished\":\"2025-11-25T09:05:03+00:00\",\"breadcrumb\":{\"@id\":\"https:\/\/www.casadelectores.com\/index.php\/producto\/espais-reals-art-vs-1-ab-werk-24294\/#breadcrumb\"},\"inLanguage\":\"es\",\"potentialAction\":[{\"@type\":\"ReadAction\",\"target\":[\"https:\/\/www.casadelectores.com\/index.php\/producto\/espais-reals-art-vs-1-ab-werk-24294\/\"]}]},{\"@type\":\"ImageObject\",\"inLanguage\":\"es\",\"@id\":\"https:\/\/www.casadelectores.com\/index.php\/producto\/espais-reals-art-vs-1-ab-werk-24294\/#primaryimage\",\"url\":\"https:\/\/www.casadelectores.com\/wp-content\/uploads\/2025\/SK0188647-DE20251119-101116-0-1763518286-978848338349.webp\",\"contentUrl\":\"https:\/\/www.casadelectores.com\/wp-content\/uploads\/2025\/SK0188647-DE20251119-101116-0-1763518286-978848338349.webp\",\"width\":300,\"height\":383},{\"@type\":\"BreadcrumbList\",\"@id\":\"https:\/\/www.casadelectores.com\/index.php\/producto\/espais-reals-art-vs-1-ab-werk-24294\/#breadcrumb\",\"itemListElement\":[{\"@type\":\"ListItem\",\"position\":1,\"name\":\"Portada\",\"item\":\"https:\/\/www.casadelectores.com\/\"},{\"@type\":\"ListItem\",\"position\":2,\"name\":\"Shop\",\"item\":\"https:\/\/www.casadelectores.com\/index.php\/shop\/\"},{\"@type\":\"ListItem\",\"position\":3,\"name\":\"ESPAIS REALS 1 Ab Werk\"}]},{\"@type\":\"WebSite\",\"@id\":\"https:\/\/www.casadelectores.com\/#website\",\"url\":\"https:\/\/www.casadelectores.com\/\",\"name\":\"Enam\u00f3rate de las compras\",\"description\":\"\",\"publisher\":{\"@id\":\"https:\/\/www.casadelectores.com\/#organization\"},\"potentialAction\":[{\"@type\":\"SearchAction\",\"target\":{\"@type\":\"EntryPoint\",\"urlTemplate\":\"https:\/\/www.casadelectores.com\/?s={search_term_string}\"},\"query-input\":{\"@type\":\"PropertyValueSpecification\",\"valueRequired\":true,\"valueName\":\"search_term_string\"}}],\"inLanguage\":\"es\"},{\"@type\":\"Organization\",\"@id\":\"https:\/\/www.casadelectores.com\/#organization\",\"name\":\"Enam\u00f3rate de las compras\",\"url\":\"https:\/\/www.casadelectores.com\/\",\"logo\":{\"@type\":\"ImageObject\",\"inLanguage\":\"es\",\"@id\":\"https:\/\/www.casadelectores.com\/#\/schema\/logo\/image\/\",\"url\":\"https:\/\/www.casadelectores.com\/wp-content\/uploads\/2020\/10\/shop-icon.png\",\"contentUrl\":\"https:\/\/www.casadelectores.com\/wp-content\/uploads\/2020\/10\/shop-icon.png\",\"width\":512,\"height\":512,\"caption\":\"Enam\u00f3rate de las compras\"},\"image\":{\"@id\":\"https:\/\/www.casadelectores.com\/#\/schema\/logo\/image\/\"}}]}<\/script>\n<!-- \/ Yoast SEO plugin. -->","yoast_head_json":{"title":"ESPAIS REALS  1 Ab Werk - casadelectores","robots":{"index":"index","follow":"follow","max-snippet":"max-snippet:-1","max-image-preview":"max-image-preview:large","max-video-preview":"max-video-preview:-1"},"canonical":"https:\/\/www.casadelectores.com\/index.php\/producto\/espais-reals-art-vs-1-ab-werk-24294\/","og_locale":"es_ES","og_type":"article","og_title":"ESPAIS REALS  1 Ab Werk - casadelectores","og_description":"Espais Reals, primer n\u00famero (d?art-vs), es dedica a explorar l?inter\u00e8s evident que l?art contemporani ha manifestat en aquests darrers anys per retratar i documentar situacions reals, enlloc de la tradicional funci\u00f3 de construcci\u00f3 canals per a fer-hi circular la imaginaci\u00f3 i el fantasieg. Coordinat per Mart\u00ed Peran, s?hi apleguen les an\u00e1lisis del tema des de&hellip;&nbsp;ESPAIS REALS 1 Ab Werk","og_url":"https:\/\/www.casadelectores.com\/index.php\/producto\/espais-reals-art-vs-1-ab-werk-24294\/","og_site_name":"casadelectores","og_image":[{"width":300,"height":383,"url":"https:\/\/www.casadelectores.com\/wp-content\/uploads\/2025\/SK0188647-DE20251119-101116-0-1763518286-978848338349.webp","type":"image\/webp"}],"twitter_card":"summary_large_image","twitter_misc":{"Tiempo de lectura":"1 minuto"},"schema":{"@context":"https:\/\/schema.org","@graph":[{"@type":"WebPage","@id":"https:\/\/www.casadelectores.com\/index.php\/producto\/espais-reals-art-vs-1-ab-werk-24294\/","url":"https:\/\/www.casadelectores.com\/index.php\/producto\/espais-reals-art-vs-1-ab-werk-24294\/","name":"ESPAIS REALS 1 Ab Werk - casadelectores","isPartOf":{"@id":"https:\/\/www.casadelectores.com\/#website"},"primaryImageOfPage":{"@id":"https:\/\/www.casadelectores.com\/index.php\/producto\/espais-reals-art-vs-1-ab-werk-24294\/#primaryimage"},"image":{"@id":"https:\/\/www.casadelectores.com\/index.php\/producto\/espais-reals-art-vs-1-ab-werk-24294\/#primaryimage"},"thumbnailUrl":"https:\/\/www.casadelectores.com\/wp-content\/uploads\/2025\/SK0188647-DE20251119-101116-0-1763518286-978848338349.webp","datePublished":"2025-11-25T09:05:03+00:00","breadcrumb":{"@id":"https:\/\/www.casadelectores.com\/index.php\/producto\/espais-reals-art-vs-1-ab-werk-24294\/#breadcrumb"},"inLanguage":"es","potentialAction":[{"@type":"ReadAction","target":["https:\/\/www.casadelectores.com\/index.php\/producto\/espais-reals-art-vs-1-ab-werk-24294\/"]}]},{"@type":"ImageObject","inLanguage":"es","@id":"https:\/\/www.casadelectores.com\/index.php\/producto\/espais-reals-art-vs-1-ab-werk-24294\/#primaryimage","url":"https:\/\/www.casadelectores.com\/wp-content\/uploads\/2025\/SK0188647-DE20251119-101116-0-1763518286-978848338349.webp","contentUrl":"https:\/\/www.casadelectores.com\/wp-content\/uploads\/2025\/SK0188647-DE20251119-101116-0-1763518286-978848338349.webp","width":300,"height":383},{"@type":"BreadcrumbList","@id":"https:\/\/www.casadelectores.com\/index.php\/producto\/espais-reals-art-vs-1-ab-werk-24294\/#breadcrumb","itemListElement":[{"@type":"ListItem","position":1,"name":"Portada","item":"https:\/\/www.casadelectores.com\/"},{"@type":"ListItem","position":2,"name":"Shop","item":"https:\/\/www.casadelectores.com\/index.php\/shop\/"},{"@type":"ListItem","position":3,"name":"ESPAIS REALS 1 Ab Werk"}]},{"@type":"WebSite","@id":"https:\/\/www.casadelectores.com\/#website","url":"https:\/\/www.casadelectores.com\/","name":"Enam\u00f3rate de las compras","description":"","publisher":{"@id":"https:\/\/www.casadelectores.com\/#organization"},"potentialAction":[{"@type":"SearchAction","target":{"@type":"EntryPoint","urlTemplate":"https:\/\/www.casadelectores.com\/?s={search_term_string}"},"query-input":{"@type":"PropertyValueSpecification","valueRequired":true,"valueName":"search_term_string"}}],"inLanguage":"es"},{"@type":"Organization","@id":"https:\/\/www.casadelectores.com\/#organization","name":"Enam\u00f3rate de las compras","url":"https:\/\/www.casadelectores.com\/","logo":{"@type":"ImageObject","inLanguage":"es","@id":"https:\/\/www.casadelectores.com\/#\/schema\/logo\/image\/","url":"https:\/\/www.casadelectores.com\/wp-content\/uploads\/2020\/10\/shop-icon.png","contentUrl":"https:\/\/www.casadelectores.com\/wp-content\/uploads\/2020\/10\/shop-icon.png","width":512,"height":512,"caption":"Enam\u00f3rate de las compras"},"image":{"@id":"https:\/\/www.casadelectores.com\/#\/schema\/logo\/image\/"}}]}},"_links":{"self":[{"href":"https:\/\/www.casadelectores.com\/index.php\/wp-json\/wp\/v2\/product\/24294","targetHints":{"allow":["GET"]}}],"collection":[{"href":"https:\/\/www.casadelectores.com\/index.php\/wp-json\/wp\/v2\/product"}],"about":[{"href":"https:\/\/www.casadelectores.com\/index.php\/wp-json\/wp\/v2\/types\/product"}],"wp:featuredmedia":[{"embeddable":true,"href":"https:\/\/www.casadelectores.com\/index.php\/wp-json\/wp\/v2\/media\/24394"}],"wp:attachment":[{"href":"https:\/\/www.casadelectores.com\/index.php\/wp-json\/wp\/v2\/media?parent=24294"}],"wp:term":[{"taxonomy":"product_brand","embeddable":true,"href":"https:\/\/www.casadelectores.com\/index.php\/wp-json\/wp\/v2\/product_brand?post=24294"},{"taxonomy":"product_cat","embeddable":true,"href":"https:\/\/www.casadelectores.com\/index.php\/wp-json\/wp\/v2\/product_cat?post=24294"},{"taxonomy":"product_tag","embeddable":true,"href":"https:\/\/www.casadelectores.com\/index.php\/wp-json\/wp\/v2\/product_tag?post=24294"}],"curies":[{"name":"wp","href":"https:\/\/api.w.org\/{rel}","templated":true}]}}