{"id":2404,"date":"2025-11-25T09:04:28","date_gmt":"2025-11-25T09:04:28","guid":{"rendered":""},"modified":"2025-11-25T09:04:28","modified_gmt":"2025-11-25T09:04:28","slug":"fotografia-como-arquitectura-click-1-sonderangebot-2404","status":"publish","type":"product","link":"https:\/\/www.casadelectores.com\/index.php\/producto\/fotografia-como-arquitectura-click-1-sonderangebot-2404\/","title":{"rendered":"FOTOGRAF\u00cdA COMO ARQUITECTURA. CLICK 1 Sonderangebot"},"content":{"rendered":"<p>Desde las primeras d\u00e9cadas del siglo XX la fotograf\u00eda ha sido un aliado esencial de la arquitectura, para su desarrollo, su ense\u00f1anza y su aprendizaje. En los \u00faltimos a\u00f1os, las din\u00e1micas entre ambas disciplinas s\u00f3lo han hecho que aumentar gracias a la aparici\u00f3n de nuevas pr\u00e1cticas que plantean desaf\u00edos tanto al hacer del arquitecto como al del fot\u00f3grafo. Con este libro se pretende contribuir al avance en la comprensi\u00f3n de los modos de mirar de uno y otro y de sus mutuas repercusiones. El volumen re\u00fane contribuciones realizadas desde Espa\u00f1a, M\u00e9xico, Chile, Ecuador, Brasil y Venezuela suscitadas a partir del Seminario Internacional sobre Arquitectura Moderna y Fotograf\u00eda celebrado en Barcelona los d\u00edas 9 y 10 de abril de 2015. En Am\u00e9rica Latina, como en el resto del mundo, los fot\u00f3grafos jugaron un doble papel: registraron el patrimonio arquitect\u00f3nico y contribuyeron decisivamente a construir el universo visual de referencia de los arquitectos. Los documentos compilados desde Barcelona abren perspectivas sobre el inexplorado panorama del registro visual de la arquitectura moderna en Am\u00e9rica Latina. \u00ab,<\/p>\n","protected":false},"excerpt":{"rendered":"<p>Desde las primeras d\u00e9cadas del siglo XX la fotograf\u00eda ha sido un aliado esencial de la arquitectura, para su desarrollo, su ense\u00f1anza y su aprendizaje. En los \u00faltimos a\u00f1os, las din\u00e1micas entre ambas disciplinas s\u00f3lo han hecho que aumentar gracias a la aparici\u00f3n de nuevas pr\u00e1cticas que plantean desaf\u00edos tanto al hacer del arquitecto como&hellip;&nbsp;<a href=\"https:\/\/www.casadelectores.com\/index.php\/producto\/fotografia-como-arquitectura-click-1-sonderangebot-2404\/\" rel=\"bookmark\"><span class=\"screen-reader-text\">FOTOGRAF\u00cdA COMO ARQUITECTURA. CLICK 1 Sonderangebot<\/span><\/a><\/p>\n","protected":false},"featured_media":2504,"template":"","meta":{"neve_meta_sidebar":"","neve_meta_container":"","neve_meta_enable_content_width":"","neve_meta_content_width":0,"neve_meta_title_alignment":"","neve_meta_author_avatar":"","neve_post_elements_order":"","neve_meta_disable_header":"","neve_meta_disable_footer":"","neve_meta_disable_title":"","_themeisle_gutenberg_block_has_review":false},"product_brand":[],"product_cat":[26],"product_tag":[],"class_list":["post-2404","product","type-product","status-publish","has-post-thumbnail","product_cat-publicaciones-de-libros","first","instock","sale","shipping-taxable","purchasable","product-type-simple"],"yoast_head":"<!-- This site is optimized with the Yoast SEO plugin v26.3 - https:\/\/yoast.com\/wordpress\/plugins\/seo\/ -->\n<title>FOTOGRAF\u00cdA COMO ARQUITECTURA. CLICK 1 Sonderangebot - casadelectores<\/title>\n<meta name=\"robots\" content=\"index, follow, max-snippet:-1, max-image-preview:large, max-video-preview:-1\" \/>\n<link rel=\"canonical\" href=\"https:\/\/www.casadelectores.com\/index.php\/producto\/fotografia-como-arquitectura-click-1-sonderangebot-2404\/\" \/>\n<meta property=\"og:locale\" content=\"es_ES\" \/>\n<meta property=\"og:type\" content=\"article\" \/>\n<meta property=\"og:title\" content=\"FOTOGRAF\u00cdA COMO ARQUITECTURA. CLICK 1 Sonderangebot - casadelectores\" \/>\n<meta property=\"og:description\" content=\"Desde las primeras d\u00e9cadas del siglo XX la fotograf\u00eda ha sido un aliado esencial de la arquitectura, para su desarrollo, su ense\u00f1anza y su aprendizaje. En los \u00faltimos a\u00f1os, las din\u00e1micas entre ambas disciplinas s\u00f3lo han hecho que aumentar gracias a la aparici\u00f3n de nuevas pr\u00e1cticas que plantean desaf\u00edos tanto al hacer del arquitecto como&hellip;&nbsp;FOTOGRAF\u00cdA COMO ARQUITECTURA. CLICK 1 Sonderangebot\" \/>\n<meta property=\"og:url\" content=\"https:\/\/www.casadelectores.com\/index.php\/producto\/fotografia-como-arquitectura-click-1-sonderangebot-2404\/\" \/>\n<meta property=\"og:site_name\" content=\"casadelectores\" \/>\n<meta property=\"og:image\" content=\"https:\/\/www.casadelectores.com\/wp-content\/uploads\/2025\/SK0175670-DE20251119-101116-0-1763518286-978849880561.webp\" \/>\n\t<meta property=\"og:image:width\" content=\"300\" \/>\n\t<meta property=\"og:image:height\" content=\"349\" \/>\n\t<meta property=\"og:image:type\" content=\"image\/webp\" \/>\n<meta name=\"twitter:card\" content=\"summary_large_image\" \/>\n<meta name=\"twitter:label1\" content=\"Tiempo de lectura\" \/>\n\t<meta name=\"twitter:data1\" content=\"1 minuto\" \/>\n<script type=\"application\/ld+json\" class=\"yoast-schema-graph\">{\"@context\":\"https:\/\/schema.org\",\"@graph\":[{\"@type\":\"WebPage\",\"@id\":\"https:\/\/www.casadelectores.com\/index.php\/producto\/fotografia-como-arquitectura-click-1-sonderangebot-2404\/\",\"url\":\"https:\/\/www.casadelectores.com\/index.php\/producto\/fotografia-como-arquitectura-click-1-sonderangebot-2404\/\",\"name\":\"FOTOGRAF\u00cdA COMO ARQUITECTURA. CLICK 1 Sonderangebot - casadelectores\",\"isPartOf\":{\"@id\":\"https:\/\/www.casadelectores.com\/#website\"},\"primaryImageOfPage\":{\"@id\":\"https:\/\/www.casadelectores.com\/index.php\/producto\/fotografia-como-arquitectura-click-1-sonderangebot-2404\/#primaryimage\"},\"image\":{\"@id\":\"https:\/\/www.casadelectores.com\/index.php\/producto\/fotografia-como-arquitectura-click-1-sonderangebot-2404\/#primaryimage\"},\"thumbnailUrl\":\"https:\/\/www.casadelectores.com\/wp-content\/uploads\/2025\/SK0175670-DE20251119-101116-0-1763518286-978849880561.webp\",\"datePublished\":\"2025-11-25T09:04:28+00:00\",\"breadcrumb\":{\"@id\":\"https:\/\/www.casadelectores.com\/index.php\/producto\/fotografia-como-arquitectura-click-1-sonderangebot-2404\/#breadcrumb\"},\"inLanguage\":\"es\",\"potentialAction\":[{\"@type\":\"ReadAction\",\"target\":[\"https:\/\/www.casadelectores.com\/index.php\/producto\/fotografia-como-arquitectura-click-1-sonderangebot-2404\/\"]}]},{\"@type\":\"ImageObject\",\"inLanguage\":\"es\",\"@id\":\"https:\/\/www.casadelectores.com\/index.php\/producto\/fotografia-como-arquitectura-click-1-sonderangebot-2404\/#primaryimage\",\"url\":\"https:\/\/www.casadelectores.com\/wp-content\/uploads\/2025\/SK0175670-DE20251119-101116-0-1763518286-978849880561.webp\",\"contentUrl\":\"https:\/\/www.casadelectores.com\/wp-content\/uploads\/2025\/SK0175670-DE20251119-101116-0-1763518286-978849880561.webp\",\"width\":300,\"height\":349},{\"@type\":\"BreadcrumbList\",\"@id\":\"https:\/\/www.casadelectores.com\/index.php\/producto\/fotografia-como-arquitectura-click-1-sonderangebot-2404\/#breadcrumb\",\"itemListElement\":[{\"@type\":\"ListItem\",\"position\":1,\"name\":\"Portada\",\"item\":\"https:\/\/www.casadelectores.com\/\"},{\"@type\":\"ListItem\",\"position\":2,\"name\":\"Shop\",\"item\":\"https:\/\/www.casadelectores.com\/index.php\/shop\/\"},{\"@type\":\"ListItem\",\"position\":3,\"name\":\"FOTOGRAF\u00cdA COMO ARQUITECTURA. CLICK 1 Sonderangebot\"}]},{\"@type\":\"WebSite\",\"@id\":\"https:\/\/www.casadelectores.com\/#website\",\"url\":\"https:\/\/www.casadelectores.com\/\",\"name\":\"Enam\u00f3rate de las compras\",\"description\":\"\",\"publisher\":{\"@id\":\"https:\/\/www.casadelectores.com\/#organization\"},\"potentialAction\":[{\"@type\":\"SearchAction\",\"target\":{\"@type\":\"EntryPoint\",\"urlTemplate\":\"https:\/\/www.casadelectores.com\/?s={search_term_string}\"},\"query-input\":{\"@type\":\"PropertyValueSpecification\",\"valueRequired\":true,\"valueName\":\"search_term_string\"}}],\"inLanguage\":\"es\"},{\"@type\":\"Organization\",\"@id\":\"https:\/\/www.casadelectores.com\/#organization\",\"name\":\"Enam\u00f3rate de las compras\",\"url\":\"https:\/\/www.casadelectores.com\/\",\"logo\":{\"@type\":\"ImageObject\",\"inLanguage\":\"es\",\"@id\":\"https:\/\/www.casadelectores.com\/#\/schema\/logo\/image\/\",\"url\":\"https:\/\/www.casadelectores.com\/wp-content\/uploads\/2020\/10\/shop-icon.png\",\"contentUrl\":\"https:\/\/www.casadelectores.com\/wp-content\/uploads\/2020\/10\/shop-icon.png\",\"width\":512,\"height\":512,\"caption\":\"Enam\u00f3rate de las compras\"},\"image\":{\"@id\":\"https:\/\/www.casadelectores.com\/#\/schema\/logo\/image\/\"}}]}<\/script>\n<!-- \/ Yoast SEO plugin. -->","yoast_head_json":{"title":"FOTOGRAF\u00cdA COMO ARQUITECTURA. CLICK 1 Sonderangebot - casadelectores","robots":{"index":"index","follow":"follow","max-snippet":"max-snippet:-1","max-image-preview":"max-image-preview:large","max-video-preview":"max-video-preview:-1"},"canonical":"https:\/\/www.casadelectores.com\/index.php\/producto\/fotografia-como-arquitectura-click-1-sonderangebot-2404\/","og_locale":"es_ES","og_type":"article","og_title":"FOTOGRAF\u00cdA COMO ARQUITECTURA. CLICK 1 Sonderangebot - casadelectores","og_description":"Desde las primeras d\u00e9cadas del siglo XX la fotograf\u00eda ha sido un aliado esencial de la arquitectura, para su desarrollo, su ense\u00f1anza y su aprendizaje. En los \u00faltimos a\u00f1os, las din\u00e1micas entre ambas disciplinas s\u00f3lo han hecho que aumentar gracias a la aparici\u00f3n de nuevas pr\u00e1cticas que plantean desaf\u00edos tanto al hacer del arquitecto como&hellip;&nbsp;FOTOGRAF\u00cdA COMO ARQUITECTURA. CLICK 1 Sonderangebot","og_url":"https:\/\/www.casadelectores.com\/index.php\/producto\/fotografia-como-arquitectura-click-1-sonderangebot-2404\/","og_site_name":"casadelectores","og_image":[{"width":300,"height":349,"url":"https:\/\/www.casadelectores.com\/wp-content\/uploads\/2025\/SK0175670-DE20251119-101116-0-1763518286-978849880561.webp","type":"image\/webp"}],"twitter_card":"summary_large_image","twitter_misc":{"Tiempo de lectura":"1 minuto"},"schema":{"@context":"https:\/\/schema.org","@graph":[{"@type":"WebPage","@id":"https:\/\/www.casadelectores.com\/index.php\/producto\/fotografia-como-arquitectura-click-1-sonderangebot-2404\/","url":"https:\/\/www.casadelectores.com\/index.php\/producto\/fotografia-como-arquitectura-click-1-sonderangebot-2404\/","name":"FOTOGRAF\u00cdA COMO ARQUITECTURA. CLICK 1 Sonderangebot - casadelectores","isPartOf":{"@id":"https:\/\/www.casadelectores.com\/#website"},"primaryImageOfPage":{"@id":"https:\/\/www.casadelectores.com\/index.php\/producto\/fotografia-como-arquitectura-click-1-sonderangebot-2404\/#primaryimage"},"image":{"@id":"https:\/\/www.casadelectores.com\/index.php\/producto\/fotografia-como-arquitectura-click-1-sonderangebot-2404\/#primaryimage"},"thumbnailUrl":"https:\/\/www.casadelectores.com\/wp-content\/uploads\/2025\/SK0175670-DE20251119-101116-0-1763518286-978849880561.webp","datePublished":"2025-11-25T09:04:28+00:00","breadcrumb":{"@id":"https:\/\/www.casadelectores.com\/index.php\/producto\/fotografia-como-arquitectura-click-1-sonderangebot-2404\/#breadcrumb"},"inLanguage":"es","potentialAction":[{"@type":"ReadAction","target":["https:\/\/www.casadelectores.com\/index.php\/producto\/fotografia-como-arquitectura-click-1-sonderangebot-2404\/"]}]},{"@type":"ImageObject","inLanguage":"es","@id":"https:\/\/www.casadelectores.com\/index.php\/producto\/fotografia-como-arquitectura-click-1-sonderangebot-2404\/#primaryimage","url":"https:\/\/www.casadelectores.com\/wp-content\/uploads\/2025\/SK0175670-DE20251119-101116-0-1763518286-978849880561.webp","contentUrl":"https:\/\/www.casadelectores.com\/wp-content\/uploads\/2025\/SK0175670-DE20251119-101116-0-1763518286-978849880561.webp","width":300,"height":349},{"@type":"BreadcrumbList","@id":"https:\/\/www.casadelectores.com\/index.php\/producto\/fotografia-como-arquitectura-click-1-sonderangebot-2404\/#breadcrumb","itemListElement":[{"@type":"ListItem","position":1,"name":"Portada","item":"https:\/\/www.casadelectores.com\/"},{"@type":"ListItem","position":2,"name":"Shop","item":"https:\/\/www.casadelectores.com\/index.php\/shop\/"},{"@type":"ListItem","position":3,"name":"FOTOGRAF\u00cdA COMO ARQUITECTURA. CLICK 1 Sonderangebot"}]},{"@type":"WebSite","@id":"https:\/\/www.casadelectores.com\/#website","url":"https:\/\/www.casadelectores.com\/","name":"Enam\u00f3rate de las compras","description":"","publisher":{"@id":"https:\/\/www.casadelectores.com\/#organization"},"potentialAction":[{"@type":"SearchAction","target":{"@type":"EntryPoint","urlTemplate":"https:\/\/www.casadelectores.com\/?s={search_term_string}"},"query-input":{"@type":"PropertyValueSpecification","valueRequired":true,"valueName":"search_term_string"}}],"inLanguage":"es"},{"@type":"Organization","@id":"https:\/\/www.casadelectores.com\/#organization","name":"Enam\u00f3rate de las compras","url":"https:\/\/www.casadelectores.com\/","logo":{"@type":"ImageObject","inLanguage":"es","@id":"https:\/\/www.casadelectores.com\/#\/schema\/logo\/image\/","url":"https:\/\/www.casadelectores.com\/wp-content\/uploads\/2020\/10\/shop-icon.png","contentUrl":"https:\/\/www.casadelectores.com\/wp-content\/uploads\/2020\/10\/shop-icon.png","width":512,"height":512,"caption":"Enam\u00f3rate de las compras"},"image":{"@id":"https:\/\/www.casadelectores.com\/#\/schema\/logo\/image\/"}}]}},"_links":{"self":[{"href":"https:\/\/www.casadelectores.com\/index.php\/wp-json\/wp\/v2\/product\/2404","targetHints":{"allow":["GET"]}}],"collection":[{"href":"https:\/\/www.casadelectores.com\/index.php\/wp-json\/wp\/v2\/product"}],"about":[{"href":"https:\/\/www.casadelectores.com\/index.php\/wp-json\/wp\/v2\/types\/product"}],"wp:featuredmedia":[{"embeddable":true,"href":"https:\/\/www.casadelectores.com\/index.php\/wp-json\/wp\/v2\/media\/2504"}],"wp:attachment":[{"href":"https:\/\/www.casadelectores.com\/index.php\/wp-json\/wp\/v2\/media?parent=2404"}],"wp:term":[{"taxonomy":"product_brand","embeddable":true,"href":"https:\/\/www.casadelectores.com\/index.php\/wp-json\/wp\/v2\/product_brand?post=2404"},{"taxonomy":"product_cat","embeddable":true,"href":"https:\/\/www.casadelectores.com\/index.php\/wp-json\/wp\/v2\/product_cat?post=2404"},{"taxonomy":"product_tag","embeddable":true,"href":"https:\/\/www.casadelectores.com\/index.php\/wp-json\/wp\/v2\/product_tag?post=2404"}],"curies":[{"name":"wp","href":"https:\/\/api.w.org\/{rel}","templated":true}]}}