{"id":21530,"date":"2025-11-25T09:04:58","date_gmt":"2025-11-25T09:04:58","guid":{"rendered":""},"modified":"2025-11-25T09:04:58","modified_gmt":"2025-11-25T09:04:58","slug":"finale-aktion-la-momia-del-magnific-manetti-21530","status":"publish","type":"product","link":"https:\/\/www.casadelectores.com\/index.php\/producto\/finale-aktion-la-momia-del-magnific-manetti-21530\/","title":{"rendered":"Finale Aktion LA M\u00d2MIA DEL MAGN\u00cdFIC MANETTI"},"content":{"rendered":"<p>Amb deu anys, l?Andy no ha fet mai res que pugui dir-se \u00abmagn\u00edfic\u00bb, d?aix\u00f2 n?\u00e9s expert el seu germanastre, el brillant Jason. Per\u00f2 succeeix una cosa estranya quan l?Andy t\u00e9 l?ocasi\u00f3 d?estar davant d?una m\u00f2mia aut\u00e8ntica al museu. Des d?aquell moment la seva vida canvia fent un gir espectacular, tan meravell\u00f3s com inquietant. \u00ab,<\/p>\n","protected":false},"excerpt":{"rendered":"<p>Amb deu anys, l?Andy no ha fet mai res que pugui dir-se \u00abmagn\u00edfic\u00bb, d?aix\u00f2 n?\u00e9s expert el seu germanastre, el brillant Jason. Per\u00f2 succeeix una cosa estranya quan l?Andy t\u00e9 l?ocasi\u00f3 d?estar davant d?una m\u00f2mia aut\u00e8ntica al museu. Des d?aquell moment la seva vida canvia fent un gir espectacular, tan meravell\u00f3s com inquietant. \u00ab,<\/p>\n","protected":false},"featured_media":21630,"template":"","meta":{"neve_meta_sidebar":"","neve_meta_container":"","neve_meta_enable_content_width":"","neve_meta_content_width":0,"neve_meta_title_alignment":"","neve_meta_author_avatar":"","neve_post_elements_order":"","neve_meta_disable_header":"","neve_meta_disable_footer":"","neve_meta_disable_title":"","_themeisle_gutenberg_block_has_review":false},"product_brand":[],"product_cat":[26],"product_tag":[],"class_list":["post-21530","product","type-product","status-publish","has-post-thumbnail","product_cat-publicaciones-de-libros","first","instock","sale","shipping-taxable","purchasable","product-type-simple"],"yoast_head":"<!-- This site is optimized with the Yoast SEO plugin v26.3 - https:\/\/yoast.com\/wordpress\/plugins\/seo\/ -->\n<title>Finale Aktion LA M\u00d2MIA DEL MAGN\u00cdFIC MANETTI - casadelectores<\/title>\n<meta name=\"robots\" content=\"index, follow, max-snippet:-1, max-image-preview:large, max-video-preview:-1\" \/>\n<link rel=\"canonical\" href=\"https:\/\/www.casadelectores.com\/index.php\/producto\/finale-aktion-la-momia-del-magnific-manetti-21530\/\" \/>\n<meta property=\"og:locale\" content=\"es_ES\" \/>\n<meta property=\"og:type\" content=\"article\" \/>\n<meta property=\"og:title\" content=\"Finale Aktion LA M\u00d2MIA DEL MAGN\u00cdFIC MANETTI - casadelectores\" \/>\n<meta property=\"og:description\" content=\"Amb deu anys, l?Andy no ha fet mai res que pugui dir-se \u00abmagn\u00edfic\u00bb, d?aix\u00f2 n?\u00e9s expert el seu germanastre, el brillant Jason. Per\u00f2 succeeix una cosa estranya quan l?Andy t\u00e9 l?ocasi\u00f3 d?estar davant d?una m\u00f2mia aut\u00e8ntica al museu. Des d?aquell moment la seva vida canvia fent un gir espectacular, tan meravell\u00f3s com inquietant. \u00ab,\" \/>\n<meta property=\"og:url\" content=\"https:\/\/www.casadelectores.com\/index.php\/producto\/finale-aktion-la-momia-del-magnific-manetti-21530\/\" \/>\n<meta property=\"og:site_name\" content=\"casadelectores\" \/>\n<meta property=\"og:image\" content=\"https:\/\/www.casadelectores.com\/wp-content\/uploads\/2025\/SK0187199-DE20251119-101116-0-1763518286-978841666123.webp\" \/>\n\t<meta property=\"og:image:width\" content=\"300\" \/>\n\t<meta property=\"og:image:height\" content=\"446\" \/>\n\t<meta property=\"og:image:type\" content=\"image\/webp\" \/>\n<meta name=\"twitter:card\" content=\"summary_large_image\" \/>\n<script type=\"application\/ld+json\" class=\"yoast-schema-graph\">{\"@context\":\"https:\/\/schema.org\",\"@graph\":[{\"@type\":\"WebPage\",\"@id\":\"https:\/\/www.casadelectores.com\/index.php\/producto\/finale-aktion-la-momia-del-magnific-manetti-21530\/\",\"url\":\"https:\/\/www.casadelectores.com\/index.php\/producto\/finale-aktion-la-momia-del-magnific-manetti-21530\/\",\"name\":\"Finale Aktion LA M\u00d2MIA DEL MAGN\u00cdFIC MANETTI - casadelectores\",\"isPartOf\":{\"@id\":\"https:\/\/www.casadelectores.com\/#website\"},\"primaryImageOfPage\":{\"@id\":\"https:\/\/www.casadelectores.com\/index.php\/producto\/finale-aktion-la-momia-del-magnific-manetti-21530\/#primaryimage\"},\"image\":{\"@id\":\"https:\/\/www.casadelectores.com\/index.php\/producto\/finale-aktion-la-momia-del-magnific-manetti-21530\/#primaryimage\"},\"thumbnailUrl\":\"https:\/\/www.casadelectores.com\/wp-content\/uploads\/2025\/SK0187199-DE20251119-101116-0-1763518286-978841666123.webp\",\"datePublished\":\"2025-11-25T09:04:58+00:00\",\"breadcrumb\":{\"@id\":\"https:\/\/www.casadelectores.com\/index.php\/producto\/finale-aktion-la-momia-del-magnific-manetti-21530\/#breadcrumb\"},\"inLanguage\":\"es\",\"potentialAction\":[{\"@type\":\"ReadAction\",\"target\":[\"https:\/\/www.casadelectores.com\/index.php\/producto\/finale-aktion-la-momia-del-magnific-manetti-21530\/\"]}]},{\"@type\":\"ImageObject\",\"inLanguage\":\"es\",\"@id\":\"https:\/\/www.casadelectores.com\/index.php\/producto\/finale-aktion-la-momia-del-magnific-manetti-21530\/#primaryimage\",\"url\":\"https:\/\/www.casadelectores.com\/wp-content\/uploads\/2025\/SK0187199-DE20251119-101116-0-1763518286-978841666123.webp\",\"contentUrl\":\"https:\/\/www.casadelectores.com\/wp-content\/uploads\/2025\/SK0187199-DE20251119-101116-0-1763518286-978841666123.webp\",\"width\":300,\"height\":446},{\"@type\":\"BreadcrumbList\",\"@id\":\"https:\/\/www.casadelectores.com\/index.php\/producto\/finale-aktion-la-momia-del-magnific-manetti-21530\/#breadcrumb\",\"itemListElement\":[{\"@type\":\"ListItem\",\"position\":1,\"name\":\"Portada\",\"item\":\"https:\/\/www.casadelectores.com\/\"},{\"@type\":\"ListItem\",\"position\":2,\"name\":\"Shop\",\"item\":\"https:\/\/www.casadelectores.com\/index.php\/shop\/\"},{\"@type\":\"ListItem\",\"position\":3,\"name\":\"Finale Aktion LA M\u00d2MIA DEL MAGN\u00cdFIC MANETTI\"}]},{\"@type\":\"WebSite\",\"@id\":\"https:\/\/www.casadelectores.com\/#website\",\"url\":\"https:\/\/www.casadelectores.com\/\",\"name\":\"Enam\u00f3rate de las compras\",\"description\":\"\",\"publisher\":{\"@id\":\"https:\/\/www.casadelectores.com\/#organization\"},\"potentialAction\":[{\"@type\":\"SearchAction\",\"target\":{\"@type\":\"EntryPoint\",\"urlTemplate\":\"https:\/\/www.casadelectores.com\/?s={search_term_string}\"},\"query-input\":{\"@type\":\"PropertyValueSpecification\",\"valueRequired\":true,\"valueName\":\"search_term_string\"}}],\"inLanguage\":\"es\"},{\"@type\":\"Organization\",\"@id\":\"https:\/\/www.casadelectores.com\/#organization\",\"name\":\"Enam\u00f3rate de las compras\",\"url\":\"https:\/\/www.casadelectores.com\/\",\"logo\":{\"@type\":\"ImageObject\",\"inLanguage\":\"es\",\"@id\":\"https:\/\/www.casadelectores.com\/#\/schema\/logo\/image\/\",\"url\":\"https:\/\/www.casadelectores.com\/wp-content\/uploads\/2020\/10\/shop-icon.png\",\"contentUrl\":\"https:\/\/www.casadelectores.com\/wp-content\/uploads\/2020\/10\/shop-icon.png\",\"width\":512,\"height\":512,\"caption\":\"Enam\u00f3rate de las compras\"},\"image\":{\"@id\":\"https:\/\/www.casadelectores.com\/#\/schema\/logo\/image\/\"}}]}<\/script>\n<!-- \/ Yoast SEO plugin. -->","yoast_head_json":{"title":"Finale Aktion LA M\u00d2MIA DEL MAGN\u00cdFIC MANETTI - casadelectores","robots":{"index":"index","follow":"follow","max-snippet":"max-snippet:-1","max-image-preview":"max-image-preview:large","max-video-preview":"max-video-preview:-1"},"canonical":"https:\/\/www.casadelectores.com\/index.php\/producto\/finale-aktion-la-momia-del-magnific-manetti-21530\/","og_locale":"es_ES","og_type":"article","og_title":"Finale Aktion LA M\u00d2MIA DEL MAGN\u00cdFIC MANETTI - casadelectores","og_description":"Amb deu anys, l?Andy no ha fet mai res que pugui dir-se \u00abmagn\u00edfic\u00bb, d?aix\u00f2 n?\u00e9s expert el seu germanastre, el brillant Jason. Per\u00f2 succeeix una cosa estranya quan l?Andy t\u00e9 l?ocasi\u00f3 d?estar davant d?una m\u00f2mia aut\u00e8ntica al museu. Des d?aquell moment la seva vida canvia fent un gir espectacular, tan meravell\u00f3s com inquietant. \u00ab,","og_url":"https:\/\/www.casadelectores.com\/index.php\/producto\/finale-aktion-la-momia-del-magnific-manetti-21530\/","og_site_name":"casadelectores","og_image":[{"width":300,"height":446,"url":"https:\/\/www.casadelectores.com\/wp-content\/uploads\/2025\/SK0187199-DE20251119-101116-0-1763518286-978841666123.webp","type":"image\/webp"}],"twitter_card":"summary_large_image","schema":{"@context":"https:\/\/schema.org","@graph":[{"@type":"WebPage","@id":"https:\/\/www.casadelectores.com\/index.php\/producto\/finale-aktion-la-momia-del-magnific-manetti-21530\/","url":"https:\/\/www.casadelectores.com\/index.php\/producto\/finale-aktion-la-momia-del-magnific-manetti-21530\/","name":"Finale Aktion LA M\u00d2MIA DEL MAGN\u00cdFIC MANETTI - casadelectores","isPartOf":{"@id":"https:\/\/www.casadelectores.com\/#website"},"primaryImageOfPage":{"@id":"https:\/\/www.casadelectores.com\/index.php\/producto\/finale-aktion-la-momia-del-magnific-manetti-21530\/#primaryimage"},"image":{"@id":"https:\/\/www.casadelectores.com\/index.php\/producto\/finale-aktion-la-momia-del-magnific-manetti-21530\/#primaryimage"},"thumbnailUrl":"https:\/\/www.casadelectores.com\/wp-content\/uploads\/2025\/SK0187199-DE20251119-101116-0-1763518286-978841666123.webp","datePublished":"2025-11-25T09:04:58+00:00","breadcrumb":{"@id":"https:\/\/www.casadelectores.com\/index.php\/producto\/finale-aktion-la-momia-del-magnific-manetti-21530\/#breadcrumb"},"inLanguage":"es","potentialAction":[{"@type":"ReadAction","target":["https:\/\/www.casadelectores.com\/index.php\/producto\/finale-aktion-la-momia-del-magnific-manetti-21530\/"]}]},{"@type":"ImageObject","inLanguage":"es","@id":"https:\/\/www.casadelectores.com\/index.php\/producto\/finale-aktion-la-momia-del-magnific-manetti-21530\/#primaryimage","url":"https:\/\/www.casadelectores.com\/wp-content\/uploads\/2025\/SK0187199-DE20251119-101116-0-1763518286-978841666123.webp","contentUrl":"https:\/\/www.casadelectores.com\/wp-content\/uploads\/2025\/SK0187199-DE20251119-101116-0-1763518286-978841666123.webp","width":300,"height":446},{"@type":"BreadcrumbList","@id":"https:\/\/www.casadelectores.com\/index.php\/producto\/finale-aktion-la-momia-del-magnific-manetti-21530\/#breadcrumb","itemListElement":[{"@type":"ListItem","position":1,"name":"Portada","item":"https:\/\/www.casadelectores.com\/"},{"@type":"ListItem","position":2,"name":"Shop","item":"https:\/\/www.casadelectores.com\/index.php\/shop\/"},{"@type":"ListItem","position":3,"name":"Finale Aktion LA M\u00d2MIA DEL MAGN\u00cdFIC MANETTI"}]},{"@type":"WebSite","@id":"https:\/\/www.casadelectores.com\/#website","url":"https:\/\/www.casadelectores.com\/","name":"Enam\u00f3rate de las compras","description":"","publisher":{"@id":"https:\/\/www.casadelectores.com\/#organization"},"potentialAction":[{"@type":"SearchAction","target":{"@type":"EntryPoint","urlTemplate":"https:\/\/www.casadelectores.com\/?s={search_term_string}"},"query-input":{"@type":"PropertyValueSpecification","valueRequired":true,"valueName":"search_term_string"}}],"inLanguage":"es"},{"@type":"Organization","@id":"https:\/\/www.casadelectores.com\/#organization","name":"Enam\u00f3rate de las compras","url":"https:\/\/www.casadelectores.com\/","logo":{"@type":"ImageObject","inLanguage":"es","@id":"https:\/\/www.casadelectores.com\/#\/schema\/logo\/image\/","url":"https:\/\/www.casadelectores.com\/wp-content\/uploads\/2020\/10\/shop-icon.png","contentUrl":"https:\/\/www.casadelectores.com\/wp-content\/uploads\/2020\/10\/shop-icon.png","width":512,"height":512,"caption":"Enam\u00f3rate de las compras"},"image":{"@id":"https:\/\/www.casadelectores.com\/#\/schema\/logo\/image\/"}}]}},"_links":{"self":[{"href":"https:\/\/www.casadelectores.com\/index.php\/wp-json\/wp\/v2\/product\/21530","targetHints":{"allow":["GET"]}}],"collection":[{"href":"https:\/\/www.casadelectores.com\/index.php\/wp-json\/wp\/v2\/product"}],"about":[{"href":"https:\/\/www.casadelectores.com\/index.php\/wp-json\/wp\/v2\/types\/product"}],"wp:featuredmedia":[{"embeddable":true,"href":"https:\/\/www.casadelectores.com\/index.php\/wp-json\/wp\/v2\/media\/21630"}],"wp:attachment":[{"href":"https:\/\/www.casadelectores.com\/index.php\/wp-json\/wp\/v2\/media?parent=21530"}],"wp:term":[{"taxonomy":"product_brand","embeddable":true,"href":"https:\/\/www.casadelectores.com\/index.php\/wp-json\/wp\/v2\/product_brand?post=21530"},{"taxonomy":"product_cat","embeddable":true,"href":"https:\/\/www.casadelectores.com\/index.php\/wp-json\/wp\/v2\/product_cat?post=21530"},{"taxonomy":"product_tag","embeddable":true,"href":"https:\/\/www.casadelectores.com\/index.php\/wp-json\/wp\/v2\/product_tag?post=21530"}],"curies":[{"name":"wp","href":"https:\/\/api.w.org\/{rel}","templated":true}]}}