{"id":20586,"date":"2025-11-25T09:04:58","date_gmt":"2025-11-25T09:04:58","guid":{"rendered":""},"modified":"2025-11-25T09:04:58","modified_gmt":"2025-11-25T09:04:58","slug":"finale-aktion-ciencia-y-fascismo-la-ciencia-espanola-de-posguerra-20586","status":"publish","type":"product","link":"https:\/\/www.casadelectores.com\/index.php\/producto\/finale-aktion-ciencia-y-fascismo-la-ciencia-espanola-de-posguerra-20586\/","title":{"rendered":"Finale Aktion CIENCIA Y FASCISMO. LA CIENCIA ESPA\u00d1OLA DE POSGUERRA"},"content":{"rendered":"<p>Las relaciones entre ciencia y pol\u00edtica han sido una constante a lo largo de la historia de la ciencia moderna. Su estudio desde el punto de vista hist\u00f3rico, pero tambi\u00e9n te\u00f3rico y epistemol\u00f3gico es esencial para la comprensi\u00f3n de la ciencia y la tecnolog\u00eda modernas y de su desarrollo. Este es un libro colectivo en el que se aborda el estudio de estas relaciones centr\u00e1ndose en el caso de la ciencia espa\u00f1ola de posguerra. Diversos trabajos dan cuenta de la construcci\u00f3n del nuevo tejido institucional, acad\u00e9mico y cient\u00edfico tras la destrucci\u00f3n del legado de la Rep\u00fablica, tanto desde el punto de vista general de la pol\u00edtica cient\u00edfica del r\u00e9gimen, como desde el espec\u00edfico de diferentes disciplinas. Todo ello en la perspectiva comparada de lo que estaba sucediendo en reg\u00edmenes an\u00e1logos como el nazismo o el fascismo italiano. En definitiva, el libro sit\u00faa en primer plano el espinoso tema de las relaciones entre ciencia, poder pol\u00edtico e ideolog\u00eda, una cuesti\u00f3n crucial en nuestros d\u00edas \u00ab,<\/p>\n","protected":false},"excerpt":{"rendered":"<p>Las relaciones entre ciencia y pol\u00edtica han sido una constante a lo largo de la historia de la ciencia moderna. Su estudio desde el punto de vista hist\u00f3rico, pero tambi\u00e9n te\u00f3rico y epistemol\u00f3gico es esencial para la comprensi\u00f3n de la ciencia y la tecnolog\u00eda modernas y de su desarrollo. Este es un libro colectivo en&hellip;&nbsp;<a href=\"https:\/\/www.casadelectores.com\/index.php\/producto\/finale-aktion-ciencia-y-fascismo-la-ciencia-espanola-de-posguerra-20586\/\" rel=\"bookmark\"><span class=\"screen-reader-text\">Finale Aktion CIENCIA Y FASCISMO. LA CIENCIA ESPA\u00d1OLA DE POSGUERRA<\/span><\/a><\/p>\n","protected":false},"featured_media":20686,"template":"","meta":{"neve_meta_sidebar":"","neve_meta_container":"","neve_meta_enable_content_width":"","neve_meta_content_width":0,"neve_meta_title_alignment":"","neve_meta_author_avatar":"","neve_post_elements_order":"","neve_meta_disable_header":"","neve_meta_disable_footer":"","neve_meta_disable_title":"","_themeisle_gutenberg_block_has_review":false},"product_brand":[],"product_cat":[26],"product_tag":[],"class_list":["post-20586","product","type-product","status-publish","has-post-thumbnail","product_cat-publicaciones-de-libros","first","instock","sale","shipping-taxable","purchasable","product-type-simple"],"yoast_head":"<!-- This site is optimized with the Yoast SEO plugin v26.3 - https:\/\/yoast.com\/wordpress\/plugins\/seo\/ -->\n<title>Finale Aktion CIENCIA Y FASCISMO. LA CIENCIA ESPA\u00d1OLA DE POSGUERRA - casadelectores<\/title>\n<meta name=\"robots\" content=\"index, follow, max-snippet:-1, max-image-preview:large, max-video-preview:-1\" \/>\n<link rel=\"canonical\" href=\"https:\/\/www.casadelectores.com\/index.php\/producto\/finale-aktion-ciencia-y-fascismo-la-ciencia-espanola-de-posguerra-20586\/\" \/>\n<meta property=\"og:locale\" content=\"es_ES\" \/>\n<meta property=\"og:type\" content=\"article\" \/>\n<meta property=\"og:title\" content=\"Finale Aktion CIENCIA Y FASCISMO. LA CIENCIA ESPA\u00d1OLA DE POSGUERRA - casadelectores\" \/>\n<meta property=\"og:description\" content=\"Las relaciones entre ciencia y pol\u00edtica han sido una constante a lo largo de la historia de la ciencia moderna. Su estudio desde el punto de vista hist\u00f3rico, pero tambi\u00e9n te\u00f3rico y epistemol\u00f3gico es esencial para la comprensi\u00f3n de la ciencia y la tecnolog\u00eda modernas y de su desarrollo. Este es un libro colectivo en&hellip;&nbsp;Finale Aktion CIENCIA Y FASCISMO. LA CIENCIA ESPA\u00d1OLA DE POSGUERRA\" \/>\n<meta property=\"og:url\" content=\"https:\/\/www.casadelectores.com\/index.php\/producto\/finale-aktion-ciencia-y-fascismo-la-ciencia-espanola-de-posguerra-20586\/\" \/>\n<meta property=\"og:site_name\" content=\"casadelectores\" \/>\n<meta property=\"og:image\" content=\"https:\/\/www.casadelectores.com\/wp-content\/uploads\/2025\/SK0186838-DE20251119-101116-0-1763518286-978847584657.webp\" \/>\n\t<meta property=\"og:image:width\" content=\"300\" \/>\n\t<meta property=\"og:image:height\" content=\"490\" \/>\n\t<meta property=\"og:image:type\" content=\"image\/webp\" \/>\n<meta name=\"twitter:card\" content=\"summary_large_image\" \/>\n<meta name=\"twitter:label1\" content=\"Tiempo de lectura\" \/>\n\t<meta name=\"twitter:data1\" content=\"1 minuto\" \/>\n<script type=\"application\/ld+json\" class=\"yoast-schema-graph\">{\"@context\":\"https:\/\/schema.org\",\"@graph\":[{\"@type\":\"WebPage\",\"@id\":\"https:\/\/www.casadelectores.com\/index.php\/producto\/finale-aktion-ciencia-y-fascismo-la-ciencia-espanola-de-posguerra-20586\/\",\"url\":\"https:\/\/www.casadelectores.com\/index.php\/producto\/finale-aktion-ciencia-y-fascismo-la-ciencia-espanola-de-posguerra-20586\/\",\"name\":\"Finale Aktion CIENCIA Y FASCISMO. LA CIENCIA ESPA\u00d1OLA DE POSGUERRA - casadelectores\",\"isPartOf\":{\"@id\":\"https:\/\/www.casadelectores.com\/#website\"},\"primaryImageOfPage\":{\"@id\":\"https:\/\/www.casadelectores.com\/index.php\/producto\/finale-aktion-ciencia-y-fascismo-la-ciencia-espanola-de-posguerra-20586\/#primaryimage\"},\"image\":{\"@id\":\"https:\/\/www.casadelectores.com\/index.php\/producto\/finale-aktion-ciencia-y-fascismo-la-ciencia-espanola-de-posguerra-20586\/#primaryimage\"},\"thumbnailUrl\":\"https:\/\/www.casadelectores.com\/wp-content\/uploads\/2025\/SK0186838-DE20251119-101116-0-1763518286-978847584657.webp\",\"datePublished\":\"2025-11-25T09:04:58+00:00\",\"breadcrumb\":{\"@id\":\"https:\/\/www.casadelectores.com\/index.php\/producto\/finale-aktion-ciencia-y-fascismo-la-ciencia-espanola-de-posguerra-20586\/#breadcrumb\"},\"inLanguage\":\"es\",\"potentialAction\":[{\"@type\":\"ReadAction\",\"target\":[\"https:\/\/www.casadelectores.com\/index.php\/producto\/finale-aktion-ciencia-y-fascismo-la-ciencia-espanola-de-posguerra-20586\/\"]}]},{\"@type\":\"ImageObject\",\"inLanguage\":\"es\",\"@id\":\"https:\/\/www.casadelectores.com\/index.php\/producto\/finale-aktion-ciencia-y-fascismo-la-ciencia-espanola-de-posguerra-20586\/#primaryimage\",\"url\":\"https:\/\/www.casadelectores.com\/wp-content\/uploads\/2025\/SK0186838-DE20251119-101116-0-1763518286-978847584657.webp\",\"contentUrl\":\"https:\/\/www.casadelectores.com\/wp-content\/uploads\/2025\/SK0186838-DE20251119-101116-0-1763518286-978847584657.webp\",\"width\":300,\"height\":490},{\"@type\":\"BreadcrumbList\",\"@id\":\"https:\/\/www.casadelectores.com\/index.php\/producto\/finale-aktion-ciencia-y-fascismo-la-ciencia-espanola-de-posguerra-20586\/#breadcrumb\",\"itemListElement\":[{\"@type\":\"ListItem\",\"position\":1,\"name\":\"Portada\",\"item\":\"https:\/\/www.casadelectores.com\/\"},{\"@type\":\"ListItem\",\"position\":2,\"name\":\"Shop\",\"item\":\"https:\/\/www.casadelectores.com\/index.php\/shop\/\"},{\"@type\":\"ListItem\",\"position\":3,\"name\":\"Finale Aktion CIENCIA Y FASCISMO. LA CIENCIA ESPA\u00d1OLA DE POSGUERRA\"}]},{\"@type\":\"WebSite\",\"@id\":\"https:\/\/www.casadelectores.com\/#website\",\"url\":\"https:\/\/www.casadelectores.com\/\",\"name\":\"Enam\u00f3rate de las compras\",\"description\":\"\",\"publisher\":{\"@id\":\"https:\/\/www.casadelectores.com\/#organization\"},\"potentialAction\":[{\"@type\":\"SearchAction\",\"target\":{\"@type\":\"EntryPoint\",\"urlTemplate\":\"https:\/\/www.casadelectores.com\/?s={search_term_string}\"},\"query-input\":{\"@type\":\"PropertyValueSpecification\",\"valueRequired\":true,\"valueName\":\"search_term_string\"}}],\"inLanguage\":\"es\"},{\"@type\":\"Organization\",\"@id\":\"https:\/\/www.casadelectores.com\/#organization\",\"name\":\"Enam\u00f3rate de las compras\",\"url\":\"https:\/\/www.casadelectores.com\/\",\"logo\":{\"@type\":\"ImageObject\",\"inLanguage\":\"es\",\"@id\":\"https:\/\/www.casadelectores.com\/#\/schema\/logo\/image\/\",\"url\":\"https:\/\/www.casadelectores.com\/wp-content\/uploads\/2020\/10\/shop-icon.png\",\"contentUrl\":\"https:\/\/www.casadelectores.com\/wp-content\/uploads\/2020\/10\/shop-icon.png\",\"width\":512,\"height\":512,\"caption\":\"Enam\u00f3rate de las compras\"},\"image\":{\"@id\":\"https:\/\/www.casadelectores.com\/#\/schema\/logo\/image\/\"}}]}<\/script>\n<!-- \/ Yoast SEO plugin. -->","yoast_head_json":{"title":"Finale Aktion CIENCIA Y FASCISMO. LA CIENCIA ESPA\u00d1OLA DE POSGUERRA - casadelectores","robots":{"index":"index","follow":"follow","max-snippet":"max-snippet:-1","max-image-preview":"max-image-preview:large","max-video-preview":"max-video-preview:-1"},"canonical":"https:\/\/www.casadelectores.com\/index.php\/producto\/finale-aktion-ciencia-y-fascismo-la-ciencia-espanola-de-posguerra-20586\/","og_locale":"es_ES","og_type":"article","og_title":"Finale Aktion CIENCIA Y FASCISMO. LA CIENCIA ESPA\u00d1OLA DE POSGUERRA - casadelectores","og_description":"Las relaciones entre ciencia y pol\u00edtica han sido una constante a lo largo de la historia de la ciencia moderna. Su estudio desde el punto de vista hist\u00f3rico, pero tambi\u00e9n te\u00f3rico y epistemol\u00f3gico es esencial para la comprensi\u00f3n de la ciencia y la tecnolog\u00eda modernas y de su desarrollo. Este es un libro colectivo en&hellip;&nbsp;Finale Aktion CIENCIA Y FASCISMO. LA CIENCIA ESPA\u00d1OLA DE POSGUERRA","og_url":"https:\/\/www.casadelectores.com\/index.php\/producto\/finale-aktion-ciencia-y-fascismo-la-ciencia-espanola-de-posguerra-20586\/","og_site_name":"casadelectores","og_image":[{"width":300,"height":490,"url":"https:\/\/www.casadelectores.com\/wp-content\/uploads\/2025\/SK0186838-DE20251119-101116-0-1763518286-978847584657.webp","type":"image\/webp"}],"twitter_card":"summary_large_image","twitter_misc":{"Tiempo de lectura":"1 minuto"},"schema":{"@context":"https:\/\/schema.org","@graph":[{"@type":"WebPage","@id":"https:\/\/www.casadelectores.com\/index.php\/producto\/finale-aktion-ciencia-y-fascismo-la-ciencia-espanola-de-posguerra-20586\/","url":"https:\/\/www.casadelectores.com\/index.php\/producto\/finale-aktion-ciencia-y-fascismo-la-ciencia-espanola-de-posguerra-20586\/","name":"Finale Aktion CIENCIA Y FASCISMO. LA CIENCIA ESPA\u00d1OLA DE POSGUERRA - casadelectores","isPartOf":{"@id":"https:\/\/www.casadelectores.com\/#website"},"primaryImageOfPage":{"@id":"https:\/\/www.casadelectores.com\/index.php\/producto\/finale-aktion-ciencia-y-fascismo-la-ciencia-espanola-de-posguerra-20586\/#primaryimage"},"image":{"@id":"https:\/\/www.casadelectores.com\/index.php\/producto\/finale-aktion-ciencia-y-fascismo-la-ciencia-espanola-de-posguerra-20586\/#primaryimage"},"thumbnailUrl":"https:\/\/www.casadelectores.com\/wp-content\/uploads\/2025\/SK0186838-DE20251119-101116-0-1763518286-978847584657.webp","datePublished":"2025-11-25T09:04:58+00:00","breadcrumb":{"@id":"https:\/\/www.casadelectores.com\/index.php\/producto\/finale-aktion-ciencia-y-fascismo-la-ciencia-espanola-de-posguerra-20586\/#breadcrumb"},"inLanguage":"es","potentialAction":[{"@type":"ReadAction","target":["https:\/\/www.casadelectores.com\/index.php\/producto\/finale-aktion-ciencia-y-fascismo-la-ciencia-espanola-de-posguerra-20586\/"]}]},{"@type":"ImageObject","inLanguage":"es","@id":"https:\/\/www.casadelectores.com\/index.php\/producto\/finale-aktion-ciencia-y-fascismo-la-ciencia-espanola-de-posguerra-20586\/#primaryimage","url":"https:\/\/www.casadelectores.com\/wp-content\/uploads\/2025\/SK0186838-DE20251119-101116-0-1763518286-978847584657.webp","contentUrl":"https:\/\/www.casadelectores.com\/wp-content\/uploads\/2025\/SK0186838-DE20251119-101116-0-1763518286-978847584657.webp","width":300,"height":490},{"@type":"BreadcrumbList","@id":"https:\/\/www.casadelectores.com\/index.php\/producto\/finale-aktion-ciencia-y-fascismo-la-ciencia-espanola-de-posguerra-20586\/#breadcrumb","itemListElement":[{"@type":"ListItem","position":1,"name":"Portada","item":"https:\/\/www.casadelectores.com\/"},{"@type":"ListItem","position":2,"name":"Shop","item":"https:\/\/www.casadelectores.com\/index.php\/shop\/"},{"@type":"ListItem","position":3,"name":"Finale Aktion CIENCIA Y FASCISMO. LA CIENCIA ESPA\u00d1OLA DE POSGUERRA"}]},{"@type":"WebSite","@id":"https:\/\/www.casadelectores.com\/#website","url":"https:\/\/www.casadelectores.com\/","name":"Enam\u00f3rate de las compras","description":"","publisher":{"@id":"https:\/\/www.casadelectores.com\/#organization"},"potentialAction":[{"@type":"SearchAction","target":{"@type":"EntryPoint","urlTemplate":"https:\/\/www.casadelectores.com\/?s={search_term_string}"},"query-input":{"@type":"PropertyValueSpecification","valueRequired":true,"valueName":"search_term_string"}}],"inLanguage":"es"},{"@type":"Organization","@id":"https:\/\/www.casadelectores.com\/#organization","name":"Enam\u00f3rate de las compras","url":"https:\/\/www.casadelectores.com\/","logo":{"@type":"ImageObject","inLanguage":"es","@id":"https:\/\/www.casadelectores.com\/#\/schema\/logo\/image\/","url":"https:\/\/www.casadelectores.com\/wp-content\/uploads\/2020\/10\/shop-icon.png","contentUrl":"https:\/\/www.casadelectores.com\/wp-content\/uploads\/2020\/10\/shop-icon.png","width":512,"height":512,"caption":"Enam\u00f3rate de las compras"},"image":{"@id":"https:\/\/www.casadelectores.com\/#\/schema\/logo\/image\/"}}]}},"_links":{"self":[{"href":"https:\/\/www.casadelectores.com\/index.php\/wp-json\/wp\/v2\/product\/20586","targetHints":{"allow":["GET"]}}],"collection":[{"href":"https:\/\/www.casadelectores.com\/index.php\/wp-json\/wp\/v2\/product"}],"about":[{"href":"https:\/\/www.casadelectores.com\/index.php\/wp-json\/wp\/v2\/types\/product"}],"wp:featuredmedia":[{"embeddable":true,"href":"https:\/\/www.casadelectores.com\/index.php\/wp-json\/wp\/v2\/media\/20686"}],"wp:attachment":[{"href":"https:\/\/www.casadelectores.com\/index.php\/wp-json\/wp\/v2\/media?parent=20586"}],"wp:term":[{"taxonomy":"product_brand","embeddable":true,"href":"https:\/\/www.casadelectores.com\/index.php\/wp-json\/wp\/v2\/product_brand?post=20586"},{"taxonomy":"product_cat","embeddable":true,"href":"https:\/\/www.casadelectores.com\/index.php\/wp-json\/wp\/v2\/product_cat?post=20586"},{"taxonomy":"product_tag","embeddable":true,"href":"https:\/\/www.casadelectores.com\/index.php\/wp-json\/wp\/v2\/product_tag?post=20586"}],"curies":[{"name":"wp","href":"https:\/\/api.w.org\/{rel}","templated":true}]}}