{"id":19498,"date":"2025-11-25T09:04:58","date_gmt":"2025-11-25T09:04:58","guid":{"rendered":""},"modified":"2025-11-25T09:04:58","modified_gmt":"2025-11-25T09:04:58","slug":"finale-aktion-el-siglo-de-la-imagen-analogica-ne-los-hijos-de-nadar-19498","status":"publish","type":"product","link":"https:\/\/www.casadelectores.com\/index.php\/producto\/finale-aktion-el-siglo-de-la-imagen-analogica-ne-los-hijos-de-nadar-19498\/","title":{"rendered":"Finale Aktion EL SIGLO DE LA IMAGEN ANAL\u00d3GICA (NE). LOS HIJOS DE NADAR"},"content":{"rendered":"<p>\u00bfCu\u00e1les son los cambios que introduce la imagen anal\u00f3gica para la interpretaci\u00f3n del mundo? \u00bfEn qu\u00e9 medida las im\u00e1genes influyen en los reg\u00edmenes perceptivos?A partir del surgimiento de la fotograf\u00eda en 1840, se produjo un cambio sin antecedentes en la historia de la representaci\u00f3n que gener\u00f3 nuevas formas de intervenir la realidad. De este modo, se inaugur\u00f3 lo que Sorlin acu\u00f1\u00f3 como ?el siglo de la imagen anal\u00f3gica?. Tomar una fotograf\u00eda, encender la televisi\u00f3n son para nosotros actos ordinarios que ejecutamos sin reflexionar. Sin embargo, los aparatos de registro gr\u00e1fico pertenecen al universo de la m\u00e1quina y, como todas las invenciones de la era industrial, alborotaron viejos h\u00e1bitos.Nuestro ojo es un aparato \u00f3ptico que refleja lo que se encuentra frente a \u00e9l. Sin embargo, los seres humanos no perciben lo que registra la mirada. Privilegian en su entorno lo que responde a su propia curiosidad e inter\u00e9s. \u00ab,<\/p>\n","protected":false},"excerpt":{"rendered":"<p>\u00bfCu\u00e1les son los cambios que introduce la imagen anal\u00f3gica para la interpretaci\u00f3n del mundo? \u00bfEn qu\u00e9 medida las im\u00e1genes influyen en los reg\u00edmenes perceptivos?A partir del surgimiento de la fotograf\u00eda en 1840, se produjo un cambio sin antecedentes en la historia de la representaci\u00f3n que gener\u00f3 nuevas formas de intervenir la realidad. De este modo,&hellip;&nbsp;<a href=\"https:\/\/www.casadelectores.com\/index.php\/producto\/finale-aktion-el-siglo-de-la-imagen-analogica-ne-los-hijos-de-nadar-19498\/\" rel=\"bookmark\"><span class=\"screen-reader-text\">Finale Aktion EL SIGLO DE LA IMAGEN ANAL\u00d3GICA (NE). LOS HIJOS DE NADAR<\/span><\/a><\/p>\n","protected":false},"featured_media":19598,"template":"","meta":{"neve_meta_sidebar":"","neve_meta_container":"","neve_meta_enable_content_width":"","neve_meta_content_width":0,"neve_meta_title_alignment":"","neve_meta_author_avatar":"","neve_post_elements_order":"","neve_meta_disable_header":"","neve_meta_disable_footer":"","neve_meta_disable_title":"","_themeisle_gutenberg_block_has_review":false},"product_brand":[],"product_cat":[26],"product_tag":[],"class_list":["post-19498","product","type-product","status-publish","has-post-thumbnail","product_cat-publicaciones-de-libros","first","instock","sale","shipping-taxable","purchasable","product-type-simple"],"yoast_head":"<!-- This site is optimized with the Yoast SEO plugin v26.3 - https:\/\/yoast.com\/wordpress\/plugins\/seo\/ -->\n<title>Finale Aktion EL SIGLO DE LA IMAGEN ANAL\u00d3GICA (NE). LOS HIJOS DE NADAR - casadelectores<\/title>\n<meta name=\"robots\" content=\"index, follow, max-snippet:-1, max-image-preview:large, max-video-preview:-1\" \/>\n<link rel=\"canonical\" href=\"https:\/\/www.casadelectores.com\/index.php\/producto\/finale-aktion-el-siglo-de-la-imagen-analogica-ne-los-hijos-de-nadar-19498\/\" \/>\n<meta property=\"og:locale\" content=\"es_ES\" \/>\n<meta property=\"og:type\" content=\"article\" \/>\n<meta property=\"og:title\" content=\"Finale Aktion EL SIGLO DE LA IMAGEN ANAL\u00d3GICA (NE). LOS HIJOS DE NADAR - casadelectores\" \/>\n<meta property=\"og:description\" content=\"\u00bfCu\u00e1les son los cambios que introduce la imagen anal\u00f3gica para la interpretaci\u00f3n del mundo? \u00bfEn qu\u00e9 medida las im\u00e1genes influyen en los reg\u00edmenes perceptivos?A partir del surgimiento de la fotograf\u00eda en 1840, se produjo un cambio sin antecedentes en la historia de la representaci\u00f3n que gener\u00f3 nuevas formas de intervenir la realidad. De este modo,&hellip;&nbsp;Finale Aktion EL SIGLO DE LA IMAGEN ANAL\u00d3GICA (NE). LOS HIJOS DE NADAR\" \/>\n<meta property=\"og:url\" content=\"https:\/\/www.casadelectores.com\/index.php\/producto\/finale-aktion-el-siglo-de-la-imagen-analogica-ne-los-hijos-de-nadar-19498\/\" \/>\n<meta property=\"og:site_name\" content=\"casadelectores\" \/>\n<meta property=\"og:image\" content=\"https:\/\/www.casadelectores.com\/wp-content\/uploads\/2025\/SK0186244-DE20251119-101116-0-1763518286-978950889342.webp\" \/>\n\t<meta property=\"og:image:width\" content=\"100\" \/>\n\t<meta property=\"og:image:height\" content=\"150\" \/>\n\t<meta property=\"og:image:type\" content=\"image\/webp\" \/>\n<meta name=\"twitter:card\" content=\"summary_large_image\" \/>\n<meta name=\"twitter:label1\" content=\"Tiempo de lectura\" \/>\n\t<meta name=\"twitter:data1\" content=\"1 minuto\" \/>\n<script type=\"application\/ld+json\" class=\"yoast-schema-graph\">{\"@context\":\"https:\/\/schema.org\",\"@graph\":[{\"@type\":\"WebPage\",\"@id\":\"https:\/\/www.casadelectores.com\/index.php\/producto\/finale-aktion-el-siglo-de-la-imagen-analogica-ne-los-hijos-de-nadar-19498\/\",\"url\":\"https:\/\/www.casadelectores.com\/index.php\/producto\/finale-aktion-el-siglo-de-la-imagen-analogica-ne-los-hijos-de-nadar-19498\/\",\"name\":\"Finale Aktion EL SIGLO DE LA IMAGEN ANAL\u00d3GICA (NE). LOS HIJOS DE NADAR - casadelectores\",\"isPartOf\":{\"@id\":\"https:\/\/www.casadelectores.com\/#website\"},\"primaryImageOfPage\":{\"@id\":\"https:\/\/www.casadelectores.com\/index.php\/producto\/finale-aktion-el-siglo-de-la-imagen-analogica-ne-los-hijos-de-nadar-19498\/#primaryimage\"},\"image\":{\"@id\":\"https:\/\/www.casadelectores.com\/index.php\/producto\/finale-aktion-el-siglo-de-la-imagen-analogica-ne-los-hijos-de-nadar-19498\/#primaryimage\"},\"thumbnailUrl\":\"https:\/\/www.casadelectores.com\/wp-content\/uploads\/2025\/SK0186244-DE20251119-101116-0-1763518286-978950889342.webp\",\"datePublished\":\"2025-11-25T09:04:58+00:00\",\"breadcrumb\":{\"@id\":\"https:\/\/www.casadelectores.com\/index.php\/producto\/finale-aktion-el-siglo-de-la-imagen-analogica-ne-los-hijos-de-nadar-19498\/#breadcrumb\"},\"inLanguage\":\"es\",\"potentialAction\":[{\"@type\":\"ReadAction\",\"target\":[\"https:\/\/www.casadelectores.com\/index.php\/producto\/finale-aktion-el-siglo-de-la-imagen-analogica-ne-los-hijos-de-nadar-19498\/\"]}]},{\"@type\":\"ImageObject\",\"inLanguage\":\"es\",\"@id\":\"https:\/\/www.casadelectores.com\/index.php\/producto\/finale-aktion-el-siglo-de-la-imagen-analogica-ne-los-hijos-de-nadar-19498\/#primaryimage\",\"url\":\"https:\/\/www.casadelectores.com\/wp-content\/uploads\/2025\/SK0186244-DE20251119-101116-0-1763518286-978950889342.webp\",\"contentUrl\":\"https:\/\/www.casadelectores.com\/wp-content\/uploads\/2025\/SK0186244-DE20251119-101116-0-1763518286-978950889342.webp\",\"width\":100,\"height\":150},{\"@type\":\"BreadcrumbList\",\"@id\":\"https:\/\/www.casadelectores.com\/index.php\/producto\/finale-aktion-el-siglo-de-la-imagen-analogica-ne-los-hijos-de-nadar-19498\/#breadcrumb\",\"itemListElement\":[{\"@type\":\"ListItem\",\"position\":1,\"name\":\"Portada\",\"item\":\"https:\/\/www.casadelectores.com\/\"},{\"@type\":\"ListItem\",\"position\":2,\"name\":\"Shop\",\"item\":\"https:\/\/www.casadelectores.com\/index.php\/shop\/\"},{\"@type\":\"ListItem\",\"position\":3,\"name\":\"Finale Aktion EL SIGLO DE LA IMAGEN ANAL\u00d3GICA (NE). LOS HIJOS DE NADAR\"}]},{\"@type\":\"WebSite\",\"@id\":\"https:\/\/www.casadelectores.com\/#website\",\"url\":\"https:\/\/www.casadelectores.com\/\",\"name\":\"Enam\u00f3rate de las compras\",\"description\":\"\",\"publisher\":{\"@id\":\"https:\/\/www.casadelectores.com\/#organization\"},\"potentialAction\":[{\"@type\":\"SearchAction\",\"target\":{\"@type\":\"EntryPoint\",\"urlTemplate\":\"https:\/\/www.casadelectores.com\/?s={search_term_string}\"},\"query-input\":{\"@type\":\"PropertyValueSpecification\",\"valueRequired\":true,\"valueName\":\"search_term_string\"}}],\"inLanguage\":\"es\"},{\"@type\":\"Organization\",\"@id\":\"https:\/\/www.casadelectores.com\/#organization\",\"name\":\"Enam\u00f3rate de las compras\",\"url\":\"https:\/\/www.casadelectores.com\/\",\"logo\":{\"@type\":\"ImageObject\",\"inLanguage\":\"es\",\"@id\":\"https:\/\/www.casadelectores.com\/#\/schema\/logo\/image\/\",\"url\":\"https:\/\/www.casadelectores.com\/wp-content\/uploads\/2020\/10\/shop-icon.png\",\"contentUrl\":\"https:\/\/www.casadelectores.com\/wp-content\/uploads\/2020\/10\/shop-icon.png\",\"width\":512,\"height\":512,\"caption\":\"Enam\u00f3rate de las compras\"},\"image\":{\"@id\":\"https:\/\/www.casadelectores.com\/#\/schema\/logo\/image\/\"}}]}<\/script>\n<!-- \/ Yoast SEO plugin. -->","yoast_head_json":{"title":"Finale Aktion EL SIGLO DE LA IMAGEN ANAL\u00d3GICA (NE). LOS HIJOS DE NADAR - casadelectores","robots":{"index":"index","follow":"follow","max-snippet":"max-snippet:-1","max-image-preview":"max-image-preview:large","max-video-preview":"max-video-preview:-1"},"canonical":"https:\/\/www.casadelectores.com\/index.php\/producto\/finale-aktion-el-siglo-de-la-imagen-analogica-ne-los-hijos-de-nadar-19498\/","og_locale":"es_ES","og_type":"article","og_title":"Finale Aktion EL SIGLO DE LA IMAGEN ANAL\u00d3GICA (NE). LOS HIJOS DE NADAR - casadelectores","og_description":"\u00bfCu\u00e1les son los cambios que introduce la imagen anal\u00f3gica para la interpretaci\u00f3n del mundo? \u00bfEn qu\u00e9 medida las im\u00e1genes influyen en los reg\u00edmenes perceptivos?A partir del surgimiento de la fotograf\u00eda en 1840, se produjo un cambio sin antecedentes en la historia de la representaci\u00f3n que gener\u00f3 nuevas formas de intervenir la realidad. De este modo,&hellip;&nbsp;Finale Aktion EL SIGLO DE LA IMAGEN ANAL\u00d3GICA (NE). LOS HIJOS DE NADAR","og_url":"https:\/\/www.casadelectores.com\/index.php\/producto\/finale-aktion-el-siglo-de-la-imagen-analogica-ne-los-hijos-de-nadar-19498\/","og_site_name":"casadelectores","og_image":[{"width":100,"height":150,"url":"https:\/\/www.casadelectores.com\/wp-content\/uploads\/2025\/SK0186244-DE20251119-101116-0-1763518286-978950889342.webp","type":"image\/webp"}],"twitter_card":"summary_large_image","twitter_misc":{"Tiempo de lectura":"1 minuto"},"schema":{"@context":"https:\/\/schema.org","@graph":[{"@type":"WebPage","@id":"https:\/\/www.casadelectores.com\/index.php\/producto\/finale-aktion-el-siglo-de-la-imagen-analogica-ne-los-hijos-de-nadar-19498\/","url":"https:\/\/www.casadelectores.com\/index.php\/producto\/finale-aktion-el-siglo-de-la-imagen-analogica-ne-los-hijos-de-nadar-19498\/","name":"Finale Aktion EL SIGLO DE LA IMAGEN ANAL\u00d3GICA (NE). LOS HIJOS DE NADAR - casadelectores","isPartOf":{"@id":"https:\/\/www.casadelectores.com\/#website"},"primaryImageOfPage":{"@id":"https:\/\/www.casadelectores.com\/index.php\/producto\/finale-aktion-el-siglo-de-la-imagen-analogica-ne-los-hijos-de-nadar-19498\/#primaryimage"},"image":{"@id":"https:\/\/www.casadelectores.com\/index.php\/producto\/finale-aktion-el-siglo-de-la-imagen-analogica-ne-los-hijos-de-nadar-19498\/#primaryimage"},"thumbnailUrl":"https:\/\/www.casadelectores.com\/wp-content\/uploads\/2025\/SK0186244-DE20251119-101116-0-1763518286-978950889342.webp","datePublished":"2025-11-25T09:04:58+00:00","breadcrumb":{"@id":"https:\/\/www.casadelectores.com\/index.php\/producto\/finale-aktion-el-siglo-de-la-imagen-analogica-ne-los-hijos-de-nadar-19498\/#breadcrumb"},"inLanguage":"es","potentialAction":[{"@type":"ReadAction","target":["https:\/\/www.casadelectores.com\/index.php\/producto\/finale-aktion-el-siglo-de-la-imagen-analogica-ne-los-hijos-de-nadar-19498\/"]}]},{"@type":"ImageObject","inLanguage":"es","@id":"https:\/\/www.casadelectores.com\/index.php\/producto\/finale-aktion-el-siglo-de-la-imagen-analogica-ne-los-hijos-de-nadar-19498\/#primaryimage","url":"https:\/\/www.casadelectores.com\/wp-content\/uploads\/2025\/SK0186244-DE20251119-101116-0-1763518286-978950889342.webp","contentUrl":"https:\/\/www.casadelectores.com\/wp-content\/uploads\/2025\/SK0186244-DE20251119-101116-0-1763518286-978950889342.webp","width":100,"height":150},{"@type":"BreadcrumbList","@id":"https:\/\/www.casadelectores.com\/index.php\/producto\/finale-aktion-el-siglo-de-la-imagen-analogica-ne-los-hijos-de-nadar-19498\/#breadcrumb","itemListElement":[{"@type":"ListItem","position":1,"name":"Portada","item":"https:\/\/www.casadelectores.com\/"},{"@type":"ListItem","position":2,"name":"Shop","item":"https:\/\/www.casadelectores.com\/index.php\/shop\/"},{"@type":"ListItem","position":3,"name":"Finale Aktion EL SIGLO DE LA IMAGEN ANAL\u00d3GICA (NE). LOS HIJOS DE NADAR"}]},{"@type":"WebSite","@id":"https:\/\/www.casadelectores.com\/#website","url":"https:\/\/www.casadelectores.com\/","name":"Enam\u00f3rate de las compras","description":"","publisher":{"@id":"https:\/\/www.casadelectores.com\/#organization"},"potentialAction":[{"@type":"SearchAction","target":{"@type":"EntryPoint","urlTemplate":"https:\/\/www.casadelectores.com\/?s={search_term_string}"},"query-input":{"@type":"PropertyValueSpecification","valueRequired":true,"valueName":"search_term_string"}}],"inLanguage":"es"},{"@type":"Organization","@id":"https:\/\/www.casadelectores.com\/#organization","name":"Enam\u00f3rate de las compras","url":"https:\/\/www.casadelectores.com\/","logo":{"@type":"ImageObject","inLanguage":"es","@id":"https:\/\/www.casadelectores.com\/#\/schema\/logo\/image\/","url":"https:\/\/www.casadelectores.com\/wp-content\/uploads\/2020\/10\/shop-icon.png","contentUrl":"https:\/\/www.casadelectores.com\/wp-content\/uploads\/2020\/10\/shop-icon.png","width":512,"height":512,"caption":"Enam\u00f3rate de las compras"},"image":{"@id":"https:\/\/www.casadelectores.com\/#\/schema\/logo\/image\/"}}]}},"_links":{"self":[{"href":"https:\/\/www.casadelectores.com\/index.php\/wp-json\/wp\/v2\/product\/19498","targetHints":{"allow":["GET"]}}],"collection":[{"href":"https:\/\/www.casadelectores.com\/index.php\/wp-json\/wp\/v2\/product"}],"about":[{"href":"https:\/\/www.casadelectores.com\/index.php\/wp-json\/wp\/v2\/types\/product"}],"wp:featuredmedia":[{"embeddable":true,"href":"https:\/\/www.casadelectores.com\/index.php\/wp-json\/wp\/v2\/media\/19598"}],"wp:attachment":[{"href":"https:\/\/www.casadelectores.com\/index.php\/wp-json\/wp\/v2\/media?parent=19498"}],"wp:term":[{"taxonomy":"product_brand","embeddable":true,"href":"https:\/\/www.casadelectores.com\/index.php\/wp-json\/wp\/v2\/product_brand?post=19498"},{"taxonomy":"product_cat","embeddable":true,"href":"https:\/\/www.casadelectores.com\/index.php\/wp-json\/wp\/v2\/product_cat?post=19498"},{"taxonomy":"product_tag","embeddable":true,"href":"https:\/\/www.casadelectores.com\/index.php\/wp-json\/wp\/v2\/product_tag?post=19498"}],"curies":[{"name":"wp","href":"https:\/\/api.w.org\/{rel}","templated":true}]}}