{"id":18095,"date":"2025-11-25T09:04:58","date_gmt":"2025-11-25T09:04:58","guid":{"rendered":""},"modified":"2025-11-25T09:04:58","modified_gmt":"2025-11-25T09:04:58","slug":"etica-en-los-negocios-zertifiziert-18095","status":"publish","type":"product","link":"https:\/\/www.casadelectores.com\/index.php\/producto\/etica-en-los-negocios-zertifiziert-18095\/","title":{"rendered":"\u00c9TICA EN LOS NEGOCIOS Zertifiziert"},"content":{"rendered":"<p>La crisis econ\u00f3mica del 2008 ha destapado una crisis moral, la de la avaricia. Se ha invertido la escala de valores, lo importante es la cuenta de resultados. Hoy m\u00e1s que nunca, la \u00e9tica ha de despertar la conciencia y la cr\u00edtica frente a conductas en las que impera el inter\u00e9s personal e inmediato y se eluden responsabilidades y el compromiso.El trabajo ofrece una respuesta a la sugerencia de la Comisi\u00f3n de las Comunidades Europeas. ?Para prever la cualificaci\u00f3n que necesitan los directivos y los trabajadores en el futuro, es conveniente ofrecer en las carreras de empresariales cursos o m\u00f3dulos de \u00e9tica empresarial? (COM (2001) 366 final, n\u00ba 65).El libro desarrolla un programa de \u00e9tica que trata de aportar las claves para averiguar el porqu\u00e9 se ha puesto de moda la \u00e9tica de los negocios. El continente americano nos aventaja en unos decenios, y la moda sobre la \u00e9tica y el liderazgo, que bate record de publicaciones, no tiene una aplicaci\u00f3n pr\u00e1ctica, ya que la crisis econ\u00f3mica actual responde, adem\u00e1s de indicadores t\u00e9cnicos, al desarme moral sin precedentes que confirma ?la codicia? como cualidad socialmente acreditada.La pregunta es si la crisis del 2008 es el triunfo definitivo de la Ilustraci\u00f3n, de la autonom\u00eda de la voluntad, de la libertad sin responsabilidad, de los derechos sobre los deberes. La pregunta es si esta crisis es el triunfo definitivo de la moral subjetiva, del nihilismo que introduce a la persona, en este caso al trabajador o emprendedor, en un c\u00edrculo cerrado de dif\u00edcil salida. El programa que se presenta trata de identificar las realidades sobre las que hablamos o escribimos: \u00e9tica, valores, persona humana, trabajo, mercado, eficacia, negocio, competencia, empresa, c\u00f3digos de conducta ? con el fin de establecer referencias, coherencias y proporciones para en \u00faltimo t\u00e9rmino intentar reconocer la ecuaci\u00f3n causa y efecto. Quisiera ser un grano de arena en esa tarea que propone George Orwell cuando afirma que: ?la primera obligaci\u00f3n del intelectual hoy es recordar lo obvio?.INDICE:I. Introducci\u00f3n a la \u00e9tica.- La \u00e9tica es una rama de la filosof\u00eda pr\u00e1ctica.- La ley moral durante m\u00e1s de veinticinco siglos.- \u00bfQui\u00e9n es el hombre?.- II.\u00c9tica de las profesiones y del mercado.- \u00c9tica profesional.- \u00c9tica, mercado y negocio.- Calidad y cultura empresarial.- Estilo de direcci\u00f3n. Liderazgo.- III. \u00c9tica empresarial aplicada.- dilemas \u00e9tico-jur\u00eddicos en los negocios.- La empresa.- \u00c9tica de los directivos. Valores y principios \u00e9ticos en la gesti\u00f3n empresarial. Coaching.- C\u00f3digo de conducta de las organizaciones.- El buen gobierno de sociedades cotizadas. \u00ab,<\/p>\n","protected":false},"excerpt":{"rendered":"<p>La crisis econ\u00f3mica del 2008 ha destapado una crisis moral, la de la avaricia. Se ha invertido la escala de valores, lo importante es la cuenta de resultados. Hoy m\u00e1s que nunca, la \u00e9tica ha de despertar la conciencia y la cr\u00edtica frente a conductas en las que impera el inter\u00e9s personal e inmediato y&hellip;&nbsp;<a href=\"https:\/\/www.casadelectores.com\/index.php\/producto\/etica-en-los-negocios-zertifiziert-18095\/\" rel=\"bookmark\"><span class=\"screen-reader-text\">\u00c9TICA EN LOS NEGOCIOS Zertifiziert<\/span><\/a><\/p>\n","protected":false},"featured_media":18195,"template":"","meta":{"neve_meta_sidebar":"","neve_meta_container":"","neve_meta_enable_content_width":"","neve_meta_content_width":0,"neve_meta_title_alignment":"","neve_meta_author_avatar":"","neve_post_elements_order":"","neve_meta_disable_header":"","neve_meta_disable_footer":"","neve_meta_disable_title":"","_themeisle_gutenberg_block_has_review":false},"product_brand":[],"product_cat":[26],"product_tag":[],"class_list":["post-18095","product","type-product","status-publish","has-post-thumbnail","product_cat-publicaciones-de-libros","first","instock","sale","shipping-taxable","purchasable","product-type-simple"],"yoast_head":"<!-- This site is optimized with the Yoast SEO plugin v26.3 - https:\/\/yoast.com\/wordpress\/plugins\/seo\/ -->\n<title>\u00c9TICA EN LOS NEGOCIOS Zertifiziert - casadelectores<\/title>\n<meta name=\"robots\" content=\"index, follow, max-snippet:-1, max-image-preview:large, max-video-preview:-1\" \/>\n<link rel=\"canonical\" href=\"https:\/\/www.casadelectores.com\/index.php\/producto\/etica-en-los-negocios-zertifiziert-18095\/\" \/>\n<meta property=\"og:locale\" content=\"es_ES\" \/>\n<meta property=\"og:type\" content=\"article\" \/>\n<meta property=\"og:title\" content=\"\u00c9TICA EN LOS NEGOCIOS Zertifiziert - casadelectores\" \/>\n<meta property=\"og:description\" content=\"La crisis econ\u00f3mica del 2008 ha destapado una crisis moral, la de la avaricia. Se ha invertido la escala de valores, lo importante es la cuenta de resultados. Hoy m\u00e1s que nunca, la \u00e9tica ha de despertar la conciencia y la cr\u00edtica frente a conductas en las que impera el inter\u00e9s personal e inmediato y&hellip;&nbsp;\u00c9TICA EN LOS NEGOCIOS Zertifiziert\" \/>\n<meta property=\"og:url\" content=\"https:\/\/www.casadelectores.com\/index.php\/producto\/etica-en-los-negocios-zertifiziert-18095\/\" \/>\n<meta property=\"og:site_name\" content=\"casadelectores\" \/>\n<meta property=\"og:image\" content=\"https:\/\/www.casadelectores.com\/wp-content\/uploads\/2025\/SK0185525-DE20251119-101116-0-1763518286-978847356640.webp\" \/>\n\t<meta property=\"og:image:width\" content=\"95\" \/>\n\t<meta property=\"og:image:height\" content=\"134\" \/>\n\t<meta property=\"og:image:type\" content=\"image\/webp\" \/>\n<meta name=\"twitter:card\" content=\"summary_large_image\" \/>\n<meta name=\"twitter:label1\" content=\"Tiempo de lectura\" \/>\n\t<meta name=\"twitter:data1\" content=\"2 minutos\" \/>\n<script type=\"application\/ld+json\" class=\"yoast-schema-graph\">{\"@context\":\"https:\/\/schema.org\",\"@graph\":[{\"@type\":\"WebPage\",\"@id\":\"https:\/\/www.casadelectores.com\/index.php\/producto\/etica-en-los-negocios-zertifiziert-18095\/\",\"url\":\"https:\/\/www.casadelectores.com\/index.php\/producto\/etica-en-los-negocios-zertifiziert-18095\/\",\"name\":\"\u00c9TICA EN LOS NEGOCIOS Zertifiziert - casadelectores\",\"isPartOf\":{\"@id\":\"https:\/\/www.casadelectores.com\/#website\"},\"primaryImageOfPage\":{\"@id\":\"https:\/\/www.casadelectores.com\/index.php\/producto\/etica-en-los-negocios-zertifiziert-18095\/#primaryimage\"},\"image\":{\"@id\":\"https:\/\/www.casadelectores.com\/index.php\/producto\/etica-en-los-negocios-zertifiziert-18095\/#primaryimage\"},\"thumbnailUrl\":\"https:\/\/www.casadelectores.com\/wp-content\/uploads\/2025\/SK0185525-DE20251119-101116-0-1763518286-978847356640.webp\",\"datePublished\":\"2025-11-25T09:04:58+00:00\",\"breadcrumb\":{\"@id\":\"https:\/\/www.casadelectores.com\/index.php\/producto\/etica-en-los-negocios-zertifiziert-18095\/#breadcrumb\"},\"inLanguage\":\"es\",\"potentialAction\":[{\"@type\":\"ReadAction\",\"target\":[\"https:\/\/www.casadelectores.com\/index.php\/producto\/etica-en-los-negocios-zertifiziert-18095\/\"]}]},{\"@type\":\"ImageObject\",\"inLanguage\":\"es\",\"@id\":\"https:\/\/www.casadelectores.com\/index.php\/producto\/etica-en-los-negocios-zertifiziert-18095\/#primaryimage\",\"url\":\"https:\/\/www.casadelectores.com\/wp-content\/uploads\/2025\/SK0185525-DE20251119-101116-0-1763518286-978847356640.webp\",\"contentUrl\":\"https:\/\/www.casadelectores.com\/wp-content\/uploads\/2025\/SK0185525-DE20251119-101116-0-1763518286-978847356640.webp\",\"width\":95,\"height\":134},{\"@type\":\"BreadcrumbList\",\"@id\":\"https:\/\/www.casadelectores.com\/index.php\/producto\/etica-en-los-negocios-zertifiziert-18095\/#breadcrumb\",\"itemListElement\":[{\"@type\":\"ListItem\",\"position\":1,\"name\":\"Portada\",\"item\":\"https:\/\/www.casadelectores.com\/\"},{\"@type\":\"ListItem\",\"position\":2,\"name\":\"Shop\",\"item\":\"https:\/\/www.casadelectores.com\/index.php\/shop\/\"},{\"@type\":\"ListItem\",\"position\":3,\"name\":\"\u00c9TICA EN LOS NEGOCIOS Zertifiziert\"}]},{\"@type\":\"WebSite\",\"@id\":\"https:\/\/www.casadelectores.com\/#website\",\"url\":\"https:\/\/www.casadelectores.com\/\",\"name\":\"Enam\u00f3rate de las compras\",\"description\":\"\",\"publisher\":{\"@id\":\"https:\/\/www.casadelectores.com\/#organization\"},\"potentialAction\":[{\"@type\":\"SearchAction\",\"target\":{\"@type\":\"EntryPoint\",\"urlTemplate\":\"https:\/\/www.casadelectores.com\/?s={search_term_string}\"},\"query-input\":{\"@type\":\"PropertyValueSpecification\",\"valueRequired\":true,\"valueName\":\"search_term_string\"}}],\"inLanguage\":\"es\"},{\"@type\":\"Organization\",\"@id\":\"https:\/\/www.casadelectores.com\/#organization\",\"name\":\"Enam\u00f3rate de las compras\",\"url\":\"https:\/\/www.casadelectores.com\/\",\"logo\":{\"@type\":\"ImageObject\",\"inLanguage\":\"es\",\"@id\":\"https:\/\/www.casadelectores.com\/#\/schema\/logo\/image\/\",\"url\":\"https:\/\/www.casadelectores.com\/wp-content\/uploads\/2020\/10\/shop-icon.png\",\"contentUrl\":\"https:\/\/www.casadelectores.com\/wp-content\/uploads\/2020\/10\/shop-icon.png\",\"width\":512,\"height\":512,\"caption\":\"Enam\u00f3rate de las compras\"},\"image\":{\"@id\":\"https:\/\/www.casadelectores.com\/#\/schema\/logo\/image\/\"}}]}<\/script>\n<!-- \/ Yoast SEO plugin. -->","yoast_head_json":{"title":"\u00c9TICA EN LOS NEGOCIOS Zertifiziert - casadelectores","robots":{"index":"index","follow":"follow","max-snippet":"max-snippet:-1","max-image-preview":"max-image-preview:large","max-video-preview":"max-video-preview:-1"},"canonical":"https:\/\/www.casadelectores.com\/index.php\/producto\/etica-en-los-negocios-zertifiziert-18095\/","og_locale":"es_ES","og_type":"article","og_title":"\u00c9TICA EN LOS NEGOCIOS Zertifiziert - casadelectores","og_description":"La crisis econ\u00f3mica del 2008 ha destapado una crisis moral, la de la avaricia. Se ha invertido la escala de valores, lo importante es la cuenta de resultados. Hoy m\u00e1s que nunca, la \u00e9tica ha de despertar la conciencia y la cr\u00edtica frente a conductas en las que impera el inter\u00e9s personal e inmediato y&hellip;&nbsp;\u00c9TICA EN LOS NEGOCIOS Zertifiziert","og_url":"https:\/\/www.casadelectores.com\/index.php\/producto\/etica-en-los-negocios-zertifiziert-18095\/","og_site_name":"casadelectores","og_image":[{"width":95,"height":134,"url":"https:\/\/www.casadelectores.com\/wp-content\/uploads\/2025\/SK0185525-DE20251119-101116-0-1763518286-978847356640.webp","type":"image\/webp"}],"twitter_card":"summary_large_image","twitter_misc":{"Tiempo de lectura":"2 minutos"},"schema":{"@context":"https:\/\/schema.org","@graph":[{"@type":"WebPage","@id":"https:\/\/www.casadelectores.com\/index.php\/producto\/etica-en-los-negocios-zertifiziert-18095\/","url":"https:\/\/www.casadelectores.com\/index.php\/producto\/etica-en-los-negocios-zertifiziert-18095\/","name":"\u00c9TICA EN LOS NEGOCIOS Zertifiziert - casadelectores","isPartOf":{"@id":"https:\/\/www.casadelectores.com\/#website"},"primaryImageOfPage":{"@id":"https:\/\/www.casadelectores.com\/index.php\/producto\/etica-en-los-negocios-zertifiziert-18095\/#primaryimage"},"image":{"@id":"https:\/\/www.casadelectores.com\/index.php\/producto\/etica-en-los-negocios-zertifiziert-18095\/#primaryimage"},"thumbnailUrl":"https:\/\/www.casadelectores.com\/wp-content\/uploads\/2025\/SK0185525-DE20251119-101116-0-1763518286-978847356640.webp","datePublished":"2025-11-25T09:04:58+00:00","breadcrumb":{"@id":"https:\/\/www.casadelectores.com\/index.php\/producto\/etica-en-los-negocios-zertifiziert-18095\/#breadcrumb"},"inLanguage":"es","potentialAction":[{"@type":"ReadAction","target":["https:\/\/www.casadelectores.com\/index.php\/producto\/etica-en-los-negocios-zertifiziert-18095\/"]}]},{"@type":"ImageObject","inLanguage":"es","@id":"https:\/\/www.casadelectores.com\/index.php\/producto\/etica-en-los-negocios-zertifiziert-18095\/#primaryimage","url":"https:\/\/www.casadelectores.com\/wp-content\/uploads\/2025\/SK0185525-DE20251119-101116-0-1763518286-978847356640.webp","contentUrl":"https:\/\/www.casadelectores.com\/wp-content\/uploads\/2025\/SK0185525-DE20251119-101116-0-1763518286-978847356640.webp","width":95,"height":134},{"@type":"BreadcrumbList","@id":"https:\/\/www.casadelectores.com\/index.php\/producto\/etica-en-los-negocios-zertifiziert-18095\/#breadcrumb","itemListElement":[{"@type":"ListItem","position":1,"name":"Portada","item":"https:\/\/www.casadelectores.com\/"},{"@type":"ListItem","position":2,"name":"Shop","item":"https:\/\/www.casadelectores.com\/index.php\/shop\/"},{"@type":"ListItem","position":3,"name":"\u00c9TICA EN LOS NEGOCIOS Zertifiziert"}]},{"@type":"WebSite","@id":"https:\/\/www.casadelectores.com\/#website","url":"https:\/\/www.casadelectores.com\/","name":"Enam\u00f3rate de las compras","description":"","publisher":{"@id":"https:\/\/www.casadelectores.com\/#organization"},"potentialAction":[{"@type":"SearchAction","target":{"@type":"EntryPoint","urlTemplate":"https:\/\/www.casadelectores.com\/?s={search_term_string}"},"query-input":{"@type":"PropertyValueSpecification","valueRequired":true,"valueName":"search_term_string"}}],"inLanguage":"es"},{"@type":"Organization","@id":"https:\/\/www.casadelectores.com\/#organization","name":"Enam\u00f3rate de las compras","url":"https:\/\/www.casadelectores.com\/","logo":{"@type":"ImageObject","inLanguage":"es","@id":"https:\/\/www.casadelectores.com\/#\/schema\/logo\/image\/","url":"https:\/\/www.casadelectores.com\/wp-content\/uploads\/2020\/10\/shop-icon.png","contentUrl":"https:\/\/www.casadelectores.com\/wp-content\/uploads\/2020\/10\/shop-icon.png","width":512,"height":512,"caption":"Enam\u00f3rate de las compras"},"image":{"@id":"https:\/\/www.casadelectores.com\/#\/schema\/logo\/image\/"}}]}},"_links":{"self":[{"href":"https:\/\/www.casadelectores.com\/index.php\/wp-json\/wp\/v2\/product\/18095","targetHints":{"allow":["GET"]}}],"collection":[{"href":"https:\/\/www.casadelectores.com\/index.php\/wp-json\/wp\/v2\/product"}],"about":[{"href":"https:\/\/www.casadelectores.com\/index.php\/wp-json\/wp\/v2\/types\/product"}],"wp:featuredmedia":[{"embeddable":true,"href":"https:\/\/www.casadelectores.com\/index.php\/wp-json\/wp\/v2\/media\/18195"}],"wp:attachment":[{"href":"https:\/\/www.casadelectores.com\/index.php\/wp-json\/wp\/v2\/media?parent=18095"}],"wp:term":[{"taxonomy":"product_brand","embeddable":true,"href":"https:\/\/www.casadelectores.com\/index.php\/wp-json\/wp\/v2\/product_brand?post=18095"},{"taxonomy":"product_cat","embeddable":true,"href":"https:\/\/www.casadelectores.com\/index.php\/wp-json\/wp\/v2\/product_cat?post=18095"},{"taxonomy":"product_tag","embeddable":true,"href":"https:\/\/www.casadelectores.com\/index.php\/wp-json\/wp\/v2\/product_tag?post=18095"}],"curies":[{"name":"wp","href":"https:\/\/api.w.org\/{rel}","templated":true}]}}