{"id":17710,"date":"2025-11-25T09:04:58","date_gmt":"2025-11-25T09:04:58","guid":{"rendered":""},"modified":"2025-11-25T09:04:58","modified_gmt":"2025-11-25T09:04:58","slug":"eremitas-andalusies-mozarabes-las-sociedades-ibericas-bajo-el-poder-islamico-schneller-versand-17710","status":"publish","type":"product","link":"https:\/\/www.casadelectores.com\/index.php\/producto\/eremitas-andalusies-mozarabes-las-sociedades-ibericas-bajo-el-poder-islamico-schneller-versand-17710\/","title":{"rendered":"EREMITAS, ANDALUS\u00cdES, MOZ\u00c1RABES. LAS SOCIEDADES IB\u00c9RICAS BAJO EL PODER ISL\u00c1MICO Schneller Versand"},"content":{"rendered":"<p>Eremitas, andalus\u00edes, moz\u00e1rabes constituye la segunda entrega de los 21 vol\u00famenes que componen La inteligencia hispana, serie que estudia la historia de Espa\u00f1a desde sus inicios medievales hasta la actualidad.La inteligencia hispana, escrita en su totalidad por Jos\u00e9 Luis Villaca\u00f1as, est\u00e1 llamada a constituirse por d\u00e9cadas en obra de referencia b\u00e1sica sobre la historia de nuestro pa\u00eds.En Eremitas, andalus\u00edes, moz\u00e1rabes se analiza el periodo comprendido entre la conquista musulmana en el 711 y el reinado astur-leon\u00e9s de Alfonso III. El volumen estudia, por tanto, la progresiva islamizacion de la pen\u00ednsula y la consolidaci\u00f3n del Emirato, en su ambigua relaci\u00f3n con los moz\u00e1rabes y en sus continuos conflictos con los caudillos cristianos astures y gallegos.Como en toda la serie, la formaci\u00f3n y sucesivas crisis de los reinos hisp\u00e1nicos se describe en relaci\u00f3n con lo que acontece en el resto de Europa. En este periodo en particular es de suma importancia el poder franco, que sostuvo la Marca hisp\u00e1nica y los condados pirenaicos.EREMITAS, ANDALUS\u00cdES, MOZ\u00c1RABES analiza la inteligencia que reflexion\u00f3 sobre estos procesos: las pol\u00e9micas teol\u00f3gicas entre Elipando y Beato, la teor\u00eda pol\u00edtica franca de Jon\u00e1s de Orleans, la implantaci\u00f3n de la escuela malikita en el emirato, la reacci\u00f3n de los cristianos moz\u00e1rabes y la renovaci\u00f3n del recuerdo goticista tanto en la Marca como en el reino asturleon\u00e9s con Alfonso III. \u00ab,<\/p>\n","protected":false},"excerpt":{"rendered":"<p>Eremitas, andalus\u00edes, moz\u00e1rabes constituye la segunda entrega de los 21 vol\u00famenes que componen La inteligencia hispana, serie que estudia la historia de Espa\u00f1a desde sus inicios medievales hasta la actualidad.La inteligencia hispana, escrita en su totalidad por Jos\u00e9 Luis Villaca\u00f1as, est\u00e1 llamada a constituirse por d\u00e9cadas en obra de referencia b\u00e1sica sobre la historia de&hellip;&nbsp;<a href=\"https:\/\/www.casadelectores.com\/index.php\/producto\/eremitas-andalusies-mozarabes-las-sociedades-ibericas-bajo-el-poder-islamico-schneller-versand-17710\/\" rel=\"bookmark\"><span class=\"screen-reader-text\">EREMITAS, ANDALUS\u00cdES, MOZ\u00c1RABES. LAS SOCIEDADES IB\u00c9RICAS BAJO EL PODER ISL\u00c1MICO Schneller Versand<\/span><\/a><\/p>\n","protected":false},"featured_media":17810,"template":"","meta":{"neve_meta_sidebar":"","neve_meta_container":"","neve_meta_enable_content_width":"","neve_meta_content_width":0,"neve_meta_title_alignment":"","neve_meta_author_avatar":"","neve_post_elements_order":"","neve_meta_disable_header":"","neve_meta_disable_footer":"","neve_meta_disable_title":"","_themeisle_gutenberg_block_has_review":false},"product_brand":[],"product_cat":[26],"product_tag":[],"class_list":["post-17710","product","type-product","status-publish","has-post-thumbnail","product_cat-publicaciones-de-libros","first","instock","sale","shipping-taxable","purchasable","product-type-simple"],"yoast_head":"<!-- This site is optimized with the Yoast SEO plugin v26.3 - https:\/\/yoast.com\/wordpress\/plugins\/seo\/ -->\n<title>EREMITAS, ANDALUS\u00cdES, MOZ\u00c1RABES. LAS SOCIEDADES IB\u00c9RICAS BAJO EL PODER ISL\u00c1MICO Schneller Versand - casadelectores<\/title>\n<meta name=\"robots\" content=\"index, follow, max-snippet:-1, max-image-preview:large, max-video-preview:-1\" \/>\n<link rel=\"canonical\" href=\"https:\/\/www.casadelectores.com\/index.php\/producto\/eremitas-andalusies-mozarabes-las-sociedades-ibericas-bajo-el-poder-islamico-schneller-versand-17710\/\" \/>\n<meta property=\"og:locale\" content=\"es_ES\" \/>\n<meta property=\"og:type\" content=\"article\" \/>\n<meta property=\"og:title\" content=\"EREMITAS, ANDALUS\u00cdES, MOZ\u00c1RABES. LAS SOCIEDADES IB\u00c9RICAS BAJO EL PODER ISL\u00c1MICO Schneller Versand - casadelectores\" \/>\n<meta property=\"og:description\" content=\"Eremitas, andalus\u00edes, moz\u00e1rabes constituye la segunda entrega de los 21 vol\u00famenes que componen La inteligencia hispana, serie que estudia la historia de Espa\u00f1a desde sus inicios medievales hasta la actualidad.La inteligencia hispana, escrita en su totalidad por Jos\u00e9 Luis Villaca\u00f1as, est\u00e1 llamada a constituirse por d\u00e9cadas en obra de referencia b\u00e1sica sobre la historia de&hellip;&nbsp;EREMITAS, ANDALUS\u00cdES, MOZ\u00c1RABES. LAS SOCIEDADES IB\u00c9RICAS BAJO EL PODER ISL\u00c1MICO Schneller Versand\" \/>\n<meta property=\"og:url\" content=\"https:\/\/www.casadelectores.com\/index.php\/producto\/eremitas-andalusies-mozarabes-las-sociedades-ibericas-bajo-el-poder-islamico-schneller-versand-17710\/\" \/>\n<meta property=\"og:site_name\" content=\"casadelectores\" \/>\n<meta property=\"og:image\" content=\"https:\/\/www.casadelectores.com\/wp-content\/uploads\/2025\/SK0185221-DE20251119-101116-0-1763518286-978841713438.webp\" \/>\n\t<meta property=\"og:image:width\" content=\"233\" \/>\n\t<meta property=\"og:image:height\" content=\"350\" \/>\n\t<meta property=\"og:image:type\" content=\"image\/webp\" \/>\n<meta name=\"twitter:card\" content=\"summary_large_image\" \/>\n<meta name=\"twitter:label1\" content=\"Tiempo de lectura\" \/>\n\t<meta name=\"twitter:data1\" content=\"1 minuto\" \/>\n<script type=\"application\/ld+json\" class=\"yoast-schema-graph\">{\"@context\":\"https:\/\/schema.org\",\"@graph\":[{\"@type\":\"WebPage\",\"@id\":\"https:\/\/www.casadelectores.com\/index.php\/producto\/eremitas-andalusies-mozarabes-las-sociedades-ibericas-bajo-el-poder-islamico-schneller-versand-17710\/\",\"url\":\"https:\/\/www.casadelectores.com\/index.php\/producto\/eremitas-andalusies-mozarabes-las-sociedades-ibericas-bajo-el-poder-islamico-schneller-versand-17710\/\",\"name\":\"EREMITAS, ANDALUS\u00cdES, MOZ\u00c1RABES. LAS SOCIEDADES IB\u00c9RICAS BAJO EL PODER ISL\u00c1MICO Schneller Versand - casadelectores\",\"isPartOf\":{\"@id\":\"https:\/\/www.casadelectores.com\/#website\"},\"primaryImageOfPage\":{\"@id\":\"https:\/\/www.casadelectores.com\/index.php\/producto\/eremitas-andalusies-mozarabes-las-sociedades-ibericas-bajo-el-poder-islamico-schneller-versand-17710\/#primaryimage\"},\"image\":{\"@id\":\"https:\/\/www.casadelectores.com\/index.php\/producto\/eremitas-andalusies-mozarabes-las-sociedades-ibericas-bajo-el-poder-islamico-schneller-versand-17710\/#primaryimage\"},\"thumbnailUrl\":\"https:\/\/www.casadelectores.com\/wp-content\/uploads\/2025\/SK0185221-DE20251119-101116-0-1763518286-978841713438.webp\",\"datePublished\":\"2025-11-25T09:04:58+00:00\",\"breadcrumb\":{\"@id\":\"https:\/\/www.casadelectores.com\/index.php\/producto\/eremitas-andalusies-mozarabes-las-sociedades-ibericas-bajo-el-poder-islamico-schneller-versand-17710\/#breadcrumb\"},\"inLanguage\":\"es\",\"potentialAction\":[{\"@type\":\"ReadAction\",\"target\":[\"https:\/\/www.casadelectores.com\/index.php\/producto\/eremitas-andalusies-mozarabes-las-sociedades-ibericas-bajo-el-poder-islamico-schneller-versand-17710\/\"]}]},{\"@type\":\"ImageObject\",\"inLanguage\":\"es\",\"@id\":\"https:\/\/www.casadelectores.com\/index.php\/producto\/eremitas-andalusies-mozarabes-las-sociedades-ibericas-bajo-el-poder-islamico-schneller-versand-17710\/#primaryimage\",\"url\":\"https:\/\/www.casadelectores.com\/wp-content\/uploads\/2025\/SK0185221-DE20251119-101116-0-1763518286-978841713438.webp\",\"contentUrl\":\"https:\/\/www.casadelectores.com\/wp-content\/uploads\/2025\/SK0185221-DE20251119-101116-0-1763518286-978841713438.webp\",\"width\":233,\"height\":350},{\"@type\":\"BreadcrumbList\",\"@id\":\"https:\/\/www.casadelectores.com\/index.php\/producto\/eremitas-andalusies-mozarabes-las-sociedades-ibericas-bajo-el-poder-islamico-schneller-versand-17710\/#breadcrumb\",\"itemListElement\":[{\"@type\":\"ListItem\",\"position\":1,\"name\":\"Portada\",\"item\":\"https:\/\/www.casadelectores.com\/\"},{\"@type\":\"ListItem\",\"position\":2,\"name\":\"Shop\",\"item\":\"https:\/\/www.casadelectores.com\/index.php\/shop\/\"},{\"@type\":\"ListItem\",\"position\":3,\"name\":\"EREMITAS, ANDALUS\u00cdES, MOZ\u00c1RABES. LAS SOCIEDADES IB\u00c9RICAS BAJO EL PODER ISL\u00c1MICO Schneller Versand\"}]},{\"@type\":\"WebSite\",\"@id\":\"https:\/\/www.casadelectores.com\/#website\",\"url\":\"https:\/\/www.casadelectores.com\/\",\"name\":\"Enam\u00f3rate de las compras\",\"description\":\"\",\"publisher\":{\"@id\":\"https:\/\/www.casadelectores.com\/#organization\"},\"potentialAction\":[{\"@type\":\"SearchAction\",\"target\":{\"@type\":\"EntryPoint\",\"urlTemplate\":\"https:\/\/www.casadelectores.com\/?s={search_term_string}\"},\"query-input\":{\"@type\":\"PropertyValueSpecification\",\"valueRequired\":true,\"valueName\":\"search_term_string\"}}],\"inLanguage\":\"es\"},{\"@type\":\"Organization\",\"@id\":\"https:\/\/www.casadelectores.com\/#organization\",\"name\":\"Enam\u00f3rate de las compras\",\"url\":\"https:\/\/www.casadelectores.com\/\",\"logo\":{\"@type\":\"ImageObject\",\"inLanguage\":\"es\",\"@id\":\"https:\/\/www.casadelectores.com\/#\/schema\/logo\/image\/\",\"url\":\"https:\/\/www.casadelectores.com\/wp-content\/uploads\/2020\/10\/shop-icon.png\",\"contentUrl\":\"https:\/\/www.casadelectores.com\/wp-content\/uploads\/2020\/10\/shop-icon.png\",\"width\":512,\"height\":512,\"caption\":\"Enam\u00f3rate de las compras\"},\"image\":{\"@id\":\"https:\/\/www.casadelectores.com\/#\/schema\/logo\/image\/\"}}]}<\/script>\n<!-- \/ Yoast SEO plugin. -->","yoast_head_json":{"title":"EREMITAS, ANDALUS\u00cdES, MOZ\u00c1RABES. LAS SOCIEDADES IB\u00c9RICAS BAJO EL PODER ISL\u00c1MICO Schneller Versand - casadelectores","robots":{"index":"index","follow":"follow","max-snippet":"max-snippet:-1","max-image-preview":"max-image-preview:large","max-video-preview":"max-video-preview:-1"},"canonical":"https:\/\/www.casadelectores.com\/index.php\/producto\/eremitas-andalusies-mozarabes-las-sociedades-ibericas-bajo-el-poder-islamico-schneller-versand-17710\/","og_locale":"es_ES","og_type":"article","og_title":"EREMITAS, ANDALUS\u00cdES, MOZ\u00c1RABES. LAS SOCIEDADES IB\u00c9RICAS BAJO EL PODER ISL\u00c1MICO Schneller Versand - casadelectores","og_description":"Eremitas, andalus\u00edes, moz\u00e1rabes constituye la segunda entrega de los 21 vol\u00famenes que componen La inteligencia hispana, serie que estudia la historia de Espa\u00f1a desde sus inicios medievales hasta la actualidad.La inteligencia hispana, escrita en su totalidad por Jos\u00e9 Luis Villaca\u00f1as, est\u00e1 llamada a constituirse por d\u00e9cadas en obra de referencia b\u00e1sica sobre la historia de&hellip;&nbsp;EREMITAS, ANDALUS\u00cdES, MOZ\u00c1RABES. LAS SOCIEDADES IB\u00c9RICAS BAJO EL PODER ISL\u00c1MICO Schneller Versand","og_url":"https:\/\/www.casadelectores.com\/index.php\/producto\/eremitas-andalusies-mozarabes-las-sociedades-ibericas-bajo-el-poder-islamico-schneller-versand-17710\/","og_site_name":"casadelectores","og_image":[{"width":233,"height":350,"url":"https:\/\/www.casadelectores.com\/wp-content\/uploads\/2025\/SK0185221-DE20251119-101116-0-1763518286-978841713438.webp","type":"image\/webp"}],"twitter_card":"summary_large_image","twitter_misc":{"Tiempo de lectura":"1 minuto"},"schema":{"@context":"https:\/\/schema.org","@graph":[{"@type":"WebPage","@id":"https:\/\/www.casadelectores.com\/index.php\/producto\/eremitas-andalusies-mozarabes-las-sociedades-ibericas-bajo-el-poder-islamico-schneller-versand-17710\/","url":"https:\/\/www.casadelectores.com\/index.php\/producto\/eremitas-andalusies-mozarabes-las-sociedades-ibericas-bajo-el-poder-islamico-schneller-versand-17710\/","name":"EREMITAS, ANDALUS\u00cdES, MOZ\u00c1RABES. LAS SOCIEDADES IB\u00c9RICAS BAJO EL PODER ISL\u00c1MICO Schneller Versand - casadelectores","isPartOf":{"@id":"https:\/\/www.casadelectores.com\/#website"},"primaryImageOfPage":{"@id":"https:\/\/www.casadelectores.com\/index.php\/producto\/eremitas-andalusies-mozarabes-las-sociedades-ibericas-bajo-el-poder-islamico-schneller-versand-17710\/#primaryimage"},"image":{"@id":"https:\/\/www.casadelectores.com\/index.php\/producto\/eremitas-andalusies-mozarabes-las-sociedades-ibericas-bajo-el-poder-islamico-schneller-versand-17710\/#primaryimage"},"thumbnailUrl":"https:\/\/www.casadelectores.com\/wp-content\/uploads\/2025\/SK0185221-DE20251119-101116-0-1763518286-978841713438.webp","datePublished":"2025-11-25T09:04:58+00:00","breadcrumb":{"@id":"https:\/\/www.casadelectores.com\/index.php\/producto\/eremitas-andalusies-mozarabes-las-sociedades-ibericas-bajo-el-poder-islamico-schneller-versand-17710\/#breadcrumb"},"inLanguage":"es","potentialAction":[{"@type":"ReadAction","target":["https:\/\/www.casadelectores.com\/index.php\/producto\/eremitas-andalusies-mozarabes-las-sociedades-ibericas-bajo-el-poder-islamico-schneller-versand-17710\/"]}]},{"@type":"ImageObject","inLanguage":"es","@id":"https:\/\/www.casadelectores.com\/index.php\/producto\/eremitas-andalusies-mozarabes-las-sociedades-ibericas-bajo-el-poder-islamico-schneller-versand-17710\/#primaryimage","url":"https:\/\/www.casadelectores.com\/wp-content\/uploads\/2025\/SK0185221-DE20251119-101116-0-1763518286-978841713438.webp","contentUrl":"https:\/\/www.casadelectores.com\/wp-content\/uploads\/2025\/SK0185221-DE20251119-101116-0-1763518286-978841713438.webp","width":233,"height":350},{"@type":"BreadcrumbList","@id":"https:\/\/www.casadelectores.com\/index.php\/producto\/eremitas-andalusies-mozarabes-las-sociedades-ibericas-bajo-el-poder-islamico-schneller-versand-17710\/#breadcrumb","itemListElement":[{"@type":"ListItem","position":1,"name":"Portada","item":"https:\/\/www.casadelectores.com\/"},{"@type":"ListItem","position":2,"name":"Shop","item":"https:\/\/www.casadelectores.com\/index.php\/shop\/"},{"@type":"ListItem","position":3,"name":"EREMITAS, ANDALUS\u00cdES, MOZ\u00c1RABES. LAS SOCIEDADES IB\u00c9RICAS BAJO EL PODER ISL\u00c1MICO Schneller Versand"}]},{"@type":"WebSite","@id":"https:\/\/www.casadelectores.com\/#website","url":"https:\/\/www.casadelectores.com\/","name":"Enam\u00f3rate de las compras","description":"","publisher":{"@id":"https:\/\/www.casadelectores.com\/#organization"},"potentialAction":[{"@type":"SearchAction","target":{"@type":"EntryPoint","urlTemplate":"https:\/\/www.casadelectores.com\/?s={search_term_string}"},"query-input":{"@type":"PropertyValueSpecification","valueRequired":true,"valueName":"search_term_string"}}],"inLanguage":"es"},{"@type":"Organization","@id":"https:\/\/www.casadelectores.com\/#organization","name":"Enam\u00f3rate de las compras","url":"https:\/\/www.casadelectores.com\/","logo":{"@type":"ImageObject","inLanguage":"es","@id":"https:\/\/www.casadelectores.com\/#\/schema\/logo\/image\/","url":"https:\/\/www.casadelectores.com\/wp-content\/uploads\/2020\/10\/shop-icon.png","contentUrl":"https:\/\/www.casadelectores.com\/wp-content\/uploads\/2020\/10\/shop-icon.png","width":512,"height":512,"caption":"Enam\u00f3rate de las compras"},"image":{"@id":"https:\/\/www.casadelectores.com\/#\/schema\/logo\/image\/"}}]}},"_links":{"self":[{"href":"https:\/\/www.casadelectores.com\/index.php\/wp-json\/wp\/v2\/product\/17710","targetHints":{"allow":["GET"]}}],"collection":[{"href":"https:\/\/www.casadelectores.com\/index.php\/wp-json\/wp\/v2\/product"}],"about":[{"href":"https:\/\/www.casadelectores.com\/index.php\/wp-json\/wp\/v2\/types\/product"}],"wp:featuredmedia":[{"embeddable":true,"href":"https:\/\/www.casadelectores.com\/index.php\/wp-json\/wp\/v2\/media\/17810"}],"wp:attachment":[{"href":"https:\/\/www.casadelectores.com\/index.php\/wp-json\/wp\/v2\/media?parent=17710"}],"wp:term":[{"taxonomy":"product_brand","embeddable":true,"href":"https:\/\/www.casadelectores.com\/index.php\/wp-json\/wp\/v2\/product_brand?post=17710"},{"taxonomy":"product_cat","embeddable":true,"href":"https:\/\/www.casadelectores.com\/index.php\/wp-json\/wp\/v2\/product_cat?post=17710"},{"taxonomy":"product_tag","embeddable":true,"href":"https:\/\/www.casadelectores.com\/index.php\/wp-json\/wp\/v2\/product_tag?post=17710"}],"curies":[{"name":"wp","href":"https:\/\/api.w.org\/{rel}","templated":true}]}}