{"id":17229,"date":"2025-11-25T09:04:50","date_gmt":"2025-11-25T09:04:50","guid":{"rendered":""},"modified":"2025-11-25T09:04:50","modified_gmt":"2025-11-25T09:04:50","slug":"fotografia-y-arquitectura-en-el-siglo-xix-historia-y-representacion-monumental-top-qualitat-17229","status":"publish","type":"product","link":"https:\/\/www.casadelectores.com\/index.php\/producto\/fotografia-y-arquitectura-en-el-siglo-xix-historia-y-representacion-monumental-top-qualitat-17229\/","title":{"rendered":"FOTOGRAF\u00cdA Y ARQUITECTURA EN EL SIGLO XIX. HISTORIA Y REPRESENTACI\u00d3N MONUMENTAL Top-Qualit\u00e4t"},"content":{"rendered":"<p>Junto al an\u00e1lisis y la contextualizaci\u00f3n de la fotograf\u00eda europea de arquitectura, se destaca, en este libro, el importante papel que tuvo, en este g\u00e9nero fotogr\u00e1fico, la representaci\u00f3n de la arquitectura espa\u00f1ola ya sea por medio de nuevos an\u00e1lisis de fot\u00f3grafos de referencia, como Charles Clifford o Jean Laurent, o a trav\u00e9s del descubrimiento de otros completamente desconocidos hasta ahora, de los que se reconstruyen sus trayectorias y obras.El c\u00e9lebre historiador de la fotograf\u00eda Helmut Gernsheim, a prop\u00f3sito de Charles Clifford, escribi\u00f3 en 1960 que \u00abEspa\u00f1a, a diferencia de Italia, no fue un pa\u00eds muy frecuentado por turistas en el siglo XIX y no formaba parte del usual itinerario del Gran Tour\u00bb. Cincuenta a\u00f1os m\u00e1s tarde, este libro de Helena P\u00e9rez Gallardo modifica esa idea, confirmando y estudiando c\u00f3mo nuestro pa\u00eds no solo form\u00f3 parte del Grand Tour fotogr\u00e1fico, sino que, a trav\u00e9s de la fotograf\u00eda de sus principales monumentos, su arquitectura fue descubierta, elogiada y difundida por viajeros rom\u00e1nticos, eruditos, arquitectos y cient\u00edficos, precisamente extranjeros, que durante toda la segunda mitad del siglo XIX nos visitaron. Algunos de ellos se instalaron en Espa\u00f1a, estimulando con su producci\u00f3n la aparici\u00f3n de la primera generaci\u00f3n de fot\u00f3grafos espa\u00f1oles y consolidando as\u00ed el g\u00e9nero de la fotograf\u00eda de arquitectura, cuya amplia difusi\u00f3n internacional servir\u00e1 de veh\u00edculo privilegiado para el conocimiento de nuestra historia monumental y arquitect\u00f3nica. \u00ab,<\/p>\n","protected":false},"excerpt":{"rendered":"<p>Junto al an\u00e1lisis y la contextualizaci\u00f3n de la fotograf\u00eda europea de arquitectura, se destaca, en este libro, el importante papel que tuvo, en este g\u00e9nero fotogr\u00e1fico, la representaci\u00f3n de la arquitectura espa\u00f1ola ya sea por medio de nuevos an\u00e1lisis de fot\u00f3grafos de referencia, como Charles Clifford o Jean Laurent, o a trav\u00e9s del descubrimiento de&hellip;&nbsp;<a href=\"https:\/\/www.casadelectores.com\/index.php\/producto\/fotografia-y-arquitectura-en-el-siglo-xix-historia-y-representacion-monumental-top-qualitat-17229\/\" rel=\"bookmark\"><span class=\"screen-reader-text\">FOTOGRAF\u00cdA Y ARQUITECTURA EN EL SIGLO XIX. HISTORIA Y REPRESENTACI\u00d3N MONUMENTAL Top-Qualit\u00e4t<\/span><\/a><\/p>\n","protected":false},"featured_media":17329,"template":"","meta":{"neve_meta_sidebar":"","neve_meta_container":"","neve_meta_enable_content_width":"","neve_meta_content_width":0,"neve_meta_title_alignment":"","neve_meta_author_avatar":"","neve_post_elements_order":"","neve_meta_disable_header":"","neve_meta_disable_footer":"","neve_meta_disable_title":"","_themeisle_gutenberg_block_has_review":false},"product_brand":[],"product_cat":[26],"product_tag":[],"class_list":["post-17229","product","type-product","status-publish","has-post-thumbnail","product_cat-publicaciones-de-libros","first","instock","sale","shipping-taxable","purchasable","product-type-simple"],"yoast_head":"<!-- This site is optimized with the Yoast SEO plugin v26.3 - https:\/\/yoast.com\/wordpress\/plugins\/seo\/ -->\n<title>FOTOGRAF\u00cdA Y ARQUITECTURA EN EL SIGLO XIX. HISTORIA Y REPRESENTACI\u00d3N MONUMENTAL Top-Qualit\u00e4t - casadelectores<\/title>\n<meta name=\"robots\" content=\"index, follow, max-snippet:-1, max-image-preview:large, max-video-preview:-1\" \/>\n<link rel=\"canonical\" href=\"https:\/\/www.casadelectores.com\/index.php\/producto\/fotografia-y-arquitectura-en-el-siglo-xix-historia-y-representacion-monumental-top-qualitat-17229\/\" \/>\n<meta property=\"og:locale\" content=\"es_ES\" \/>\n<meta property=\"og:type\" content=\"article\" \/>\n<meta property=\"og:title\" content=\"FOTOGRAF\u00cdA Y ARQUITECTURA EN EL SIGLO XIX. HISTORIA Y REPRESENTACI\u00d3N MONUMENTAL Top-Qualit\u00e4t - casadelectores\" \/>\n<meta property=\"og:description\" content=\"Junto al an\u00e1lisis y la contextualizaci\u00f3n de la fotograf\u00eda europea de arquitectura, se destaca, en este libro, el importante papel que tuvo, en este g\u00e9nero fotogr\u00e1fico, la representaci\u00f3n de la arquitectura espa\u00f1ola ya sea por medio de nuevos an\u00e1lisis de fot\u00f3grafos de referencia, como Charles Clifford o Jean Laurent, o a trav\u00e9s del descubrimiento de&hellip;&nbsp;FOTOGRAF\u00cdA Y ARQUITECTURA EN EL SIGLO XIX. HISTORIA Y REPRESENTACI\u00d3N MONUMENTAL Top-Qualit\u00e4t\" \/>\n<meta property=\"og:url\" content=\"https:\/\/www.casadelectores.com\/index.php\/producto\/fotografia-y-arquitectura-en-el-siglo-xix-historia-y-representacion-monumental-top-qualitat-17229\/\" \/>\n<meta property=\"og:site_name\" content=\"casadelectores\" \/>\n<meta property=\"og:image\" content=\"https:\/\/www.casadelectores.com\/wp-content\/uploads\/2025\/SK0185005-DE20251119-101116-0-1763518286-978843763424.webp\" \/>\n\t<meta property=\"og:image:width\" content=\"300\" \/>\n\t<meta property=\"og:image:height\" content=\"436\" \/>\n\t<meta property=\"og:image:type\" content=\"image\/webp\" \/>\n<meta name=\"twitter:card\" content=\"summary_large_image\" \/>\n<meta name=\"twitter:label1\" content=\"Tiempo de lectura\" \/>\n\t<meta name=\"twitter:data1\" content=\"1 minuto\" \/>\n<script type=\"application\/ld+json\" class=\"yoast-schema-graph\">{\"@context\":\"https:\/\/schema.org\",\"@graph\":[{\"@type\":\"WebPage\",\"@id\":\"https:\/\/www.casadelectores.com\/index.php\/producto\/fotografia-y-arquitectura-en-el-siglo-xix-historia-y-representacion-monumental-top-qualitat-17229\/\",\"url\":\"https:\/\/www.casadelectores.com\/index.php\/producto\/fotografia-y-arquitectura-en-el-siglo-xix-historia-y-representacion-monumental-top-qualitat-17229\/\",\"name\":\"FOTOGRAF\u00cdA Y ARQUITECTURA EN EL SIGLO XIX. HISTORIA Y REPRESENTACI\u00d3N MONUMENTAL Top-Qualit\u00e4t - casadelectores\",\"isPartOf\":{\"@id\":\"https:\/\/www.casadelectores.com\/#website\"},\"primaryImageOfPage\":{\"@id\":\"https:\/\/www.casadelectores.com\/index.php\/producto\/fotografia-y-arquitectura-en-el-siglo-xix-historia-y-representacion-monumental-top-qualitat-17229\/#primaryimage\"},\"image\":{\"@id\":\"https:\/\/www.casadelectores.com\/index.php\/producto\/fotografia-y-arquitectura-en-el-siglo-xix-historia-y-representacion-monumental-top-qualitat-17229\/#primaryimage\"},\"thumbnailUrl\":\"https:\/\/www.casadelectores.com\/wp-content\/uploads\/2025\/SK0185005-DE20251119-101116-0-1763518286-978843763424.webp\",\"datePublished\":\"2025-11-25T09:04:50+00:00\",\"breadcrumb\":{\"@id\":\"https:\/\/www.casadelectores.com\/index.php\/producto\/fotografia-y-arquitectura-en-el-siglo-xix-historia-y-representacion-monumental-top-qualitat-17229\/#breadcrumb\"},\"inLanguage\":\"es\",\"potentialAction\":[{\"@type\":\"ReadAction\",\"target\":[\"https:\/\/www.casadelectores.com\/index.php\/producto\/fotografia-y-arquitectura-en-el-siglo-xix-historia-y-representacion-monumental-top-qualitat-17229\/\"]}]},{\"@type\":\"ImageObject\",\"inLanguage\":\"es\",\"@id\":\"https:\/\/www.casadelectores.com\/index.php\/producto\/fotografia-y-arquitectura-en-el-siglo-xix-historia-y-representacion-monumental-top-qualitat-17229\/#primaryimage\",\"url\":\"https:\/\/www.casadelectores.com\/wp-content\/uploads\/2025\/SK0185005-DE20251119-101116-0-1763518286-978843763424.webp\",\"contentUrl\":\"https:\/\/www.casadelectores.com\/wp-content\/uploads\/2025\/SK0185005-DE20251119-101116-0-1763518286-978843763424.webp\",\"width\":300,\"height\":436},{\"@type\":\"BreadcrumbList\",\"@id\":\"https:\/\/www.casadelectores.com\/index.php\/producto\/fotografia-y-arquitectura-en-el-siglo-xix-historia-y-representacion-monumental-top-qualitat-17229\/#breadcrumb\",\"itemListElement\":[{\"@type\":\"ListItem\",\"position\":1,\"name\":\"Portada\",\"item\":\"https:\/\/www.casadelectores.com\/\"},{\"@type\":\"ListItem\",\"position\":2,\"name\":\"Shop\",\"item\":\"https:\/\/www.casadelectores.com\/index.php\/shop\/\"},{\"@type\":\"ListItem\",\"position\":3,\"name\":\"FOTOGRAF\u00cdA Y ARQUITECTURA EN EL SIGLO XIX. HISTORIA Y REPRESENTACI\u00d3N MONUMENTAL Top-Qualit\u00e4t\"}]},{\"@type\":\"WebSite\",\"@id\":\"https:\/\/www.casadelectores.com\/#website\",\"url\":\"https:\/\/www.casadelectores.com\/\",\"name\":\"Enam\u00f3rate de las compras\",\"description\":\"\",\"publisher\":{\"@id\":\"https:\/\/www.casadelectores.com\/#organization\"},\"potentialAction\":[{\"@type\":\"SearchAction\",\"target\":{\"@type\":\"EntryPoint\",\"urlTemplate\":\"https:\/\/www.casadelectores.com\/?s={search_term_string}\"},\"query-input\":{\"@type\":\"PropertyValueSpecification\",\"valueRequired\":true,\"valueName\":\"search_term_string\"}}],\"inLanguage\":\"es\"},{\"@type\":\"Organization\",\"@id\":\"https:\/\/www.casadelectores.com\/#organization\",\"name\":\"Enam\u00f3rate de las compras\",\"url\":\"https:\/\/www.casadelectores.com\/\",\"logo\":{\"@type\":\"ImageObject\",\"inLanguage\":\"es\",\"@id\":\"https:\/\/www.casadelectores.com\/#\/schema\/logo\/image\/\",\"url\":\"https:\/\/www.casadelectores.com\/wp-content\/uploads\/2020\/10\/shop-icon.png\",\"contentUrl\":\"https:\/\/www.casadelectores.com\/wp-content\/uploads\/2020\/10\/shop-icon.png\",\"width\":512,\"height\":512,\"caption\":\"Enam\u00f3rate de las compras\"},\"image\":{\"@id\":\"https:\/\/www.casadelectores.com\/#\/schema\/logo\/image\/\"}}]}<\/script>\n<!-- \/ Yoast SEO plugin. -->","yoast_head_json":{"title":"FOTOGRAF\u00cdA Y ARQUITECTURA EN EL SIGLO XIX. HISTORIA Y REPRESENTACI\u00d3N MONUMENTAL Top-Qualit\u00e4t - casadelectores","robots":{"index":"index","follow":"follow","max-snippet":"max-snippet:-1","max-image-preview":"max-image-preview:large","max-video-preview":"max-video-preview:-1"},"canonical":"https:\/\/www.casadelectores.com\/index.php\/producto\/fotografia-y-arquitectura-en-el-siglo-xix-historia-y-representacion-monumental-top-qualitat-17229\/","og_locale":"es_ES","og_type":"article","og_title":"FOTOGRAF\u00cdA Y ARQUITECTURA EN EL SIGLO XIX. HISTORIA Y REPRESENTACI\u00d3N MONUMENTAL Top-Qualit\u00e4t - casadelectores","og_description":"Junto al an\u00e1lisis y la contextualizaci\u00f3n de la fotograf\u00eda europea de arquitectura, se destaca, en este libro, el importante papel que tuvo, en este g\u00e9nero fotogr\u00e1fico, la representaci\u00f3n de la arquitectura espa\u00f1ola ya sea por medio de nuevos an\u00e1lisis de fot\u00f3grafos de referencia, como Charles Clifford o Jean Laurent, o a trav\u00e9s del descubrimiento de&hellip;&nbsp;FOTOGRAF\u00cdA Y ARQUITECTURA EN EL SIGLO XIX. HISTORIA Y REPRESENTACI\u00d3N MONUMENTAL Top-Qualit\u00e4t","og_url":"https:\/\/www.casadelectores.com\/index.php\/producto\/fotografia-y-arquitectura-en-el-siglo-xix-historia-y-representacion-monumental-top-qualitat-17229\/","og_site_name":"casadelectores","og_image":[{"width":300,"height":436,"url":"https:\/\/www.casadelectores.com\/wp-content\/uploads\/2025\/SK0185005-DE20251119-101116-0-1763518286-978843763424.webp","type":"image\/webp"}],"twitter_card":"summary_large_image","twitter_misc":{"Tiempo de lectura":"1 minuto"},"schema":{"@context":"https:\/\/schema.org","@graph":[{"@type":"WebPage","@id":"https:\/\/www.casadelectores.com\/index.php\/producto\/fotografia-y-arquitectura-en-el-siglo-xix-historia-y-representacion-monumental-top-qualitat-17229\/","url":"https:\/\/www.casadelectores.com\/index.php\/producto\/fotografia-y-arquitectura-en-el-siglo-xix-historia-y-representacion-monumental-top-qualitat-17229\/","name":"FOTOGRAF\u00cdA Y ARQUITECTURA EN EL SIGLO XIX. HISTORIA Y REPRESENTACI\u00d3N MONUMENTAL Top-Qualit\u00e4t - casadelectores","isPartOf":{"@id":"https:\/\/www.casadelectores.com\/#website"},"primaryImageOfPage":{"@id":"https:\/\/www.casadelectores.com\/index.php\/producto\/fotografia-y-arquitectura-en-el-siglo-xix-historia-y-representacion-monumental-top-qualitat-17229\/#primaryimage"},"image":{"@id":"https:\/\/www.casadelectores.com\/index.php\/producto\/fotografia-y-arquitectura-en-el-siglo-xix-historia-y-representacion-monumental-top-qualitat-17229\/#primaryimage"},"thumbnailUrl":"https:\/\/www.casadelectores.com\/wp-content\/uploads\/2025\/SK0185005-DE20251119-101116-0-1763518286-978843763424.webp","datePublished":"2025-11-25T09:04:50+00:00","breadcrumb":{"@id":"https:\/\/www.casadelectores.com\/index.php\/producto\/fotografia-y-arquitectura-en-el-siglo-xix-historia-y-representacion-monumental-top-qualitat-17229\/#breadcrumb"},"inLanguage":"es","potentialAction":[{"@type":"ReadAction","target":["https:\/\/www.casadelectores.com\/index.php\/producto\/fotografia-y-arquitectura-en-el-siglo-xix-historia-y-representacion-monumental-top-qualitat-17229\/"]}]},{"@type":"ImageObject","inLanguage":"es","@id":"https:\/\/www.casadelectores.com\/index.php\/producto\/fotografia-y-arquitectura-en-el-siglo-xix-historia-y-representacion-monumental-top-qualitat-17229\/#primaryimage","url":"https:\/\/www.casadelectores.com\/wp-content\/uploads\/2025\/SK0185005-DE20251119-101116-0-1763518286-978843763424.webp","contentUrl":"https:\/\/www.casadelectores.com\/wp-content\/uploads\/2025\/SK0185005-DE20251119-101116-0-1763518286-978843763424.webp","width":300,"height":436},{"@type":"BreadcrumbList","@id":"https:\/\/www.casadelectores.com\/index.php\/producto\/fotografia-y-arquitectura-en-el-siglo-xix-historia-y-representacion-monumental-top-qualitat-17229\/#breadcrumb","itemListElement":[{"@type":"ListItem","position":1,"name":"Portada","item":"https:\/\/www.casadelectores.com\/"},{"@type":"ListItem","position":2,"name":"Shop","item":"https:\/\/www.casadelectores.com\/index.php\/shop\/"},{"@type":"ListItem","position":3,"name":"FOTOGRAF\u00cdA Y ARQUITECTURA EN EL SIGLO XIX. HISTORIA Y REPRESENTACI\u00d3N MONUMENTAL Top-Qualit\u00e4t"}]},{"@type":"WebSite","@id":"https:\/\/www.casadelectores.com\/#website","url":"https:\/\/www.casadelectores.com\/","name":"Enam\u00f3rate de las compras","description":"","publisher":{"@id":"https:\/\/www.casadelectores.com\/#organization"},"potentialAction":[{"@type":"SearchAction","target":{"@type":"EntryPoint","urlTemplate":"https:\/\/www.casadelectores.com\/?s={search_term_string}"},"query-input":{"@type":"PropertyValueSpecification","valueRequired":true,"valueName":"search_term_string"}}],"inLanguage":"es"},{"@type":"Organization","@id":"https:\/\/www.casadelectores.com\/#organization","name":"Enam\u00f3rate de las compras","url":"https:\/\/www.casadelectores.com\/","logo":{"@type":"ImageObject","inLanguage":"es","@id":"https:\/\/www.casadelectores.com\/#\/schema\/logo\/image\/","url":"https:\/\/www.casadelectores.com\/wp-content\/uploads\/2020\/10\/shop-icon.png","contentUrl":"https:\/\/www.casadelectores.com\/wp-content\/uploads\/2020\/10\/shop-icon.png","width":512,"height":512,"caption":"Enam\u00f3rate de las compras"},"image":{"@id":"https:\/\/www.casadelectores.com\/#\/schema\/logo\/image\/"}}]}},"_links":{"self":[{"href":"https:\/\/www.casadelectores.com\/index.php\/wp-json\/wp\/v2\/product\/17229","targetHints":{"allow":["GET"]}}],"collection":[{"href":"https:\/\/www.casadelectores.com\/index.php\/wp-json\/wp\/v2\/product"}],"about":[{"href":"https:\/\/www.casadelectores.com\/index.php\/wp-json\/wp\/v2\/types\/product"}],"wp:featuredmedia":[{"embeddable":true,"href":"https:\/\/www.casadelectores.com\/index.php\/wp-json\/wp\/v2\/media\/17329"}],"wp:attachment":[{"href":"https:\/\/www.casadelectores.com\/index.php\/wp-json\/wp\/v2\/media?parent=17229"}],"wp:term":[{"taxonomy":"product_brand","embeddable":true,"href":"https:\/\/www.casadelectores.com\/index.php\/wp-json\/wp\/v2\/product_brand?post=17229"},{"taxonomy":"product_cat","embeddable":true,"href":"https:\/\/www.casadelectores.com\/index.php\/wp-json\/wp\/v2\/product_cat?post=17229"},{"taxonomy":"product_tag","embeddable":true,"href":"https:\/\/www.casadelectores.com\/index.php\/wp-json\/wp\/v2\/product_tag?post=17229"}],"curies":[{"name":"wp","href":"https:\/\/api.w.org\/{rel}","templated":true}]}}