{"id":16651,"date":"2025-11-25T09:04:49","date_gmt":"2025-11-25T09:04:49","guid":{"rendered":""},"modified":"2025-11-25T09:04:49","modified_gmt":"2025-11-25T09:04:49","slug":"fernando-chueca-goitia-arquitecto-humanista-y-politico-kostenloser-ruckversand-16651","status":"publish","type":"product","link":"https:\/\/www.casadelectores.com\/index.php\/producto\/fernando-chueca-goitia-arquitecto-humanista-y-politico-kostenloser-ruckversand-16651\/","title":{"rendered":"FERNANDO CHUECA GOITIA, ARQUITECTO, HUMANISTA Y POL\u00cdTICO. Kostenloser R\u00fcckversand"},"content":{"rendered":"<p>Este libro recoge los textos del Ciclo de conferencias que organiz\u00f3 la Real Academia de la Historia para rendir merecido homenaje al acad\u00e9mico Fernando Chueca Goitia, nacido el 29 de mayo de 1911 en Madrid. En 1936, se gradu\u00f3 en la Escuela T\u00e9cnica Superior de Arquitectura, de la que lleg\u00f3 a ser catedr\u00e1tico de Historia de la Arquitectura y Urbanismo. Conoci\u00f3 muy bien las t\u00e9cnicas de su profesi\u00f3n y supo unir presente y pasado en esa s\u00edntesis enriquecedora que s\u00f3lo pueden captar hombres de mente amplia y de esp\u00edritu abierto como fue Fernando Chueca. Las artes y las letras le llamaron desde la juventud. Cultiv\u00f3 la poes\u00eda y el teatro, el ensayo, la historia, siempre con estilo claro y brillante. Las pinturas y dibujos nos lo muestran como buen pintor y dibujante. Los proyectos y las restauraciones de monumentos como buen arquitecto. Su participaci\u00f3n en la vida pol\u00edtica durante la transici\u00f3n espa\u00f1ola tuvo especial inter\u00e9s para la monarqu\u00eda parlamentaria que se restaur\u00f3 en la persona de Don Juan Carlos I. Para hacer una s\u00edntesis de la inmensa obra de Fernando Chueca, se puede concluir que fue un humanista a la altura de los problemas y valores del presente, con experiencia y sabidur\u00eda enriquecidas por su conocimiento del pasado, en sus complejidades art\u00edsticas, cient\u00edficas y culturales de las que los monumentos son testimonio tan elocuente como objetivo. \u00ab,<\/p>\n","protected":false},"excerpt":{"rendered":"<p>Este libro recoge los textos del Ciclo de conferencias que organiz\u00f3 la Real Academia de la Historia para rendir merecido homenaje al acad\u00e9mico Fernando Chueca Goitia, nacido el 29 de mayo de 1911 en Madrid. En 1936, se gradu\u00f3 en la Escuela T\u00e9cnica Superior de Arquitectura, de la que lleg\u00f3 a ser catedr\u00e1tico de Historia&hellip;&nbsp;<a href=\"https:\/\/www.casadelectores.com\/index.php\/producto\/fernando-chueca-goitia-arquitecto-humanista-y-politico-kostenloser-ruckversand-16651\/\" rel=\"bookmark\"><span class=\"screen-reader-text\">FERNANDO CHUECA GOITIA, ARQUITECTO, HUMANISTA Y POL\u00cdTICO. Kostenloser R\u00fcckversand<\/span><\/a><\/p>\n","protected":false},"featured_media":16751,"template":"","meta":{"neve_meta_sidebar":"","neve_meta_container":"","neve_meta_enable_content_width":"","neve_meta_content_width":0,"neve_meta_title_alignment":"","neve_meta_author_avatar":"","neve_post_elements_order":"","neve_meta_disable_header":"","neve_meta_disable_footer":"","neve_meta_disable_title":"","_themeisle_gutenberg_block_has_review":false},"product_brand":[],"product_cat":[26],"product_tag":[],"class_list":["post-16651","product","type-product","status-publish","has-post-thumbnail","product_cat-publicaciones-de-libros","first","instock","sale","shipping-taxable","purchasable","product-type-simple"],"yoast_head":"<!-- This site is optimized with the Yoast SEO plugin v26.3 - https:\/\/yoast.com\/wordpress\/plugins\/seo\/ -->\n<title>FERNANDO CHUECA GOITIA, ARQUITECTO, HUMANISTA Y POL\u00cdTICO. Kostenloser R\u00fcckversand - casadelectores<\/title>\n<meta name=\"robots\" content=\"index, follow, max-snippet:-1, max-image-preview:large, max-video-preview:-1\" \/>\n<link rel=\"canonical\" href=\"https:\/\/www.casadelectores.com\/index.php\/producto\/fernando-chueca-goitia-arquitecto-humanista-y-politico-kostenloser-ruckversand-16651\/\" \/>\n<meta property=\"og:locale\" content=\"es_ES\" \/>\n<meta property=\"og:type\" content=\"article\" \/>\n<meta property=\"og:title\" content=\"FERNANDO CHUECA GOITIA, ARQUITECTO, HUMANISTA Y POL\u00cdTICO. Kostenloser R\u00fcckversand - casadelectores\" \/>\n<meta property=\"og:description\" content=\"Este libro recoge los textos del Ciclo de conferencias que organiz\u00f3 la Real Academia de la Historia para rendir merecido homenaje al acad\u00e9mico Fernando Chueca Goitia, nacido el 29 de mayo de 1911 en Madrid. En 1936, se gradu\u00f3 en la Escuela T\u00e9cnica Superior de Arquitectura, de la que lleg\u00f3 a ser catedr\u00e1tico de Historia&hellip;&nbsp;FERNANDO CHUECA GOITIA, ARQUITECTO, HUMANISTA Y POL\u00cdTICO. Kostenloser R\u00fcckversand\" \/>\n<meta property=\"og:url\" content=\"https:\/\/www.casadelectores.com\/index.php\/producto\/fernando-chueca-goitia-arquitecto-humanista-y-politico-kostenloser-ruckversand-16651\/\" \/>\n<meta property=\"og:site_name\" content=\"casadelectores\" \/>\n<meta property=\"og:image\" content=\"https:\/\/www.casadelectores.com\/wp-content\/uploads\/2025\/SK0184618-DE20251119-101116-0-1763518286-978849684932.webp\" \/>\n\t<meta property=\"og:image:width\" content=\"177\" \/>\n\t<meta property=\"og:image:height\" content=\"250\" \/>\n\t<meta property=\"og:image:type\" content=\"image\/webp\" \/>\n<meta name=\"twitter:card\" content=\"summary_large_image\" \/>\n<meta name=\"twitter:label1\" content=\"Tiempo de lectura\" \/>\n\t<meta name=\"twitter:data1\" content=\"1 minuto\" \/>\n<script type=\"application\/ld+json\" class=\"yoast-schema-graph\">{\"@context\":\"https:\/\/schema.org\",\"@graph\":[{\"@type\":\"WebPage\",\"@id\":\"https:\/\/www.casadelectores.com\/index.php\/producto\/fernando-chueca-goitia-arquitecto-humanista-y-politico-kostenloser-ruckversand-16651\/\",\"url\":\"https:\/\/www.casadelectores.com\/index.php\/producto\/fernando-chueca-goitia-arquitecto-humanista-y-politico-kostenloser-ruckversand-16651\/\",\"name\":\"FERNANDO CHUECA GOITIA, ARQUITECTO, HUMANISTA Y POL\u00cdTICO. Kostenloser R\u00fcckversand - casadelectores\",\"isPartOf\":{\"@id\":\"https:\/\/www.casadelectores.com\/#website\"},\"primaryImageOfPage\":{\"@id\":\"https:\/\/www.casadelectores.com\/index.php\/producto\/fernando-chueca-goitia-arquitecto-humanista-y-politico-kostenloser-ruckversand-16651\/#primaryimage\"},\"image\":{\"@id\":\"https:\/\/www.casadelectores.com\/index.php\/producto\/fernando-chueca-goitia-arquitecto-humanista-y-politico-kostenloser-ruckversand-16651\/#primaryimage\"},\"thumbnailUrl\":\"https:\/\/www.casadelectores.com\/wp-content\/uploads\/2025\/SK0184618-DE20251119-101116-0-1763518286-978849684932.webp\",\"datePublished\":\"2025-11-25T09:04:49+00:00\",\"breadcrumb\":{\"@id\":\"https:\/\/www.casadelectores.com\/index.php\/producto\/fernando-chueca-goitia-arquitecto-humanista-y-politico-kostenloser-ruckversand-16651\/#breadcrumb\"},\"inLanguage\":\"es\",\"potentialAction\":[{\"@type\":\"ReadAction\",\"target\":[\"https:\/\/www.casadelectores.com\/index.php\/producto\/fernando-chueca-goitia-arquitecto-humanista-y-politico-kostenloser-ruckversand-16651\/\"]}]},{\"@type\":\"ImageObject\",\"inLanguage\":\"es\",\"@id\":\"https:\/\/www.casadelectores.com\/index.php\/producto\/fernando-chueca-goitia-arquitecto-humanista-y-politico-kostenloser-ruckversand-16651\/#primaryimage\",\"url\":\"https:\/\/www.casadelectores.com\/wp-content\/uploads\/2025\/SK0184618-DE20251119-101116-0-1763518286-978849684932.webp\",\"contentUrl\":\"https:\/\/www.casadelectores.com\/wp-content\/uploads\/2025\/SK0184618-DE20251119-101116-0-1763518286-978849684932.webp\",\"width\":177,\"height\":250},{\"@type\":\"BreadcrumbList\",\"@id\":\"https:\/\/www.casadelectores.com\/index.php\/producto\/fernando-chueca-goitia-arquitecto-humanista-y-politico-kostenloser-ruckversand-16651\/#breadcrumb\",\"itemListElement\":[{\"@type\":\"ListItem\",\"position\":1,\"name\":\"Portada\",\"item\":\"https:\/\/www.casadelectores.com\/\"},{\"@type\":\"ListItem\",\"position\":2,\"name\":\"Shop\",\"item\":\"https:\/\/www.casadelectores.com\/index.php\/shop\/\"},{\"@type\":\"ListItem\",\"position\":3,\"name\":\"FERNANDO CHUECA GOITIA, ARQUITECTO, HUMANISTA Y POL\u00cdTICO. Kostenloser R\u00fcckversand\"}]},{\"@type\":\"WebSite\",\"@id\":\"https:\/\/www.casadelectores.com\/#website\",\"url\":\"https:\/\/www.casadelectores.com\/\",\"name\":\"Enam\u00f3rate de las compras\",\"description\":\"\",\"publisher\":{\"@id\":\"https:\/\/www.casadelectores.com\/#organization\"},\"potentialAction\":[{\"@type\":\"SearchAction\",\"target\":{\"@type\":\"EntryPoint\",\"urlTemplate\":\"https:\/\/www.casadelectores.com\/?s={search_term_string}\"},\"query-input\":{\"@type\":\"PropertyValueSpecification\",\"valueRequired\":true,\"valueName\":\"search_term_string\"}}],\"inLanguage\":\"es\"},{\"@type\":\"Organization\",\"@id\":\"https:\/\/www.casadelectores.com\/#organization\",\"name\":\"Enam\u00f3rate de las compras\",\"url\":\"https:\/\/www.casadelectores.com\/\",\"logo\":{\"@type\":\"ImageObject\",\"inLanguage\":\"es\",\"@id\":\"https:\/\/www.casadelectores.com\/#\/schema\/logo\/image\/\",\"url\":\"https:\/\/www.casadelectores.com\/wp-content\/uploads\/2020\/10\/shop-icon.png\",\"contentUrl\":\"https:\/\/www.casadelectores.com\/wp-content\/uploads\/2020\/10\/shop-icon.png\",\"width\":512,\"height\":512,\"caption\":\"Enam\u00f3rate de las compras\"},\"image\":{\"@id\":\"https:\/\/www.casadelectores.com\/#\/schema\/logo\/image\/\"}}]}<\/script>\n<!-- \/ Yoast SEO plugin. -->","yoast_head_json":{"title":"FERNANDO CHUECA GOITIA, ARQUITECTO, HUMANISTA Y POL\u00cdTICO. Kostenloser R\u00fcckversand - casadelectores","robots":{"index":"index","follow":"follow","max-snippet":"max-snippet:-1","max-image-preview":"max-image-preview:large","max-video-preview":"max-video-preview:-1"},"canonical":"https:\/\/www.casadelectores.com\/index.php\/producto\/fernando-chueca-goitia-arquitecto-humanista-y-politico-kostenloser-ruckversand-16651\/","og_locale":"es_ES","og_type":"article","og_title":"FERNANDO CHUECA GOITIA, ARQUITECTO, HUMANISTA Y POL\u00cdTICO. Kostenloser R\u00fcckversand - casadelectores","og_description":"Este libro recoge los textos del Ciclo de conferencias que organiz\u00f3 la Real Academia de la Historia para rendir merecido homenaje al acad\u00e9mico Fernando Chueca Goitia, nacido el 29 de mayo de 1911 en Madrid. En 1936, se gradu\u00f3 en la Escuela T\u00e9cnica Superior de Arquitectura, de la que lleg\u00f3 a ser catedr\u00e1tico de Historia&hellip;&nbsp;FERNANDO CHUECA GOITIA, ARQUITECTO, HUMANISTA Y POL\u00cdTICO. Kostenloser R\u00fcckversand","og_url":"https:\/\/www.casadelectores.com\/index.php\/producto\/fernando-chueca-goitia-arquitecto-humanista-y-politico-kostenloser-ruckversand-16651\/","og_site_name":"casadelectores","og_image":[{"width":177,"height":250,"url":"https:\/\/www.casadelectores.com\/wp-content\/uploads\/2025\/SK0184618-DE20251119-101116-0-1763518286-978849684932.webp","type":"image\/webp"}],"twitter_card":"summary_large_image","twitter_misc":{"Tiempo de lectura":"1 minuto"},"schema":{"@context":"https:\/\/schema.org","@graph":[{"@type":"WebPage","@id":"https:\/\/www.casadelectores.com\/index.php\/producto\/fernando-chueca-goitia-arquitecto-humanista-y-politico-kostenloser-ruckversand-16651\/","url":"https:\/\/www.casadelectores.com\/index.php\/producto\/fernando-chueca-goitia-arquitecto-humanista-y-politico-kostenloser-ruckversand-16651\/","name":"FERNANDO CHUECA GOITIA, ARQUITECTO, HUMANISTA Y POL\u00cdTICO. Kostenloser R\u00fcckversand - casadelectores","isPartOf":{"@id":"https:\/\/www.casadelectores.com\/#website"},"primaryImageOfPage":{"@id":"https:\/\/www.casadelectores.com\/index.php\/producto\/fernando-chueca-goitia-arquitecto-humanista-y-politico-kostenloser-ruckversand-16651\/#primaryimage"},"image":{"@id":"https:\/\/www.casadelectores.com\/index.php\/producto\/fernando-chueca-goitia-arquitecto-humanista-y-politico-kostenloser-ruckversand-16651\/#primaryimage"},"thumbnailUrl":"https:\/\/www.casadelectores.com\/wp-content\/uploads\/2025\/SK0184618-DE20251119-101116-0-1763518286-978849684932.webp","datePublished":"2025-11-25T09:04:49+00:00","breadcrumb":{"@id":"https:\/\/www.casadelectores.com\/index.php\/producto\/fernando-chueca-goitia-arquitecto-humanista-y-politico-kostenloser-ruckversand-16651\/#breadcrumb"},"inLanguage":"es","potentialAction":[{"@type":"ReadAction","target":["https:\/\/www.casadelectores.com\/index.php\/producto\/fernando-chueca-goitia-arquitecto-humanista-y-politico-kostenloser-ruckversand-16651\/"]}]},{"@type":"ImageObject","inLanguage":"es","@id":"https:\/\/www.casadelectores.com\/index.php\/producto\/fernando-chueca-goitia-arquitecto-humanista-y-politico-kostenloser-ruckversand-16651\/#primaryimage","url":"https:\/\/www.casadelectores.com\/wp-content\/uploads\/2025\/SK0184618-DE20251119-101116-0-1763518286-978849684932.webp","contentUrl":"https:\/\/www.casadelectores.com\/wp-content\/uploads\/2025\/SK0184618-DE20251119-101116-0-1763518286-978849684932.webp","width":177,"height":250},{"@type":"BreadcrumbList","@id":"https:\/\/www.casadelectores.com\/index.php\/producto\/fernando-chueca-goitia-arquitecto-humanista-y-politico-kostenloser-ruckversand-16651\/#breadcrumb","itemListElement":[{"@type":"ListItem","position":1,"name":"Portada","item":"https:\/\/www.casadelectores.com\/"},{"@type":"ListItem","position":2,"name":"Shop","item":"https:\/\/www.casadelectores.com\/index.php\/shop\/"},{"@type":"ListItem","position":3,"name":"FERNANDO CHUECA GOITIA, ARQUITECTO, HUMANISTA Y POL\u00cdTICO. Kostenloser R\u00fcckversand"}]},{"@type":"WebSite","@id":"https:\/\/www.casadelectores.com\/#website","url":"https:\/\/www.casadelectores.com\/","name":"Enam\u00f3rate de las compras","description":"","publisher":{"@id":"https:\/\/www.casadelectores.com\/#organization"},"potentialAction":[{"@type":"SearchAction","target":{"@type":"EntryPoint","urlTemplate":"https:\/\/www.casadelectores.com\/?s={search_term_string}"},"query-input":{"@type":"PropertyValueSpecification","valueRequired":true,"valueName":"search_term_string"}}],"inLanguage":"es"},{"@type":"Organization","@id":"https:\/\/www.casadelectores.com\/#organization","name":"Enam\u00f3rate de las compras","url":"https:\/\/www.casadelectores.com\/","logo":{"@type":"ImageObject","inLanguage":"es","@id":"https:\/\/www.casadelectores.com\/#\/schema\/logo\/image\/","url":"https:\/\/www.casadelectores.com\/wp-content\/uploads\/2020\/10\/shop-icon.png","contentUrl":"https:\/\/www.casadelectores.com\/wp-content\/uploads\/2020\/10\/shop-icon.png","width":512,"height":512,"caption":"Enam\u00f3rate de las compras"},"image":{"@id":"https:\/\/www.casadelectores.com\/#\/schema\/logo\/image\/"}}]}},"_links":{"self":[{"href":"https:\/\/www.casadelectores.com\/index.php\/wp-json\/wp\/v2\/product\/16651","targetHints":{"allow":["GET"]}}],"collection":[{"href":"https:\/\/www.casadelectores.com\/index.php\/wp-json\/wp\/v2\/product"}],"about":[{"href":"https:\/\/www.casadelectores.com\/index.php\/wp-json\/wp\/v2\/types\/product"}],"wp:featuredmedia":[{"embeddable":true,"href":"https:\/\/www.casadelectores.com\/index.php\/wp-json\/wp\/v2\/media\/16751"}],"wp:attachment":[{"href":"https:\/\/www.casadelectores.com\/index.php\/wp-json\/wp\/v2\/media?parent=16651"}],"wp:term":[{"taxonomy":"product_brand","embeddable":true,"href":"https:\/\/www.casadelectores.com\/index.php\/wp-json\/wp\/v2\/product_brand?post=16651"},{"taxonomy":"product_cat","embeddable":true,"href":"https:\/\/www.casadelectores.com\/index.php\/wp-json\/wp\/v2\/product_cat?post=16651"},{"taxonomy":"product_tag","embeddable":true,"href":"https:\/\/www.casadelectores.com\/index.php\/wp-json\/wp\/v2\/product_tag?post=16651"}],"curies":[{"name":"wp","href":"https:\/\/api.w.org\/{rel}","templated":true}]}}