{"id":11846,"date":"2025-11-25T09:04:44","date_gmt":"2025-11-25T09:04:44","guid":{"rendered":""},"modified":"2025-11-25T09:04:44","modified_gmt":"2025-11-25T09:04:44","slug":"fotografia-publicitaria-aktuell-11846","status":"publish","type":"product","link":"https:\/\/www.casadelectores.com\/index.php\/producto\/fotografia-publicitaria-aktuell-11846\/","title":{"rendered":"FOTOGRAF\u00cdA PUBLICITARIA Aktuell"},"content":{"rendered":"<p>La aparici\u00f3n de la fotograf\u00eda en la publicidad enlaza con el esp\u00edritu de la vanguardia, es decir, con aquellos artistas que quer\u00edan retratar la vida moderna, las ciudades, las m\u00e1quinas, las f\u00e1bricas, en definitiva su presente; pero adem\u00e1s permiti\u00f3 que algunos de estos artistas hiciesen coincidir su medio de vida con sus intereses est\u00e9ticos. Como se\u00f1alaba Truman Capote hablando de Beaton, muchos de estos fot\u00f3grafos deben sus mejores obras precisamente a las imposiciones de la fotograf\u00eda comercial.Este libro presenta la fotograf\u00eda publicitaria desde diversos puntos de vista: la evoluci\u00f3n, la descripci\u00f3n y el an\u00e1lisis, y adem\u00e1s se\u00f1ala como la creaci\u00f3n de la imagen publicitaria moderna es fruto del trabajo que los fot\u00f3grafos y dise\u00f1adores de vanguardia produjeron en el campo comercial, as\u00ed como que la vigente imagen publicitaria se encuentra codificada seg\u00fan los c\u00f3digos establecidos ya en el arte del Renacimiento. \u00ab,<\/p>\n","protected":false},"excerpt":{"rendered":"<p>La aparici\u00f3n de la fotograf\u00eda en la publicidad enlaza con el esp\u00edritu de la vanguardia, es decir, con aquellos artistas que quer\u00edan retratar la vida moderna, las ciudades, las m\u00e1quinas, las f\u00e1bricas, en definitiva su presente; pero adem\u00e1s permiti\u00f3 que algunos de estos artistas hiciesen coincidir su medio de vida con sus intereses est\u00e9ticos. Como&hellip;&nbsp;<a href=\"https:\/\/www.casadelectores.com\/index.php\/producto\/fotografia-publicitaria-aktuell-11846\/\" rel=\"bookmark\"><span class=\"screen-reader-text\">FOTOGRAF\u00cdA PUBLICITARIA Aktuell<\/span><\/a><\/p>\n","protected":false},"featured_media":11946,"template":"","meta":{"neve_meta_sidebar":"","neve_meta_container":"","neve_meta_enable_content_width":"","neve_meta_content_width":0,"neve_meta_title_alignment":"","neve_meta_author_avatar":"","neve_post_elements_order":"","neve_meta_disable_header":"","neve_meta_disable_footer":"","neve_meta_disable_title":"","_themeisle_gutenberg_block_has_review":false},"product_brand":[],"product_cat":[26],"product_tag":[],"class_list":["post-11846","product","type-product","status-publish","has-post-thumbnail","product_cat-publicaciones-de-libros","first","instock","sale","shipping-taxable","purchasable","product-type-simple"],"yoast_head":"<!-- This site is optimized with the Yoast SEO plugin v26.3 - https:\/\/yoast.com\/wordpress\/plugins\/seo\/ -->\n<title>FOTOGRAF\u00cdA PUBLICITARIA Aktuell - casadelectores<\/title>\n<meta name=\"robots\" content=\"index, follow, max-snippet:-1, max-image-preview:large, max-video-preview:-1\" \/>\n<link rel=\"canonical\" href=\"https:\/\/www.casadelectores.com\/index.php\/producto\/fotografia-publicitaria-aktuell-11846\/\" \/>\n<meta property=\"og:locale\" content=\"es_ES\" \/>\n<meta property=\"og:type\" content=\"article\" \/>\n<meta property=\"og:title\" content=\"FOTOGRAF\u00cdA PUBLICITARIA Aktuell - casadelectores\" \/>\n<meta property=\"og:description\" content=\"La aparici\u00f3n de la fotograf\u00eda en la publicidad enlaza con el esp\u00edritu de la vanguardia, es decir, con aquellos artistas que quer\u00edan retratar la vida moderna, las ciudades, las m\u00e1quinas, las f\u00e1bricas, en definitiva su presente; pero adem\u00e1s permiti\u00f3 que algunos de estos artistas hiciesen coincidir su medio de vida con sus intereses est\u00e9ticos. Como&hellip;&nbsp;FOTOGRAF\u00cdA PUBLICITARIA Aktuell\" \/>\n<meta property=\"og:url\" content=\"https:\/\/www.casadelectores.com\/index.php\/producto\/fotografia-publicitaria-aktuell-11846\/\" \/>\n<meta property=\"og:site_name\" content=\"casadelectores\" \/>\n<meta property=\"og:image\" content=\"https:\/\/www.casadelectores.com\/wp-content\/uploads\/2025\/SK0181638-DE20251119-101116-0-1763518286-978843761919.webp\" \/>\n\t<meta property=\"og:image:width\" content=\"300\" \/>\n\t<meta property=\"og:image:height\" content=\"464\" \/>\n\t<meta property=\"og:image:type\" content=\"image\/webp\" \/>\n<meta name=\"twitter:card\" content=\"summary_large_image\" \/>\n<meta name=\"twitter:label1\" content=\"Tiempo de lectura\" \/>\n\t<meta name=\"twitter:data1\" content=\"1 minuto\" \/>\n<script type=\"application\/ld+json\" class=\"yoast-schema-graph\">{\"@context\":\"https:\/\/schema.org\",\"@graph\":[{\"@type\":\"WebPage\",\"@id\":\"https:\/\/www.casadelectores.com\/index.php\/producto\/fotografia-publicitaria-aktuell-11846\/\",\"url\":\"https:\/\/www.casadelectores.com\/index.php\/producto\/fotografia-publicitaria-aktuell-11846\/\",\"name\":\"FOTOGRAF\u00cdA PUBLICITARIA Aktuell - casadelectores\",\"isPartOf\":{\"@id\":\"https:\/\/www.casadelectores.com\/#website\"},\"primaryImageOfPage\":{\"@id\":\"https:\/\/www.casadelectores.com\/index.php\/producto\/fotografia-publicitaria-aktuell-11846\/#primaryimage\"},\"image\":{\"@id\":\"https:\/\/www.casadelectores.com\/index.php\/producto\/fotografia-publicitaria-aktuell-11846\/#primaryimage\"},\"thumbnailUrl\":\"https:\/\/www.casadelectores.com\/wp-content\/uploads\/2025\/SK0181638-DE20251119-101116-0-1763518286-978843761919.webp\",\"datePublished\":\"2025-11-25T09:04:44+00:00\",\"breadcrumb\":{\"@id\":\"https:\/\/www.casadelectores.com\/index.php\/producto\/fotografia-publicitaria-aktuell-11846\/#breadcrumb\"},\"inLanguage\":\"es\",\"potentialAction\":[{\"@type\":\"ReadAction\",\"target\":[\"https:\/\/www.casadelectores.com\/index.php\/producto\/fotografia-publicitaria-aktuell-11846\/\"]}]},{\"@type\":\"ImageObject\",\"inLanguage\":\"es\",\"@id\":\"https:\/\/www.casadelectores.com\/index.php\/producto\/fotografia-publicitaria-aktuell-11846\/#primaryimage\",\"url\":\"https:\/\/www.casadelectores.com\/wp-content\/uploads\/2025\/SK0181638-DE20251119-101116-0-1763518286-978843761919.webp\",\"contentUrl\":\"https:\/\/www.casadelectores.com\/wp-content\/uploads\/2025\/SK0181638-DE20251119-101116-0-1763518286-978843761919.webp\",\"width\":300,\"height\":464},{\"@type\":\"BreadcrumbList\",\"@id\":\"https:\/\/www.casadelectores.com\/index.php\/producto\/fotografia-publicitaria-aktuell-11846\/#breadcrumb\",\"itemListElement\":[{\"@type\":\"ListItem\",\"position\":1,\"name\":\"Portada\",\"item\":\"https:\/\/www.casadelectores.com\/\"},{\"@type\":\"ListItem\",\"position\":2,\"name\":\"Shop\",\"item\":\"https:\/\/www.casadelectores.com\/index.php\/shop\/\"},{\"@type\":\"ListItem\",\"position\":3,\"name\":\"FOTOGRAF\u00cdA PUBLICITARIA Aktuell\"}]},{\"@type\":\"WebSite\",\"@id\":\"https:\/\/www.casadelectores.com\/#website\",\"url\":\"https:\/\/www.casadelectores.com\/\",\"name\":\"Enam\u00f3rate de las compras\",\"description\":\"\",\"publisher\":{\"@id\":\"https:\/\/www.casadelectores.com\/#organization\"},\"potentialAction\":[{\"@type\":\"SearchAction\",\"target\":{\"@type\":\"EntryPoint\",\"urlTemplate\":\"https:\/\/www.casadelectores.com\/?s={search_term_string}\"},\"query-input\":{\"@type\":\"PropertyValueSpecification\",\"valueRequired\":true,\"valueName\":\"search_term_string\"}}],\"inLanguage\":\"es\"},{\"@type\":\"Organization\",\"@id\":\"https:\/\/www.casadelectores.com\/#organization\",\"name\":\"Enam\u00f3rate de las compras\",\"url\":\"https:\/\/www.casadelectores.com\/\",\"logo\":{\"@type\":\"ImageObject\",\"inLanguage\":\"es\",\"@id\":\"https:\/\/www.casadelectores.com\/#\/schema\/logo\/image\/\",\"url\":\"https:\/\/www.casadelectores.com\/wp-content\/uploads\/2020\/10\/shop-icon.png\",\"contentUrl\":\"https:\/\/www.casadelectores.com\/wp-content\/uploads\/2020\/10\/shop-icon.png\",\"width\":512,\"height\":512,\"caption\":\"Enam\u00f3rate de las compras\"},\"image\":{\"@id\":\"https:\/\/www.casadelectores.com\/#\/schema\/logo\/image\/\"}}]}<\/script>\n<!-- \/ Yoast SEO plugin. -->","yoast_head_json":{"title":"FOTOGRAF\u00cdA PUBLICITARIA Aktuell - casadelectores","robots":{"index":"index","follow":"follow","max-snippet":"max-snippet:-1","max-image-preview":"max-image-preview:large","max-video-preview":"max-video-preview:-1"},"canonical":"https:\/\/www.casadelectores.com\/index.php\/producto\/fotografia-publicitaria-aktuell-11846\/","og_locale":"es_ES","og_type":"article","og_title":"FOTOGRAF\u00cdA PUBLICITARIA Aktuell - casadelectores","og_description":"La aparici\u00f3n de la fotograf\u00eda en la publicidad enlaza con el esp\u00edritu de la vanguardia, es decir, con aquellos artistas que quer\u00edan retratar la vida moderna, las ciudades, las m\u00e1quinas, las f\u00e1bricas, en definitiva su presente; pero adem\u00e1s permiti\u00f3 que algunos de estos artistas hiciesen coincidir su medio de vida con sus intereses est\u00e9ticos. Como&hellip;&nbsp;FOTOGRAF\u00cdA PUBLICITARIA Aktuell","og_url":"https:\/\/www.casadelectores.com\/index.php\/producto\/fotografia-publicitaria-aktuell-11846\/","og_site_name":"casadelectores","og_image":[{"width":300,"height":464,"url":"https:\/\/www.casadelectores.com\/wp-content\/uploads\/2025\/SK0181638-DE20251119-101116-0-1763518286-978843761919.webp","type":"image\/webp"}],"twitter_card":"summary_large_image","twitter_misc":{"Tiempo de lectura":"1 minuto"},"schema":{"@context":"https:\/\/schema.org","@graph":[{"@type":"WebPage","@id":"https:\/\/www.casadelectores.com\/index.php\/producto\/fotografia-publicitaria-aktuell-11846\/","url":"https:\/\/www.casadelectores.com\/index.php\/producto\/fotografia-publicitaria-aktuell-11846\/","name":"FOTOGRAF\u00cdA PUBLICITARIA Aktuell - casadelectores","isPartOf":{"@id":"https:\/\/www.casadelectores.com\/#website"},"primaryImageOfPage":{"@id":"https:\/\/www.casadelectores.com\/index.php\/producto\/fotografia-publicitaria-aktuell-11846\/#primaryimage"},"image":{"@id":"https:\/\/www.casadelectores.com\/index.php\/producto\/fotografia-publicitaria-aktuell-11846\/#primaryimage"},"thumbnailUrl":"https:\/\/www.casadelectores.com\/wp-content\/uploads\/2025\/SK0181638-DE20251119-101116-0-1763518286-978843761919.webp","datePublished":"2025-11-25T09:04:44+00:00","breadcrumb":{"@id":"https:\/\/www.casadelectores.com\/index.php\/producto\/fotografia-publicitaria-aktuell-11846\/#breadcrumb"},"inLanguage":"es","potentialAction":[{"@type":"ReadAction","target":["https:\/\/www.casadelectores.com\/index.php\/producto\/fotografia-publicitaria-aktuell-11846\/"]}]},{"@type":"ImageObject","inLanguage":"es","@id":"https:\/\/www.casadelectores.com\/index.php\/producto\/fotografia-publicitaria-aktuell-11846\/#primaryimage","url":"https:\/\/www.casadelectores.com\/wp-content\/uploads\/2025\/SK0181638-DE20251119-101116-0-1763518286-978843761919.webp","contentUrl":"https:\/\/www.casadelectores.com\/wp-content\/uploads\/2025\/SK0181638-DE20251119-101116-0-1763518286-978843761919.webp","width":300,"height":464},{"@type":"BreadcrumbList","@id":"https:\/\/www.casadelectores.com\/index.php\/producto\/fotografia-publicitaria-aktuell-11846\/#breadcrumb","itemListElement":[{"@type":"ListItem","position":1,"name":"Portada","item":"https:\/\/www.casadelectores.com\/"},{"@type":"ListItem","position":2,"name":"Shop","item":"https:\/\/www.casadelectores.com\/index.php\/shop\/"},{"@type":"ListItem","position":3,"name":"FOTOGRAF\u00cdA PUBLICITARIA Aktuell"}]},{"@type":"WebSite","@id":"https:\/\/www.casadelectores.com\/#website","url":"https:\/\/www.casadelectores.com\/","name":"Enam\u00f3rate de las compras","description":"","publisher":{"@id":"https:\/\/www.casadelectores.com\/#organization"},"potentialAction":[{"@type":"SearchAction","target":{"@type":"EntryPoint","urlTemplate":"https:\/\/www.casadelectores.com\/?s={search_term_string}"},"query-input":{"@type":"PropertyValueSpecification","valueRequired":true,"valueName":"search_term_string"}}],"inLanguage":"es"},{"@type":"Organization","@id":"https:\/\/www.casadelectores.com\/#organization","name":"Enam\u00f3rate de las compras","url":"https:\/\/www.casadelectores.com\/","logo":{"@type":"ImageObject","inLanguage":"es","@id":"https:\/\/www.casadelectores.com\/#\/schema\/logo\/image\/","url":"https:\/\/www.casadelectores.com\/wp-content\/uploads\/2020\/10\/shop-icon.png","contentUrl":"https:\/\/www.casadelectores.com\/wp-content\/uploads\/2020\/10\/shop-icon.png","width":512,"height":512,"caption":"Enam\u00f3rate de las compras"},"image":{"@id":"https:\/\/www.casadelectores.com\/#\/schema\/logo\/image\/"}}]}},"_links":{"self":[{"href":"https:\/\/www.casadelectores.com\/index.php\/wp-json\/wp\/v2\/product\/11846","targetHints":{"allow":["GET"]}}],"collection":[{"href":"https:\/\/www.casadelectores.com\/index.php\/wp-json\/wp\/v2\/product"}],"about":[{"href":"https:\/\/www.casadelectores.com\/index.php\/wp-json\/wp\/v2\/types\/product"}],"wp:featuredmedia":[{"embeddable":true,"href":"https:\/\/www.casadelectores.com\/index.php\/wp-json\/wp\/v2\/media\/11946"}],"wp:attachment":[{"href":"https:\/\/www.casadelectores.com\/index.php\/wp-json\/wp\/v2\/media?parent=11846"}],"wp:term":[{"taxonomy":"product_brand","embeddable":true,"href":"https:\/\/www.casadelectores.com\/index.php\/wp-json\/wp\/v2\/product_brand?post=11846"},{"taxonomy":"product_cat","embeddable":true,"href":"https:\/\/www.casadelectores.com\/index.php\/wp-json\/wp\/v2\/product_cat?post=11846"},{"taxonomy":"product_tag","embeddable":true,"href":"https:\/\/www.casadelectores.com\/index.php\/wp-json\/wp\/v2\/product_tag?post=11846"}],"curies":[{"name":"wp","href":"https:\/\/api.w.org\/{rel}","templated":true}]}}